{"id":8118,"date":"2013-08-06T14:01:07","date_gmt":"2013-08-06T14:01:07","guid":{"rendered":"http:\/\/www.supportinglivestrong.nl\/supportinglivestrong\/?page_id=8118"},"modified":"2013-12-01T23:57:05","modified_gmt":"2013-12-01T23:57:05","slug":"nieuws-2012","status":"publish","type":"page","link":"https:\/\/www.supportinglivestrong.nl\/supportinglivestrong\/nieuws-4\/nieuws-2012\/","title":{"rendered":"Nieuwsarchief 2012"},"content":{"rendered":"<p><a name=\"NKbaan_2012\"><\/a><br \/>\n<img loading=\"lazy\" class=\"lazy alignnone  wp-image-7207\" title=\"TitelbalkNkbaan2012\" alt=\"\" src=\"https:\/\/www.supportinglivestrong.nl\/supportinglivestrong\/wp-content\/plugins\/jquery-image-lazy-loading\/images\/grey.gif\" data-original=\"http:\/\/www.supportinglivestrong.nl\/supportinglivestrong\/wp-content\/uploads\/2012\/09\/TitelbalkNkbaan2012.jpg\" width=\"599\" height=\"63\" srcset=\"https:\/\/www.supportinglivestrong.nl\/supportinglivestrong\/wp-content\/uploads\/2012\/09\/TitelbalkNkbaan2012.jpg 749w, https:\/\/www.supportinglivestrong.nl\/supportinglivestrong\/wp-content\/uploads\/2012\/09\/TitelbalkNkbaan2012-300x31.jpg 300w\" sizes=\"(max-width: 599px) 100vw, 599px\" \/><noscript><img loading=\"lazy\" class=\"alignnone  wp-image-7207\" title=\"TitelbalkNkbaan2012\" alt=\"\" src=\"http:\/\/www.supportinglivestrong.nl\/supportinglivestrong\/wp-content\/uploads\/2012\/09\/TitelbalkNkbaan2012.jpg\" width=\"599\" height=\"63\" srcset=\"https:\/\/www.supportinglivestrong.nl\/supportinglivestrong\/wp-content\/uploads\/2012\/09\/TitelbalkNkbaan2012.jpg 749w, https:\/\/www.supportinglivestrong.nl\/supportinglivestrong\/wp-content\/uploads\/2012\/09\/TitelbalkNkbaan2012-300x31.jpg 300w\" sizes=\"(max-width: 599px) 100vw, 599px\" \/><\/noscript><\/p>\n<p><strong>Van 27 t\/m 30 december 2012 werden de Nederlandse kampioenschappen baanwielrennen georganiseerd op de baan van Omnisport in Apeldoorn<\/strong>. &#8211; Omnisport Apeldoorn was na 2008, 2010 en 2011 wederom gastheer van de Nederlandse Kampioenschappen baanwielrennen. Ook in 2012 was er een sterke bezetting net zoals tijdens eerdere edities. Nederlands beste baanrenners streden om de verschillende nationale titels. Tijdens dit evenement hebben net zoals in 2011 de Nationale Baandagen plaatsgevonden die werden georganiseerd in samenwerking met de KNWU.<\/p>\n<p>De Koninklijke Nederlandse Wieler Unie (<span style=\"text-decoration: underline; color: #993300;\"><a href=\"http:\/\/www.knwu.nl\/\" target=\"_blank\"><span style=\"color: #993300; text-decoration: underline;\">KNWU<\/span><\/a><\/span>) , <span style=\"text-decoration: underline; color: #993300;\"><a href=\"http:\/\/www.apeldoorn.nl\/\" target=\"_blank\"><span style=\"font-size: 13px; vertical-align: baseline; white-space: pre-wrap; text-decoration: underline; color: #993300;\">Gemeente Apeldoorn<\/span><\/a><\/span><span style=\"font-size: 13px; font-family: vertical-align: baseline; white-space: pre-wrap;\"> en organisator <\/span><span style=\"text-decoration: underline; color: #993300;\"><a href=\"http:\/\/www.libema.nl\/profcycling\" target=\"_blank\"><span style=\"font-size: 13px; vertical-align: baseline; white-space: pre-wrap; text-decoration: underline; color: #993300;\">Lib\u00e9ma Profcycling<\/span><\/a><\/span><span style=\"font-size: 13px; font-family: vertical-align: baseline; white-space: pre-wrap;\"> ism wielervereniging <\/span><span style=\"text-decoration: underline; color: #993300;\"><a href=\"http:\/\/www.adelaar.org\/\" target=\"_blank\"><span style=\"font-size: 13px; vertical-align: baseline; white-space: pre-wrap; text-decoration: underline; color: #993300;\">De Adelaar<\/span><\/a><\/span><span style=\"font-size: 13px; font-family: vertical-align: baseline; white-space: pre-wrap;\"> sloegen de handen ineen en hadden zich ingezet voor een succesvol Nederlandse baanwielrenevenement. Alle wedstrijden werden in een middag- en een avondsessie verreden. Het was een geweldig spektakel!<\/span><\/p>\n<p>Ook LIVESTRONG NL was prominent aanwezig. Onze Nederlandse stichting was vereerd om tijdens kampioenschappen als deze aanwezig te mogen zijn: &#8220;We zijn uiteraard erg enthousiast dat we ook bij de Nederlandse kampioenschappen baanwielrennen de missie en doelen van LIVESTRONG uit mogen dragen. Het is fantastisch dat de organisatie van de Nederlandse Kampioenschappen Baanwielrennen, evenals die van Lib\u00e9ma Profcycling, LIVESTRONG NL een warm hart toe dragen.&#8221; aldus \u00e9\u00e9n van de bestuursleden.<\/p>\n<p>Voor het laatste nieuws zie de website van <a href=\"http:\/\/www.nkbaanwielrennen.nl\/\" target=\"_blank\"><span style=\"color: #993300;\"><span style=\"color: #993300;\"><span style=\"color: #993300;\"><span style=\"color: #000000;\"><span style=\"text-decoration: underline; color: #993300;\"><span style=\"font-size: 13px; font-family: Arial; vertical-align: baseline; white-space: pre-wrap;\">NK Baanwielrennen<\/span><\/span><span style=\"font-size: 13px; font-family: Arial; vertical-align: baseline; white-space: pre-wrap;\"><span style=\"text-decoration: underline; color: #993300;\"> &gt;&gt;<\/span><\/span><\/span><\/span><\/span><\/span><\/a><\/p>\n<p style=\"text-align: center;\"><span style=\"color: #000000; text-align: center;\">[Not a valid template]<\/span><\/p>\n<p><span style=\"color: #999999;\">&#8230;&#8230;&#8230;&#8230;&#8230;&#8230;&#8230;&#8230;&#8230;&#8230;&#8230;&#8230;&#8230;&#8230;&#8230;&#8230;&#8230;&#8230;&#8230;&#8230;&#8230;&#8230;&#8230;&#8230;&#8230;&#8230;&#8230;&#8230;&#8230;&#8230;&#8230;&#8230;&#8230;&#8230;&#8230;&#8230;&#8230;&#8230;&#8230;&#8230;&#8230;&#8230;&#8230;&#8230;&#8230;&#8230;&#8230;&#8230;&#8230;&#8230;&#8230;&#8230;&#8230;&#8230;&#8230;&#8230;&#8230;&#8230;&#8230;&#8230;<\/span><br \/>\n<a name=\"Verklaring_1211\"><\/a><br \/>\n<img loading=\"lazy\" class=\"lazy alignleft  wp-image-7194\" title=\"TitelbalkLA\" alt=\"\" src=\"https:\/\/www.supportinglivestrong.nl\/supportinglivestrong\/wp-content\/plugins\/jquery-image-lazy-loading\/images\/grey.gif\" data-original=\"http:\/\/www.supportinglivestrong.nl\/supportinglivestrong\/wp-content\/uploads\/2012\/09\/TitelbalkLA.jpg\" width=\"599\" height=\"63\" srcset=\"https:\/\/www.supportinglivestrong.nl\/supportinglivestrong\/wp-content\/uploads\/2012\/09\/TitelbalkLA.jpg 749w, https:\/\/www.supportinglivestrong.nl\/supportinglivestrong\/wp-content\/uploads\/2012\/09\/TitelbalkLA-300x31.jpg 300w\" sizes=\"(max-width: 599px) 100vw, 599px\" \/><noscript><img loading=\"lazy\" class=\"alignleft  wp-image-7194\" title=\"TitelbalkLA\" alt=\"\" src=\"http:\/\/www.supportinglivestrong.nl\/supportinglivestrong\/wp-content\/uploads\/2012\/09\/TitelbalkLA.jpg\" width=\"599\" height=\"63\" srcset=\"https:\/\/www.supportinglivestrong.nl\/supportinglivestrong\/wp-content\/uploads\/2012\/09\/TitelbalkLA.jpg 749w, https:\/\/www.supportinglivestrong.nl\/supportinglivestrong\/wp-content\/uploads\/2012\/09\/TitelbalkLA-300x31.jpg 300w\" sizes=\"(max-width: 599px) 100vw, 599px\" \/><\/noscript><\/p>\n<p>Beste relatie, supporter,<\/p>\n<p>Lance Armstrong heeft besloten om per direct te stoppen als bestuurslid van LIVESTRONG, nadat hij eerder het voorzitterschap had neergelegd. Zijn besluit komt voort uit de controverse rond zijn wielercarri\u00e8re.<\/p>\n<p>Jeff Garvey, de nieuwe voorzitter van LIVESTRONG, hierover in een e-mail van gisteren: &#8220;We zijn Lance erg dankbaar voor het cre\u00ebren van een stichting die miljoenen overlevenden van kanker en hun families ondersteunt.&#8221; Ook ons team is Lance ondanks alles zeer dankbaar voor zijn inzet. Het heeft LIVESTRONG tenslotte gebracht waar we nu staan.<\/p>\n<p>De afgelopen weken waren uiteraard niet makkelijk voor LIVESTRONG. Maar we voelen ons enorm gesteund in onze missie om kanker de wereld uit te helpen, door de vele positieve reacties die wij hebben gekregen in de afgelopen tijd. Of dit nu tijdens BikeMOTION Benelux (Jaarbeurs), via twitter, Facebook of in gesprekken met journalisten was, het is helder dat LIVESTRONG op veel support kan rekenen. Vooral nu pakken we dan ook door. 2012 was een zeer succesvol jaar voor LIVESTRONG en dit willen we voortzetten in 2013.<\/p>\n<p>En we doen dit graag weer met JOUW STEUN! Alvast dank!<\/p>\n<p>Mocht je nog vragen hebben of met ons hierover van gedachte willen wisselen dan staan wij je graag te woord. Neem contact met ons op via het\u00a0<span style=\"text-decoration: underline;\"><span style=\"color: #993300;\"><a style=\"color: #000000; border: 0px; font-family: 'Trebuchet MS', Arial, Helvetica, sans-serif; line-height: normal; background-color: #ffffff;\" href=\"http:\/\/eepurl.com\/dle7c\" target=\"_blank\"><span style=\"color: #993300; text-decoration: underline;\">contactformulier &gt;&gt;<\/span><\/a><\/span><\/span><\/p>\n<p><span style=\"color: #999999;\">&#8230;&#8230;&#8230;&#8230;&#8230;&#8230;&#8230;&#8230;&#8230;&#8230;&#8230;&#8230;&#8230;&#8230;&#8230;&#8230;&#8230;&#8230;&#8230;&#8230;&#8230;&#8230;&#8230;&#8230;&#8230;&#8230;&#8230;&#8230;&#8230;&#8230;&#8230;&#8230;&#8230;&#8230;&#8230;&#8230;&#8230;&#8230;&#8230;&#8230;&#8230;&#8230;&#8230;&#8230;&#8230;&#8230;&#8230;&#8230;&#8230;&#8230;&#8230;&#8230;&#8230;&#8230;&#8230;&#8230;&#8230;&#8230;&#8230;&#8230;<\/span><br \/>\n<img loading=\"lazy\" class=\"lazy alignleft  wp-image-7167\" title=\"TitelbalkStart2bike\" alt=\"\" src=\"https:\/\/www.supportinglivestrong.nl\/supportinglivestrong\/wp-content\/plugins\/jquery-image-lazy-loading\/images\/grey.gif\" data-original=\"http:\/\/www.supportinglivestrong.nl\/supportinglivestrong\/wp-content\/uploads\/2012\/09\/TitelbalkStart2bike.jpg\" width=\"599\" height=\"63\" srcset=\"https:\/\/www.supportinglivestrong.nl\/supportinglivestrong\/wp-content\/uploads\/2012\/09\/TitelbalkStart2bike.jpg 749w, https:\/\/www.supportinglivestrong.nl\/supportinglivestrong\/wp-content\/uploads\/2012\/09\/TitelbalkStart2bike-300x31.jpg 300w\" sizes=\"(max-width: 599px) 100vw, 599px\" \/><noscript><img loading=\"lazy\" class=\"alignleft  wp-image-7167\" title=\"TitelbalkStart2bike\" alt=\"\" src=\"http:\/\/www.supportinglivestrong.nl\/supportinglivestrong\/wp-content\/uploads\/2012\/09\/TitelbalkStart2bike.jpg\" width=\"599\" height=\"63\" srcset=\"https:\/\/www.supportinglivestrong.nl\/supportinglivestrong\/wp-content\/uploads\/2012\/09\/TitelbalkStart2bike.jpg 749w, https:\/\/www.supportinglivestrong.nl\/supportinglivestrong\/wp-content\/uploads\/2012\/09\/TitelbalkStart2bike-300x31.jpg 300w\" sizes=\"(max-width: 599px) 100vw, 599px\" \/><\/noscript><\/p>\n<p><strong>Start2Bike organiseert i.s.m. Bart Brentjens Challenge laatste Start2Bike reeks van 2012 &#8211;\u00a0<\/strong>Deze special is extra bijzonder omdat de laatste clinic door niemand minder dan Bart Brentjens wordt gegeven! Uiteraard kun je van niemand beter leren mountainbiken dan van de voormalig Olympisch kampioen en beste Nederlandse mountainbiker ooit!<\/p>\n<p>Het <span style=\"color: #993300;\"><a href=\"http:\/\/hvdsl.nl\/partners\/\" target=\"_blank\"><span style=\"text-decoration: underline; color: #993300;\">Huis voor de Sport Limburg<\/span><\/a><\/span> (Start2Bike) en ons LIVESTRONG team gingen eerder dit jaar, in maart, een partnership aan. Dit resulteerde o.a. in een samenwerking binnen dit project Start2Bike, een Limburgs sportstimuleringsproject gericht op beginnende en matig- gevorderde mountainbikers en wielrenners met als doel zoveel mogelijk Limburgers aan het fietsen te krijgen en houden. Gedurende 4 weken krijgen de deelnemers aan Start2Bike de juiste kneepjes van de sport aangeleerd.<\/p>\n<p>Ook de <span style=\"color: #993300;\"><a href=\"http:\/\/www.bartbrentjenschallenge.com\/index.php?pageId=1\" target=\"_blank\"><span style=\"text-decoration: underline; color: #993300;\">Bart Brentjens Challenge<\/span><\/a><\/span> wil meer mensen in beweging krijgen. Voor de beginnende fietsers is deze tocht vaak nog een te grote uitdaging, maar wellicht kunnen de deelnemers volgend jaar wel meedoen!<\/p>\n<p>De clinics worden gehouden in Margraten. Startlocatie is tweewielerzaak Broqua (Rijksweg 5, Margraten) op de volgende data:<\/p>\n<ul>\n<li>17 november<\/li>\n<li>24 november<\/li>\n<li>01 december<\/li>\n<li>08 december<\/li>\n<\/ul>\n<p>Voor deze special zijn slecht beperkte plaatsen beschikbaar. Deelname is GRATIS, dankzij ondersteuning van de Bart Brentjens Challenge. <span style=\"color: #993300;\"><a href=\"http:\/\/www.start2bike.nl\/index.php\/startlocaties\/margraten\" target=\"_blank\"><span style=\"text-decoration: underline; color: #993300;\">Klik hier voor meer info &gt;&gt;<\/span><\/a><\/span><\/p>\n<p style=\"text-align: center;\"><span style=\"color: #999999;\"><span style=\"color: #000000;\">[Not a valid template]<\/span><\/span><\/p>\n<p><span style=\"color: #999999;\">&#8230;&#8230;&#8230;&#8230;&#8230;&#8230;&#8230;&#8230;&#8230;&#8230;&#8230;&#8230;&#8230;&#8230;&#8230;&#8230;&#8230;&#8230;&#8230;&#8230;&#8230;&#8230;&#8230;&#8230;&#8230;&#8230;&#8230;&#8230;&#8230;&#8230;&#8230;&#8230;&#8230;&#8230;&#8230;&#8230;&#8230;&#8230;&#8230;&#8230;&#8230;&#8230;&#8230;&#8230;&#8230;&#8230;&#8230;&#8230;&#8230;&#8230;&#8230;&#8230;&#8230;&#8230;&#8230;&#8230;&#8230;&#8230;&#8230;&#8230;<\/span><br \/>\n<a name=\"Verklaring_1810\"><\/a><br \/>\n<a href=\"http:\/\/www.supportinglivestrong.nl\/supportinglivestrong\/wp-content\/uploads\/2012\/09\/TitelbalkVerklaring02.jpg\"><img loading=\"lazy\" class=\"lazy alignleft  wp-image-6973\" title=\"Titelbalk Verklaring\" alt=\"\" src=\"https:\/\/www.supportinglivestrong.nl\/supportinglivestrong\/wp-content\/plugins\/jquery-image-lazy-loading\/images\/grey.gif\" data-original=\"http:\/\/www.supportinglivestrong.nl\/supportinglivestrong\/wp-content\/uploads\/2012\/09\/TitelbalkVerklaring02.jpg\" width=\"599\" height=\"63\" srcset=\"https:\/\/www.supportinglivestrong.nl\/supportinglivestrong\/wp-content\/uploads\/2012\/09\/TitelbalkVerklaring02.jpg 749w, https:\/\/www.supportinglivestrong.nl\/supportinglivestrong\/wp-content\/uploads\/2012\/09\/TitelbalkVerklaring02-300x31.jpg 300w\" sizes=\"(max-width: 599px) 100vw, 599px\" \/><noscript><img loading=\"lazy\" class=\"alignleft  wp-image-6973\" title=\"Titelbalk Verklaring\" alt=\"\" src=\"http:\/\/www.supportinglivestrong.nl\/supportinglivestrong\/wp-content\/uploads\/2012\/09\/TitelbalkVerklaring02.jpg\" width=\"599\" height=\"63\" srcset=\"https:\/\/www.supportinglivestrong.nl\/supportinglivestrong\/wp-content\/uploads\/2012\/09\/TitelbalkVerklaring02.jpg 749w, https:\/\/www.supportinglivestrong.nl\/supportinglivestrong\/wp-content\/uploads\/2012\/09\/TitelbalkVerklaring02-300x31.jpg 300w\" sizes=\"(max-width: 599px) 100vw, 599px\" \/><\/noscript><\/a><\/p>\n<p><strong>17 Oktober was voor de stichting een trieste dag.<\/strong>\u00a0&#8211; Lance Armstrong trad af als <span style=\"color: #000000;\">voorzitter van LIVESTRONG<\/span>. De feiten zoals ze er nu liggen maakte dit besluit onvermijdelijk. LIVESTRONG staat voor leven met een gezonde levensstijl. We zijn Lance ondanks alles zeer dankbaar voor zijn inzet, dit heeft LIVESTRONG tenslotte gebracht waar we nu staan.<\/p>\n<p>Van 12 tot 15 oktober stond onze Nederlandse stichting zoals ieder jaar met een stand op de BikeMOTION Benelux, de grootste fietsbeurs van de Benelux. We ontvingen ongeveer 2000 bezoekers op de stand en hebben veel positieve reacties, steunbetuigingen en donaties ontvangen. Samen met onze partners <span style=\"color: #993300;\"><a href=\"http:\/\/www.amstelgoldracexp.nl\/agecheck.aspx\" target=\"_blank\"><span style=\"text-decoration: underline; color: #993300;\">Amstel Gold Race Xp<\/span><\/a><\/span> en <span style=\"color: #993300;\"><a href=\"http:\/\/www.vvvzuidlimburg.nl\/beleefzuidlimburg\/wk-wielrennen-limburg-2012\/index.aspx\" target=\"_blank\"><span style=\"text-decoration: underline; color: #993300;\">VVV Zuid-Limburg<\/span><\/a><\/span> hebben we onze missie en doelen goed onder de aandacht kunnen brengen bij het publiek. En via het online ticketssysteem van de BikeMOTION hebben ruim 900 bezoekers gedoneerd.<\/p>\n<p>We hebben positieve gesprekken gehad met diverse journalisten. Het bezoek op de website is in de afgelopen dagen gestegen met 400%. En ook via Twitter (3107 followers) en Facebook (1178 fans) hebben we alleen maar positieve reacties mogen ontvangen. Wij zijn hier dankbaar voor.<\/p>\n<p>We kunnen doorgaan met de opsomming, maar we denken dat we genoeg redenen hebben om door te gaan met de strijd tegen kanker. We pakken door, we laten ons niet uit het veld slaan. Daarvoor is ons werk, <span style=\"color: #993300;\"><a href=\"http:\/\/www.supportinglivestrong.nl\/supportinglivestrong\/?page_id=5075\" target=\"_blank\"><span style=\"text-decoration: underline; color: #993300;\">onze boodschap<\/span><\/a><\/span> te belangrijk. In Nederland zijn we succesvol, we hebben goede partners, die ons blijven ondersteunen. We werken met verschillende oprechte ambassadeurs die ieder hun eigen ervaring met kanker hebben.<\/p>\n<p>Ons bestuur, onze ambassadeurs, onze teamleden en vrijwilligers blijven zich inzetten en zijn gemotiveerd om grenzen te verleggen, niet voor onszelf maar voor anderen, die het in hun strijd tegen kanker hard nodig hebben.<\/p>\n<p>Verklaring LIVESTRONG NL &#8211; <span style=\"color: #993300;\"><a href=\"http:\/\/nos.nl\/video\/430427-reactie-livestrong-nederland.html\" target=\"_blank\"><span style=\"text-decoration: underline; color: #993300;\">Interview NOS &gt;&gt;<\/span><\/a><\/span><\/p>\n<p><span style=\"color: #999999;\">&#8230;&#8230;&#8230;&#8230;&#8230;&#8230;&#8230;&#8230;&#8230;&#8230;&#8230;&#8230;&#8230;&#8230;&#8230;&#8230;&#8230;&#8230;&#8230;&#8230;&#8230;&#8230;&#8230;&#8230;&#8230;&#8230;&#8230;&#8230;&#8230;&#8230;&#8230;&#8230;&#8230;&#8230;&#8230;&#8230;&#8230;&#8230;&#8230;&#8230;&#8230;&#8230;&#8230;&#8230;&#8230;&#8230;&#8230;&#8230;&#8230;&#8230;&#8230;&#8230;&#8230;&#8230;&#8230;&#8230;&#8230;&#8230;&#8230;&#8230;<\/span><br \/>\n<a href=\"http:\/\/www.supportinglivestrong.nl\/supportinglivestrong\/wp-content\/uploads\/2012\/09\/TitelbalkVerklaring01.jpg\"><img loading=\"lazy\" class=\"lazy alignleft  wp-image-6961\" title=\"TitelbalkVerklaring01\" alt=\"\" src=\"https:\/\/www.supportinglivestrong.nl\/supportinglivestrong\/wp-content\/plugins\/jquery-image-lazy-loading\/images\/grey.gif\" data-original=\"http:\/\/www.supportinglivestrong.nl\/supportinglivestrong\/wp-content\/uploads\/2012\/09\/TitelbalkVerklaring01.jpg\" width=\"599\" height=\"63\" srcset=\"https:\/\/www.supportinglivestrong.nl\/supportinglivestrong\/wp-content\/uploads\/2012\/09\/TitelbalkVerklaring01.jpg 749w, https:\/\/www.supportinglivestrong.nl\/supportinglivestrong\/wp-content\/uploads\/2012\/09\/TitelbalkVerklaring01-300x31.jpg 300w\" sizes=\"(max-width: 599px) 100vw, 599px\" \/><noscript><img loading=\"lazy\" class=\"alignleft  wp-image-6961\" title=\"TitelbalkVerklaring01\" alt=\"\" src=\"http:\/\/www.supportinglivestrong.nl\/supportinglivestrong\/wp-content\/uploads\/2012\/09\/TitelbalkVerklaring01.jpg\" width=\"599\" height=\"63\" srcset=\"https:\/\/www.supportinglivestrong.nl\/supportinglivestrong\/wp-content\/uploads\/2012\/09\/TitelbalkVerklaring01.jpg 749w, https:\/\/www.supportinglivestrong.nl\/supportinglivestrong\/wp-content\/uploads\/2012\/09\/TitelbalkVerklaring01-300x31.jpg 300w\" sizes=\"(max-width: 599px) 100vw, 599px\" \/><\/noscript><\/a><\/p>\n<p>Lance Armstrong, founder and chairman of LIVESTRONG, made the following announcement today regarding his status as chairman of the cancer non-profit organization&#8217;s board of directors:<\/p>\n<p>&#8220;In 1996, as my cancer treatment was drawing to an end, I created a foundation to serve people affected by cancer. It has been a great privilege to help grow it from a dream into an organization that today has served 2.5 million people and helped spur a cultural shift in how the world views cancer survivors. This organization, its mission and its supporters are incredibly dear to my heart.&#8221;<\/p>\n<p>&#8220;I am deeply grateful to the people of the foundation who have done such hard and excellent work over the last 15 years, building tangible and effective ways to improve the lives of cancer survivors. And I am deeply humbled by the support our foundation has received from so many people throughout the world\u00a0&#8211; survivors, world leaders, business leaders and of course, the cancer community itself. We turn to this community frequently for guidance and collaboration to achieve our shared goals. They are unfailingly generous with their wisdom and counsel and I can never thank them enough.&#8221;<\/p>\n<p>&#8220;I have had the great honor of serving as this foundation&#8217;s chairman for the last five years and its mission and success are my top priorities. Today therefore, to spare the foundation any negative effects as a result of controversy surrounding my cycling career, I will conclude my chairmanship.&#8221;<\/p>\n<p>&#8220;My duties will transfer to Vice Chairman <span style=\"color: #993300;\"><a href=\"http:\/\/lancearmstrong.mwnewsroom.com\/BoardOfDirectors#Jeffery%20C.%20Garvey\" target=\"_blank\"><span style=\"text-decoration: underline; color: #993300;\">Jeff Garvey<\/span><\/a><\/span> who will serve as chairman. Jeff&#8217;s guidance and wisdom have been critical to shaping the foundation&#8217;s work since its earliest days. Jeff was this organization&#8217;s founding chairman and I have full confidence that under his leadership, the foundation will continue expanding its ability to serve cancer survivors.&#8221; <span style=\"color: #993300;\"><a href=\"http:\/\/blog.livestrong.org\/2012\/10\/17\/lance-armstrong-to-step-down-as-chairman-of-livestrong\/\" target=\"_blank\"><span style=\"text-decoration: underline; color: #993300;\">Lees meer&gt;&gt;<\/span><\/a><\/span><\/p>\n<p><span style=\"color: #999999;\">&#8230;&#8230;&#8230;&#8230;&#8230;&#8230;&#8230;&#8230;&#8230;&#8230;&#8230;&#8230;&#8230;&#8230;&#8230;&#8230;&#8230;&#8230;&#8230;&#8230;&#8230;&#8230;&#8230;&#8230;&#8230;&#8230;&#8230;&#8230;&#8230;&#8230;&#8230;&#8230;&#8230;&#8230;&#8230;&#8230;&#8230;&#8230;&#8230;&#8230;&#8230;&#8230;&#8230;&#8230;&#8230;&#8230;&#8230;&#8230;&#8230;&#8230;&#8230;&#8230;&#8230;&#8230;&#8230;&#8230;&#8230;&#8230;&#8230;&#8230;<\/span><br \/>\n<a name=\"Bikemotion_2012\"><\/a><\/p>\n<p><a href=\"http:\/\/www.supportinglivestrong.nl\/supportinglivestrong\/wp-content\/uploads\/2012\/09\/Titelbalk-BM011.jpg\"><img loading=\"lazy\" class=\"lazy alignleft  wp-image-6929\" title=\"Titelbalk-BM01\" alt=\"\" src=\"https:\/\/www.supportinglivestrong.nl\/supportinglivestrong\/wp-content\/plugins\/jquery-image-lazy-loading\/images\/grey.gif\" data-original=\"http:\/\/www.supportinglivestrong.nl\/supportinglivestrong\/wp-content\/uploads\/2012\/09\/Titelbalk-BM011.jpg\" width=\"599\" height=\"63\" srcset=\"https:\/\/www.supportinglivestrong.nl\/supportinglivestrong\/wp-content\/uploads\/2012\/09\/Titelbalk-BM011.jpg 749w, https:\/\/www.supportinglivestrong.nl\/supportinglivestrong\/wp-content\/uploads\/2012\/09\/Titelbalk-BM011-300x31.jpg 300w\" sizes=\"(max-width: 599px) 100vw, 599px\" \/><noscript><img loading=\"lazy\" class=\"alignleft  wp-image-6929\" title=\"Titelbalk-BM01\" alt=\"\" src=\"http:\/\/www.supportinglivestrong.nl\/supportinglivestrong\/wp-content\/uploads\/2012\/09\/Titelbalk-BM011.jpg\" width=\"599\" height=\"63\" srcset=\"https:\/\/www.supportinglivestrong.nl\/supportinglivestrong\/wp-content\/uploads\/2012\/09\/Titelbalk-BM011.jpg 749w, https:\/\/www.supportinglivestrong.nl\/supportinglivestrong\/wp-content\/uploads\/2012\/09\/Titelbalk-BM011-300x31.jpg 300w\" sizes=\"(max-width: 599px) 100vw, 599px\" \/><\/noscript><\/a><\/p>\n<p><strong>LIVESTRONG NL pakte uit op de BikeMOTION 2012 van vrijdag 12 tot en met zondag 14 oktober<\/strong> &#8211; D\u00e9 beurs voor de sportieve fietser. De organisatie draagt LIVESTRONG NL al meerdere jaren een warm hart toe en wij waren daarom zeer verheugd om weer prominent aanwezig te mogen zijn &#8211; <span style=\"color: #993300;\"><a href=\"http:\/\/www.facebook.com\/media\/set\/?set=a.255119657868183.58721.183953221651494&amp;type=3\" target=\"_blank\"><span style=\"text-decoration: underline; color: #993300;\">Zie fotoalbum 2011 editie<\/span><\/a><\/span>. Op onze stand lieten wij zien welke goede initiatieven in Nederland worden ontplooid in de strijd tegen kanker. We ontvingen ongeveer 2000 bezoekers op de stand en ontvingen veel positieve reacties, steunbetuigingen en donaties. Samen met onze partners <span style=\"color: #993300;\"><a href=\"http:\/\/www.amstelgoldracexp.nl\/agecheck.aspx\" target=\"_blank\"><span style=\"text-decoration: underline; color: #993300;\">Amstel Gold Race Xp<\/span><\/a><\/span> en <span style=\"color: #993300;\"><a href=\"http:\/\/www.vvvzuidlimburg.nl\/beleefzuidlimburg\/wk-wielrennen-limburg-2012\/index.aspx\" target=\"_blank\"><span style=\"text-decoration: underline; color: #993300;\">VVV Zuid-Limburg<\/span><\/a><\/span> hebben we onze missie, doelen en gezamenlijke activiteiten uitgedragen. Daarnaast hebbben via het online ticketssysteem van de BikeMOTION ruim 900 bezoekers een donatie aan LIVESTRONG NL gegeven.<\/p>\n<p><strong>Bezoek onze stand en rij virtueel de Cauberg op!<\/strong>\u00a0&#8211; Bezoekers konden een donatie deon en kans maken op startbewijzen Amstel Gold Race toerversie 2013. Of men kon ons steunen door een donatie te geven voor een LIVESTRONG bandje of bidon. Ook hebben tientallen bezoekers bekende renners ontmoet, die LIVESTRONG een warm hart toe dragen. Onze knappe LIVESTRONG &#8216;rondemissen&#8217; ontvingen de bezoeker van harte op onze BikeMOTION stand in hal 10.<\/p>\n<p><strong>Meet &amp; Greet &#8211;\u00a0<\/strong>Ook dit jaar hebben bekende renners, die LIVESTRONG NL een warm hart toedragen, onze stand bezocht voor een meet &amp; greet. Afgelopen jaren bezochten o.a.: <span style=\"color: #000000;\">Tom Veelers<\/span>, <span style=\"color: #993300;\"><a href=\"https:\/\/twitter.com\/bobbietraksel\" target=\"_blank\"><span style=\"text-decoration: underline; color: #993300;\">Bobby Traksel<\/span><\/a><\/span>, <span style=\"color: #993300;\"><a href=\"https:\/\/twitter.com\/Tom_Stamsnijder\" target=\"_blank\"><span style=\"text-decoration: underline; color: #993300;\">Tom Stamsnijder<\/span><\/a><\/span> en <span style=\"color: #993300;\"><a href=\"https:\/\/twitter.com\/kaireus\" target=\"_blank\"><span style=\"text-decoration: underline; color: #993300;\">Kai Reus<\/span><\/a><\/span> onze stand. Dit jaar waren het wederom\u00a0<a href=\"https:\/\/twitter.com\/tom_veelers\" target=\"_blank\"><span style=\"text-decoration: underline; color: #993300;\">Tom Veelers<\/span><\/a>\u00a0en <span style=\"color: #993300;\"><a href=\"http:\/\/ow.ly\/exmKD\" target=\"_blank\"><span style=\"text-decoration: underline; color: #993300;\">Albert Timmer<\/span><\/a><\/span>. Zij stonden de bezoekers te woord, gingen met hen en de &#8216;rondemissen&#8217; op de foto en deelden gratis bidons uit met een handtekening.<\/p>\n<p><strong>Virtueel de Cauberg op!<\/strong>\u00a0&#8211; Tientallen bezoekers wilden altijd al eens Neerlands meest bekende berg, de Cauberg op fietsen. En dat kon nu virtueel op onze stand. Je moest je gewicht invoeren net als je leeftijd en je niveau en de ervaring was superrealistisch. Maar kon de deelnemer zich met toprenner Stefan Kruijswijk die de berg in <a href=\"http:\/\/www.youtube.com\/watch?v=7wQfr_6AyOM\" target=\"_blank\"><span style=\"text-decoration: underline;\">&#8216;<span style=\"color: #993300; text-decoration: underline;\">reallife&#8217; in 1min 37 sec deed<\/span><\/span><\/a>?<\/p>\n<p><strong>Doneer en maak kans op startbewijzen toerversie AGR 2013. &#8211; <\/strong>Bezoekers konden een donatie aan LIVESTRONG NL doen en hun actiecoupon inleveren. Zij maakten kans op het winnen van startbewijzen voor de Amstel Gold Race toerversie 2013. Een gezonde levensstijl is \u00e9\u00e9n van de speerpunten van de Nederlandse LIVESTRONG stichting. En het doel is het bewustzijn voor de strijd tegen kanker (awareness) te vergroten en mensen informeren wat men kan doen om het risico op kanker te verlagen.<\/p>\n<p><strong>Fietsclinics<\/strong> &#8211; In samenwerking met de Amstel Gold Race xp biedt LIVESTRONG NL <span style=\"color: #993300;\"><a href=\"http:\/\/www.supportinglivestrong.nl\/supportinglivestrong\/?p=3983\" target=\"_blank\"><span style=\"text-decoration: underline; color: #993300;\">3 unieke fietsclinics<\/span><\/a><\/span>\u00a0aan met een sportief karakter om meer mensen aan het sporten te krijgen met het oog op een betere gezondheid. Op BikeMOTION nodigde ons team bezoekers uit om de <span style=\"color: #993300;\"><a href=\"http:\/\/www.supportinglivestrong.nl\/supportinglivestrong\/?p=3983\" target=\"_blank\"><span style=\"text-decoration: underline; color: #993300;\">Xperience-, Enjoy- &amp; Exclusive-fietsclinic<\/span><\/a><\/span> te ontdekken, die allemaal plaatsvinden op uitdagende locaties.<br \/>\n<span style=\"color: #ffffff;\"> .<\/span><\/p>\n<p style=\"text-align: center;\">[Not a valid template]<\/p>\n<p><strong>Over BikeMOTION Benelux<\/strong> &#8211; Tijdens BikeMOTION Benelux kon je een compleet aanbod aan sportief fietsnieuws bekijken. Naast de 600 exposanten was er op BikeMOTION Benelux nog veel meer te ervaren. Er waren diverse activiteiten en je kon advies krijgen over sporttraining en -voeding. <span style=\"text-decoration: underline;\"><span style=\"color: #993300;\"><a href=\"http:\/\/www.bikemotionbenelux.nl\/nl-nl\/Bezoeker\/Activiteiten\/LiveSTRONG.aspx\" target=\"_blank\"><span style=\"color: #993300;\">Meer over BikeMOTION Benelux &gt;&gt;<\/span><\/a><\/span><\/span><\/p>\n<p><span style=\"color: #999999;\">&#8230;&#8230;&#8230;&#8230;&#8230;&#8230;&#8230;&#8230;&#8230;&#8230;&#8230;&#8230;&#8230;&#8230;&#8230;&#8230;&#8230;&#8230;&#8230;&#8230;&#8230;&#8230;&#8230;&#8230;&#8230;&#8230;&#8230;&#8230;&#8230;&#8230;&#8230;&#8230;&#8230;&#8230;&#8230;&#8230;&#8230;&#8230;&#8230;&#8230;&#8230;&#8230;&#8230;&#8230;&#8230;&#8230;&#8230;&#8230;&#8230;&#8230;&#8230;&#8230;&#8230;&#8230;&#8230;&#8230;&#8230;&#8230;&#8230;&#8230;<\/span><br \/>\n<a name=\"LIVESTRONG_Day_2012\"><\/a><br \/>\n<img loading=\"lazy\" class=\"lazy alignleft size-full wp-image-6680\" title=\"TitelbalkMTB-Chaam\" alt=\"\" src=\"https:\/\/www.supportinglivestrong.nl\/supportinglivestrong\/wp-content\/plugins\/jquery-image-lazy-loading\/images\/grey.gif\" data-original=\"http:\/\/www.supportinglivestrong.nl\/supportinglivestrong\/wp-content\/uploads\/2010\/08\/TitelbalkMTB-Chaam.jpg\" width=\"599\" height=\"63\" srcset=\"https:\/\/www.supportinglivestrong.nl\/supportinglivestrong\/wp-content\/uploads\/2010\/08\/TitelbalkMTB-Chaam.jpg 749w, https:\/\/www.supportinglivestrong.nl\/supportinglivestrong\/wp-content\/uploads\/2010\/08\/TitelbalkMTB-Chaam-300x31.jpg 300w\" sizes=\"(max-width: 599px) 100vw, 599px\" \/><noscript><img loading=\"lazy\" class=\"alignleft size-full wp-image-6680\" title=\"TitelbalkMTB-Chaam\" alt=\"\" src=\"http:\/\/www.supportinglivestrong.nl\/supportinglivestrong\/wp-content\/uploads\/2010\/08\/TitelbalkMTB-Chaam.jpg\" width=\"599\" height=\"63\" srcset=\"https:\/\/www.supportinglivestrong.nl\/supportinglivestrong\/wp-content\/uploads\/2010\/08\/TitelbalkMTB-Chaam.jpg 749w, https:\/\/www.supportinglivestrong.nl\/supportinglivestrong\/wp-content\/uploads\/2010\/08\/TitelbalkMTB-Chaam-300x31.jpg 300w\" sizes=\"(max-width: 599px) 100vw, 599px\" \/><\/noscript><\/p>\n<p><strong>LIVESTRONG DAY 2012 &#8211; <\/strong>MTB Chaam\/WV Smeekens en ons Nederlandse LIVESTRONG team hebben wederom de handen ineengeslagen voor de jaarlijkse LIVESTRONG Day. Daarmee hebben we ons aangesloten bij ons hoofdkantoor en alle internationale LIVESTRONG teams die zich ieder jaar rond 2 oktober sterk maken voor de strijd tegen kanker.<\/p>\n<p><strong>Op zondag 7 oktober\u00a0<\/strong>hadden <span style=\"text-decoration: underline;\"><a href=\"http:\/\/www.mtbchaam.nl\/\" target=\"_blank\"><span style=\"color: #993300;\">MTB Chaam<\/span><\/a><\/span> en <span style=\"text-decoration: underline;\"><a href=\"http:\/\/www.wvsmeekens.nl\/\" target=\"_blank\"><span style=\"color: #993300;\">WV Smeekens<\/span><\/a><\/span> een toertocht voor mountainbikers ten bate van LIVESTRONG NL georganiseerd. In de prachtige Chaamse bossen nabij Breda werd een unieke mountainbiketocht gefietst voor dit zeer belangrijke doel. Iedereen kon meedoen aan \u00e9\u00e9n van de toertochten van 30, 50 of 75 km.<\/p>\n<p>Een groot deel van de opbrengst gaat ook dit jaar weer naar de verdere ontwikkeling van <span style=\"text-decoration: underline;\"><a href=\"http:\/\/www.hyperthermie.nl\/\" target=\"_blank\"><span style=\"color: #993300;\">hyperthermie<\/span><\/a><\/span>\u00a0&#8211; een behandelvorm waarbij kankercellen gedood worden door ze te verwarmen. Voordelen van hyperthermie zijn: meer kans op genezing, een hogere kwaliteit van leven en minder bijwerkingen dan chemotherapie.<\/p>\n<p><strong>Tijdens LIVESTRONG DAY 2011 deden bijna 1000 deelnemers mee<\/strong>.<\/p>\n<p>We wilden we dit record overtreffen&#8230; En dat is gelukt!! <strong>Meer dan\u00a01150 deelnemers reden dit jaar mee voor dit zeer belangrijke doel: de strijd tegen kanker.\u00a0Dank voor jullie deelname!<\/strong> Het werd weer een onvergetelijke dag: een uitdagende mountainbike tocht in een unieke omgeving: het schitterende <a href=\"http:\/\/www.tzand.nl\/\" target=\"_blank\"><span style=\"color: #993300;\">recreatiegebied &#8216;t Zand<\/span><\/a>&#8211;\u00a0<span style=\"color: #993300;\"><span style=\"color: #993300;\"><a href=\"http:\/\/g.co\/maps\/he253\" target=\"_blank\">Zie kaart<\/a>\u00a0 &#8211;\u00a0<\/span><\/span><span style=\"color: #993300;\"><a style=\"text-decoration: underline;\" href=\"http:\/\/www.supportinglivestrong.nl\/supportinglivestrong\/?p=6685\" target=\"_self\"><span style=\"color: #993300;\"><strong>LEES MEER &gt;&gt;<\/strong><\/span><\/a><\/span><\/p>\n<div style=\"text-align: center;\">[Not a valid template]<\/div>\n<p><span style=\"text-decoration: underline; color: #993300;\"><a href=\"http:\/\/www.supportinglivestrong.nl\/supportinglivestrong\/?p=6948\" target=\"_blank\"><span style=\"color: #993300; text-decoration: underline;\">Meer foto&#8217;s &gt;&gt;<\/span><\/a><\/span><span style=\"color: #888888; font-family: 'Trebuchet MS', Arial, Helvetica, sans-serif; line-height: normal;\">\u00a0<span style=\"color: #000000;\">en<\/span>\u00a0<\/span><span style=\"color: #993300;\"><a style=\"font-family: 'Trebuchet MS', Arial, Helvetica, sans-serif; line-height: normal;\" href=\"http:\/\/ow.ly\/eEId5 \" target=\"_blank\"><span style=\"text-decoration: underline; color: #993300;\">Facebook LIVESTRONG NL<\/span><\/a><\/span><\/p>\n<p>Zaterdag 6 oktober was er een GRATIS MTB clinic voor de jeugd door <span style=\"color: #993300;\"><a href=\"https:\/\/ja.twitter.com\/Bas_Stamsnijder\" target=\"_blank\"><span style=\"text-decoration: underline; color: #993300;\">Bas Stamsnijder<\/span><\/a><\/span>. De getalenteerde jongere\u00a0broer van <a href=\"https:\/\/ja.twitter.com\/Tom_Stamsnijder\" target=\"_blank\">Tom Stamsnijder<\/a>.<\/p>\n<div style=\"text-align: center;\">[Not a valid template]<\/div>\n<div style=\"text-align: left;\"><\/div>\n<p><span style=\"color: #888888;\"><span style=\"background-color: #ffffff; font-family: 'Trebuchet MS', Arial, Helvetica, sans-serif; line-height: normal;\"><span style=\"color: #000000;\">foto&#8217;s MTB clinic:<\/span>\u00a0 <span style=\"color: #993300;\"><a onclick=\"javascript:_gaq.push(['_trackEvent','outbound-article','http:\/\/www.studioknapen.nl']);\" href=\"http:\/\/www.studioknapen.nl\/\" target=\"_blank\"><span style=\"color: #993300;\">\u00a9<\/span><\/a><\/span><\/span><span style=\"font-family: 'Trebuchet MS', Arial, Helvetica, sans-serif;\"><span style=\"line-height: normal;\"><span style=\"color: #993300;\"><a href=\"http:\/\/www.studioknapen.nl\/\" target=\"_blank\"><span style=\"color: #993300;\">studioknapen.nl<\/span><\/a><\/span>\u00a0<span style=\"color: #000000;\">en<\/span> <span style=\"color: #993300;\"><a href=\"http:\/\/ow.ly\/eEI2c \" target=\"_blank\"><span style=\"text-decoration: underline; color: #993300;\">Facebook LIVESTRONG NL<\/span><\/a><\/span><\/span><\/span><\/span><\/p>\n<p><span style=\"color: #999999;\">&#8230;&#8230;&#8230;&#8230;&#8230;&#8230;&#8230;&#8230;&#8230;&#8230;&#8230;&#8230;&#8230;&#8230;&#8230;&#8230;&#8230;&#8230;&#8230;&#8230;&#8230;&#8230;&#8230;&#8230;&#8230;&#8230;&#8230;&#8230;&#8230;&#8230;&#8230;&#8230;&#8230;&#8230;&#8230;&#8230;&#8230;&#8230;&#8230;&#8230;&#8230;&#8230;&#8230;&#8230;&#8230;&#8230;&#8230;&#8230;&#8230;&#8230;&#8230;&#8230;&#8230;&#8230;&#8230;&#8230;&#8230;&#8230;&#8230;&#8230;<\/span><br \/>\n<a name=\"WK_Wielrennen_2012\"><\/a><br \/>\n<img loading=\"lazy\" class=\"lazy alignleft  wp-image-6821\" title=\"TitelbalkWK-wielrennen_over\" alt=\"\" src=\"https:\/\/www.supportinglivestrong.nl\/supportinglivestrong\/wp-content\/plugins\/jquery-image-lazy-loading\/images\/grey.gif\" data-original=\"http:\/\/www.supportinglivestrong.nl\/supportinglivestrong\/wp-content\/uploads\/2012\/09\/TitelbalkWK-wielrennen_over.jpg\" width=\"599\" height=\"63\" srcset=\"https:\/\/www.supportinglivestrong.nl\/supportinglivestrong\/wp-content\/uploads\/2012\/09\/TitelbalkWK-wielrennen_over.jpg 749w, https:\/\/www.supportinglivestrong.nl\/supportinglivestrong\/wp-content\/uploads\/2012\/09\/TitelbalkWK-wielrennen_over-300x31.jpg 300w\" sizes=\"(max-width: 599px) 100vw, 599px\" \/><noscript><img loading=\"lazy\" class=\"alignleft  wp-image-6821\" title=\"TitelbalkWK-wielrennen_over\" alt=\"\" src=\"http:\/\/www.supportinglivestrong.nl\/supportinglivestrong\/wp-content\/uploads\/2012\/09\/TitelbalkWK-wielrennen_over.jpg\" width=\"599\" height=\"63\" srcset=\"https:\/\/www.supportinglivestrong.nl\/supportinglivestrong\/wp-content\/uploads\/2012\/09\/TitelbalkWK-wielrennen_over.jpg 749w, https:\/\/www.supportinglivestrong.nl\/supportinglivestrong\/wp-content\/uploads\/2012\/09\/TitelbalkWK-wielrennen_over-300x31.jpg 300w\" sizes=\"(max-width: 599px) 100vw, 599px\" \/><\/noscript><\/p>\n<p><strong>WK Wielrennen 2012 &#8211;<\/strong>\u00a0Het wereldkampioenschap wielrennen van 2012 in Limburg gaat de boeken in als &#8220;een van de mooiste ooit&#8221;. Direct na de finish werd de organisatie bedolven onder de complimenten uit alle gelederen van de wielersport. Onder meer UCI-baas Pat McQuaid en de organisatie van de Tour de France deden dat.<\/p>\n<p><strong>De bezoekersaantallen<\/strong> overtreffen de verwachting. Gedurende de hele week waren er 400.000 bezoekers in het zuiden van de provincie Limburg, de helft daarvan kwam op zondag.<\/p>\n<p>De vernieuwingen, zoals de ploegentijdrit voor merkenteams, zijn door de UCI goed ontvangen. Logistiek is de operatie goed verlopen. Daarmee heeft de organisatie alle doelstellingen (beste wk, veel bezoekers, vernieuwend) gehaald.<\/p>\n<p>De organisatie wil inwoners, ondernemers, bezoekers, sponsoren en overige partners bedanken voor het feest dat ze van dit wereldkampioenschap hebben gemaakt.<\/p>\n<p><strong>Prins Willem-Alexander<\/strong> verklaarde na afloop dat het een prachtig kampioenschap was. &#8220;Een feest voor heel Nederland en de provincie Limburg in het bijzonder. Die zijn op de kaart gezet.&#8221;\u009d &#8211; <span style=\"color: #993300;\"><a href=\"http:\/\/www.limburg2012.nl\/section.php?sid=items_nl&amp;items_vmd=svw&amp;items_id=home\" target=\"_blank\"><span style=\"text-decoration: underline; color: #993300;\">Bron: limburg2012.nl<\/span><\/a><\/span><\/p>\n<div style=\"text-align: center;\">[Not a valid template]<\/div>\n<p><span style=\"color: #ffffff;\">.<\/span><br \/>\nOnze stichting is de organisatie van het WK Wielrennen 2012 en haar partners zeer dankbaar dat zij prominent aanwezig kon zijn tijdens dit mooiste WK in de geschiedenis. Wij danken met name:<br \/>\n&#8211; <span style=\"color: #993300;\"><a href=\"http:\/\/sport.be.msn.com\/limburg2012\/toertocht\/nl\/partners\/\" target=\"_blank\"><span style=\"text-decoration: underline; color: #993300;\">De organisatie van de WK toertocht 2012<\/span><\/a><\/span><br \/>\n&#8211; De partners van het Breedtesport evenement &#8220;<span style=\"color: #993300;\"><a href=\"http:\/\/www.limburg2012.nl\/section.php?sid=widesports_nl&amp;widesports_vmd=svw&amp;widesports_id=1\" target=\"_blank\"><span style=\"text-decoration: underline; color: #993300;\">WK 2012 Bike &amp; Fun event<\/span><\/a><span style=\"color: #000000;\">&#8220;<\/span><\/span><br \/>\n&#8211; <span style=\"color: #993300;\"><a href=\"http:\/\/hvdsl.nl\/partners\/\" target=\"_blank\"><span style=\"text-decoration: underline; color: #993300;\">Huis voor de Sport Limburg<\/span><\/a><\/span><br \/>\n&#8211; <span style=\"color: #993300;\"><a href=\"http:\/\/www.vvvzuidlimburg.nl\/beleefzuidlimburg\/wk-wielrennen-limburg-2012\/index.aspx\" target=\"_blank\"><span style=\"text-decoration: underline; color: #993300;\">VVV Zuid-Limburg<\/span><\/a><\/span><\/p>\n<p><strong>Onze ambassadeur Peter<\/strong> heeft na zijn stamceltransplantatie de WK toertocht 2012 gereden. Een geweldige prestatie! We zijn zeer trots op onze ambassadeur. Lees hier <span style=\"color: #993300;\"><a href=\"http:\/\/www.supportinglivestrong.nl\/supportinglivestrong\/?page_id=6792\" target=\"_blank\"><span style=\"text-decoration: underline; color: #993300;\">zijn verhaal &gt;&gt;<\/span><\/a><\/span><\/p>\n<p><a href=\"http:\/\/www.supportinglivestrong.nl\/supportinglivestrong\/?page_id=6792\"><img loading=\"lazy\" class=\"lazy alignleft  wp-image-6800\" style=\"border: 2px solid black; margin: 2px;\" title=\"Ambassadeur Peter\" alt=\"\" src=\"https:\/\/www.supportinglivestrong.nl\/supportinglivestrong\/wp-content\/plugins\/jquery-image-lazy-loading\/images\/grey.gif\" data-original=\"http:\/\/www.supportinglivestrong.nl\/supportinglivestrong\/wp-content\/uploads\/2012\/09\/Peter01-206x300.jpg\" width=\"167\" height=\"243\" srcset=\"https:\/\/www.supportinglivestrong.nl\/supportinglivestrong\/wp-content\/uploads\/2012\/09\/Peter01-206x300.jpg 206w, https:\/\/www.supportinglivestrong.nl\/supportinglivestrong\/wp-content\/uploads\/2012\/09\/Peter01.jpg 309w\" sizes=\"(max-width: 167px) 100vw, 167px\" \/><noscript><img loading=\"lazy\" class=\"alignleft  wp-image-6800\" style=\"border: 2px solid black; margin: 2px;\" title=\"Ambassadeur Peter\" alt=\"\" src=\"http:\/\/www.supportinglivestrong.nl\/supportinglivestrong\/wp-content\/uploads\/2012\/09\/Peter01-206x300.jpg\" width=\"167\" height=\"243\" srcset=\"https:\/\/www.supportinglivestrong.nl\/supportinglivestrong\/wp-content\/uploads\/2012\/09\/Peter01-206x300.jpg 206w, https:\/\/www.supportinglivestrong.nl\/supportinglivestrong\/wp-content\/uploads\/2012\/09\/Peter01.jpg 309w\" sizes=\"(max-width: 167px) 100vw, 167px\" \/><\/noscript><\/a><\/p>\n<p><span style=\"color: #999999;\">foto: \u00a9LIVESTRONG_NL\/Tinie Mooren<\/span><br \/>\n<span style=\"color: #999999;\">&#8230;&#8230;&#8230;&#8230;&#8230;&#8230;&#8230;&#8230;&#8230;&#8230;&#8230;&#8230;&#8230;&#8230;&#8230;&#8230;&#8230;&#8230;&#8230;&#8230;&#8230;&#8230;&#8230;&#8230;&#8230;&#8230;&#8230;&#8230;&#8230;&#8230;&#8230;&#8230;&#8230;&#8230;&#8230;&#8230;&#8230;&#8230;&#8230;&#8230;&#8230;&#8230;&#8230;&#8230;&#8230;&#8230;&#8230;&#8230;&#8230;&#8230;&#8230;&#8230;&#8230;&#8230;&#8230;&#8230;&#8230;&#8230;&#8230;&#8230;<\/span><br \/>\n<a name=\"WK_toertocht_2012\"><\/a><\/p>\n<div><img loading=\"lazy\" class=\"lazy alignleft size-full wp-image-6167\" title=\"WK toertocht 2012\" alt=\"\" src=\"https:\/\/www.supportinglivestrong.nl\/supportinglivestrong\/wp-content\/plugins\/jquery-image-lazy-loading\/images\/grey.gif\" data-original=\"http:\/\/www.supportinglivestrong.nl\/supportinglivestrong\/wp-content\/uploads\/2010\/08\/TitelbalkWK-wielrennen.jpg\" width=\"599\" height=\"63\" srcset=\"https:\/\/www.supportinglivestrong.nl\/supportinglivestrong\/wp-content\/uploads\/2010\/08\/TitelbalkWK-wielrennen.jpg 749w, https:\/\/www.supportinglivestrong.nl\/supportinglivestrong\/wp-content\/uploads\/2010\/08\/TitelbalkWK-wielrennen-300x31.jpg 300w\" sizes=\"(max-width: 599px) 100vw, 599px\" \/><noscript><img loading=\"lazy\" class=\"alignleft size-full wp-image-6167\" title=\"WK toertocht 2012\" alt=\"\" src=\"http:\/\/www.supportinglivestrong.nl\/supportinglivestrong\/wp-content\/uploads\/2010\/08\/TitelbalkWK-wielrennen.jpg\" width=\"599\" height=\"63\" srcset=\"https:\/\/www.supportinglivestrong.nl\/supportinglivestrong\/wp-content\/uploads\/2010\/08\/TitelbalkWK-wielrennen.jpg 749w, https:\/\/www.supportinglivestrong.nl\/supportinglivestrong\/wp-content\/uploads\/2010\/08\/TitelbalkWK-wielrennen-300x31.jpg 300w\" sizes=\"(max-width: 599px) 100vw, 599px\" \/><\/noscript><strong>WK Toertocht 2012 steunt LIVESTRONG NL &#8211; <\/strong>Van 15 t\/m 23 september 2012 vindt het <span style=\"text-decoration: underline;\"><a href=\"http:\/\/www.limburg2012.nl\/section.php?sid=items_nl&amp;items_vmd=svw&amp;items_id=home\" target=\"_blank\"><span style=\"color: #993300;\">WK Wielrennen<\/span><\/a><\/span> plaats in Nederland. De ogen van miljoenen sportliefhebbers zijn gericht zijn op de provincie Limburg, waar in een week tijd de verschillende tijdritten en wegwedstrijden om het wereldkampioenschap worden verreden.<strong>Enige offici\u00eble WK Toertocht 2012<\/strong><br \/>\n<strong> <\/strong>Het WK Limburg 2012 is op zaterdag 15 september 2012 van start gegaan met een toertocht. Recreatieve fietsers konden het parcours verkennen en beleefden samen met duizenden andere wielerliefhebbers een unieke dag. Er waren twee routes uitgezet, die beiden over grote delen van het offici\u00eble wedstrijdparcours gingen, van 85 of 170 km. Een evenement op WK niveau, waar het deelnemers aan niets ontbrak.<\/p>\n<p>Tijdens deze enige offici\u00eble WK Toertocht 2012 werkte de organisatie samen met LIVESTRONG NL (<span style=\"text-decoration: underline;\"><a href=\"http:\/\/sport.be.msn.com\/limburg2012\/toertocht\/nl\/nieuws\/article.html?Article_ID=594520\" target=\"_blank\"><span style=\"color: #993300;\">Lees meer &gt;&gt;<\/span><\/a><\/span>). Wielrennen en LIVESTRONG zijn immers van oudsher nauw met elkaar verbonden. Deelnemers van de WK Toertocht werden dan ook voorafgaand en tijdens het evenement op verschillende manieren op de hoogte worden gebracht van de activiteiten van het Nederlandse LIVESTRONG team.<\/p>\n<ul>\n<li>Meer informatie over de WK Toertocht 2012 is te vinden <span style=\"text-decoration: underline; color: #993300;\"><a href=\"http:\/\/sport.be.msn.com\/limburg2012\/toertocht\/nl\/\" target=\"_blank\"><span style=\"color: #993300; text-decoration: underline;\">via deze link &gt;&gt;<\/span><\/a><\/span><span style=\"color: #ffffff; text-align: center;\">.<\/span><\/li>\n<\/ul>\n<\/div>\n<div style=\"text-align: center;\">[Not a valid template]<\/div>\n<p><span style=\"color: #999999;\">&#8230;&#8230;&#8230;&#8230;&#8230;&#8230;&#8230;&#8230;&#8230;&#8230;&#8230;&#8230;&#8230;&#8230;&#8230;&#8230;&#8230;&#8230;&#8230;&#8230;&#8230;&#8230;&#8230;&#8230;&#8230;&#8230;&#8230;&#8230;&#8230;&#8230;&#8230;&#8230;&#8230;&#8230;&#8230;&#8230;&#8230;&#8230;&#8230;&#8230;&#8230;&#8230;&#8230;&#8230;&#8230;&#8230;&#8230;&#8230;&#8230;&#8230;&#8230;&#8230;&#8230;&#8230;&#8230;&#8230;&#8230;&#8230;&#8230;&#8230;<\/span><br \/>\n<a name=\"Marathon_BijlGross_2012\"><\/a><br \/>\n<img loading=\"lazy\" class=\"lazy alignleft size-full wp-image-6646\" title=\"TitelbalkBijlGross01\" alt=\"\" src=\"https:\/\/www.supportinglivestrong.nl\/supportinglivestrong\/wp-content\/plugins\/jquery-image-lazy-loading\/images\/grey.gif\" data-original=\"http:\/\/www.supportinglivestrong.nl\/supportinglivestrong\/wp-content\/uploads\/2010\/08\/TitelbalkBijlGross01.jpg\" width=\"599\" height=\"63\" srcset=\"https:\/\/www.supportinglivestrong.nl\/supportinglivestrong\/wp-content\/uploads\/2010\/08\/TitelbalkBijlGross01.jpg 749w, https:\/\/www.supportinglivestrong.nl\/supportinglivestrong\/wp-content\/uploads\/2010\/08\/TitelbalkBijlGross01-300x31.jpg 300w\" sizes=\"(max-width: 599px) 100vw, 599px\" \/><noscript><img loading=\"lazy\" class=\"alignleft size-full wp-image-6646\" title=\"TitelbalkBijlGross01\" alt=\"\" src=\"http:\/\/www.supportinglivestrong.nl\/supportinglivestrong\/wp-content\/uploads\/2010\/08\/TitelbalkBijlGross01.jpg\" width=\"599\" height=\"63\" srcset=\"https:\/\/www.supportinglivestrong.nl\/supportinglivestrong\/wp-content\/uploads\/2010\/08\/TitelbalkBijlGross01.jpg 749w, https:\/\/www.supportinglivestrong.nl\/supportinglivestrong\/wp-content\/uploads\/2010\/08\/TitelbalkBijlGross01-300x31.jpg 300w\" sizes=\"(max-width: 599px) 100vw, 599px\" \/><\/noscript><\/p>\n<p><strong>LIVESTRONG_NL MARATHON WEEKEND &#8211; <\/strong>Sportschool-Fitnesscentrum <span style=\"text-decoration: underline;\"><a href=\"http:\/\/www.debijlgross.nl\/kk_2000000.html\" target=\"_blank\"><span style=\"color: #993300;\">Richard de Bijl &amp; Chita Gross<\/span><\/a><\/span>, organiseren een uniek LIVESTRONG_NL marathon weekend op 29 en 30 september in Spijkenisse.<\/p>\n<p><strong>Les Mills Releases<\/strong> &#8211; Op 29 zaterdag september van 14:00 tot 17:00 uur kan je de nieuwste workouts van Les Mills beleven! Durf jij aan de RPM sessies of aan een meerdere workouts mee te doen en LIVESTRONG_NL te sponsoren?<\/p>\n<p>Niet alleen de instructeurs van <span style=\"text-decoration: underline;\"><a href=\"http:\/\/www.debijlgross.nl\/kk_2000000.html\" target=\"_blank\"><span style=\"color: #993300;\">de Bijl &amp; Gross<\/span><\/a><\/span>, maar ook een nationale presenter \/ ambassadeur van LIVESTRONG_NL zal bij dit evenement aanwezig zijn! Doe mee en schrijf je in!<br \/>\n<span style=\"text-decoration: underline;\"><a href=\"http:\/\/www.supportinglivestrong.nl\/supportinglivestrong\/wp-content\/uploads\/2012\/09\/Livestrong-deelnameformulier-LM.pdf\" target=\"_blank\"><span style=\"color: #993300;\">Download hier het formulier (Pdf)<\/span><\/a><\/span><\/p>\n<p><strong>Judotoernooi<\/strong> &#8220;gele t\/m oranje slippen&#8221; &#8211; Op zondag 30 september kan je vanaf 12:30 uur meedoen aan het allereerste judo toernooi van dit seizoen bij <span style=\"text-decoration: underline;\"><a href=\"http:\/\/www.debijlgross.nl\/kk_2000000.html\" target=\"_blank\"><span style=\"color: #993300;\">de Bijl &amp; Gross<\/span><\/a><\/span>. Je kan judo\u00ebn, een mooie prijs winnen en een Goed Doel sponsoren! Alle kampioenen worden uitgenodigd voor de Talentengroep. Dus neem zoveel mogelijk mensen mee om je aan te moedigen!<br \/>\n<span style=\"text-decoration: underline;\"><a href=\"http:\/\/www.supportinglivestrong.nl\/supportinglivestrong\/wp-content\/uploads\/2012\/09\/Livestrong-deelnameformulier-JUDO.pdf\" target=\"_blank\"><span style=\"color: #993300;\">Download hier het formulier (Pdf )<\/span><\/a><\/span><\/p>\n<div style=\"text-align: center;\">[Not a valid template]<\/div>\n<p><span style=\"color: #999999;\">&#8230;&#8230;&#8230;&#8230;&#8230;&#8230;&#8230;&#8230;&#8230;&#8230;&#8230;&#8230;&#8230;&#8230;&#8230;&#8230;&#8230;&#8230;&#8230;&#8230;&#8230;&#8230;&#8230;&#8230;&#8230;&#8230;&#8230;&#8230;&#8230;&#8230;&#8230;&#8230;&#8230;&#8230;&#8230;&#8230;&#8230;&#8230;&#8230;&#8230;&#8230;&#8230;&#8230;&#8230;&#8230;&#8230;&#8230;&#8230;&#8230;&#8230;&#8230;&#8230;&#8230;&#8230;&#8230;&#8230;&#8230;&#8230;&#8230;&#8230;<\/span><br \/>\n<a name=\"Mergelheuvelland2daagse_2012\"><\/a><br \/>\n<img loading=\"lazy\" class=\"lazy alignleft size-full wp-image-6662\" title=\"TitelbalkMergelheuvelland2d\" alt=\"\" src=\"https:\/\/www.supportinglivestrong.nl\/supportinglivestrong\/wp-content\/plugins\/jquery-image-lazy-loading\/images\/grey.gif\" data-original=\"http:\/\/www.supportinglivestrong.nl\/supportinglivestrong\/wp-content\/uploads\/2010\/08\/TitelbalkMergelheuvelland2d.jpg\" width=\"599\" height=\"63\" srcset=\"https:\/\/www.supportinglivestrong.nl\/supportinglivestrong\/wp-content\/uploads\/2010\/08\/TitelbalkMergelheuvelland2d.jpg 749w, https:\/\/www.supportinglivestrong.nl\/supportinglivestrong\/wp-content\/uploads\/2010\/08\/TitelbalkMergelheuvelland2d-300x31.jpg 300w\" sizes=\"(max-width: 599px) 100vw, 599px\" \/><noscript><img loading=\"lazy\" class=\"alignleft size-full wp-image-6662\" title=\"TitelbalkMergelheuvelland2d\" alt=\"\" src=\"http:\/\/www.supportinglivestrong.nl\/supportinglivestrong\/wp-content\/uploads\/2010\/08\/TitelbalkMergelheuvelland2d.jpg\" width=\"599\" height=\"63\" srcset=\"https:\/\/www.supportinglivestrong.nl\/supportinglivestrong\/wp-content\/uploads\/2010\/08\/TitelbalkMergelheuvelland2d.jpg 749w, https:\/\/www.supportinglivestrong.nl\/supportinglivestrong\/wp-content\/uploads\/2010\/08\/TitelbalkMergelheuvelland2d-300x31.jpg 300w\" sizes=\"(max-width: 599px) 100vw, 599px\" \/><\/noscript><\/p>\n<p><strong>Toer- en MTBtochten van de Mergelheuvelland 2-daagse &#8211; <\/strong>Toerfietsen &#8211; De toertochten van de <span style=\"text-decoration: underline;\"><a href=\"http:\/\/mh2d.org\/index.php\/nl\/\" target=\"_blank\"><span style=\"color: #993300;\">Mergelheuvelland 2-daagse (Mh2d)<\/span><\/a><\/span> kenmerkten zich door maar een ding: fietsplezier ervaren in een unieke omgeving! Elk jaar probeert de organisatie hun mooiste fietsbelevenissen in enkele spectaculaire routes samen te vatten. Zij willen jou als deelnemer optimaal laten meegenieten van het mooie landschap en de Bourgondische sfeer. Ook dit jaar hadden ze weer een aantal verrassingen!<\/p>\n<p><strong>Mountainbike<\/strong> &#8211; De MTB-tochten stonden al bekend als sportieve uitdagingen van een hoog niveau. Kenmerkend voor de tochten van dit jaar was de verscheidenheid van het ruige en mooie terrein in Zuid Limburg en de Belgische Voerstreek. De kortste MTB-tocht was dit jaar 35 km. De routes van 35, 50 en 70 km werden grotendeels apart uitgezet, zodat er onderling minimale hinder was. Ook dit jaar stond je versteld van de mogelijkheden die dit unieke landschap te bieden had. Je werd dan ook keer op keer verrast!<\/p>\n<p>Ons Nederlandse LIVESTRONG team\u00a0is de organisatie de <span style=\"text-decoration: underline;\"><a href=\"http:\/\/mh2d.org\/index.php\/nl\/\" target=\"_blank\"><span style=\"color: #993300;\">Mergelheuvelland 2-daagse<\/span><\/a><\/span> dankbaar dat zij prominent aanwezig kon zijn tijdens dit evenement. Het team heeft donaties geworven, het bewustzijn voor de strijd tegen kanker (awareness) vergroot en deelnemers ge\u00efnformeerd wat men kan doen om het risico op kanker te verlagen.<\/p>\n<div style=\"text-align: center;\">[Not a valid template]<\/div>\n<p><span style=\"color: #999999;\">&#8230;&#8230;&#8230;&#8230;&#8230;&#8230;&#8230;&#8230;&#8230;&#8230;&#8230;&#8230;&#8230;&#8230;&#8230;&#8230;&#8230;&#8230;&#8230;&#8230;&#8230;&#8230;&#8230;&#8230;&#8230;&#8230;&#8230;&#8230;&#8230;&#8230;&#8230;&#8230;&#8230;&#8230;&#8230;&#8230;&#8230;&#8230;&#8230;&#8230;&#8230;&#8230;&#8230;&#8230;&#8230;&#8230;&#8230;&#8230;&#8230;&#8230;&#8230;&#8230;&#8230;&#8230;&#8230;&#8230;&#8230;&#8230;&#8230;&#8230;<\/span><br \/>\n<a name=\"ScalaLeefgezond_2012\"><\/a><br \/>\n<img loading=\"lazy\" class=\"lazy alignleft size-full wp-image-6610\" title=\"TitelbalkSCALA02\" alt=\"\" src=\"https:\/\/www.supportinglivestrong.nl\/supportinglivestrong\/wp-content\/plugins\/jquery-image-lazy-loading\/images\/grey.gif\" data-original=\"http:\/\/www.supportinglivestrong.nl\/supportinglivestrong\/wp-content\/uploads\/2010\/08\/TitelbalkSCALA02.jpg\" width=\"599\" height=\"63\" srcset=\"https:\/\/www.supportinglivestrong.nl\/supportinglivestrong\/wp-content\/uploads\/2010\/08\/TitelbalkSCALA02.jpg 749w, https:\/\/www.supportinglivestrong.nl\/supportinglivestrong\/wp-content\/uploads\/2010\/08\/TitelbalkSCALA02-300x31.jpg 300w\" sizes=\"(max-width: 599px) 100vw, 599px\" \/><noscript><img loading=\"lazy\" class=\"alignleft size-full wp-image-6610\" title=\"TitelbalkSCALA02\" alt=\"\" src=\"http:\/\/www.supportinglivestrong.nl\/supportinglivestrong\/wp-content\/uploads\/2010\/08\/TitelbalkSCALA02.jpg\" width=\"599\" height=\"63\" srcset=\"https:\/\/www.supportinglivestrong.nl\/supportinglivestrong\/wp-content\/uploads\/2010\/08\/TitelbalkSCALA02.jpg 749w, https:\/\/www.supportinglivestrong.nl\/supportinglivestrong\/wp-content\/uploads\/2010\/08\/TitelbalkSCALA02-300x31.jpg 300w\" sizes=\"(max-width: 599px) 100vw, 599px\" \/><\/noscript><\/p>\n<p><strong>Nieuw schooljaar start met LEEF GEZOND! campagne &#8211; <\/strong>Op maandag 27 augustus sprak dhr. Gert-Jan Alberts, directeur van het <span style=\"text-decoration: underline;\"><a href=\"http:\/\/www.bp.penta.nl\/\" target=\"_blank\"><span style=\"color: #993300;\">Scala Rietvelden<\/span><\/a><\/span> college (onderdeel v.h. PENTA college CSG), in zijn openingswoord over het thema &#8216;Samen&#8217;. Vervolgens spraken ambassadrice <span style=\"text-decoration: underline;\"><a href=\"http:\/\/www.supportinglivestrong.nl\/supportinglivestrong\/?p=4539\" target=\"_blank\"><span style=\"color: #993300;\">Demi Schuurs<\/span><\/a><\/span> (19 jr) en teamlid Froukje van Zinnen (18 jr) voor een publiek van meer dan 1000 leerlingen (5 groepen van 200 leerlingen) over hun carri\u00ebre, hun studie en leefstijl als (top-)sporter en de campagne LEEF GEZOND! De zes leefregels die helpen om het lichaam sterker te maken tegen kanker werden uitgedragen.<\/p>\n<p>Uit onderzoek is gebleken dat er een aantal risicofactoren zijn voor het krijgen van kanker. Ook heeft onderzoek aangetoond dat veel jongeren niet op de hoogte zijn van deze risicofactoren. Daarom vindt ons Nederlandse LIVESTRONG team het belangrijk om het bewustzijn voor de strijd tegen kanker te vergroten en jongeren te informeren wat je kan doen om het risico op kanker te verlagen.<\/p>\n<p><strong>6 leefregels<\/strong><br \/>\n&#8220;We hopen dan ook in het kader van een gezondere leefstijl een positieve rol te kunnen spelen. We zetten ons daarom in om leerlingen bewust te maken dat wie gezond leeft, m\u00ed\u00adnder kans heeft om kanker te krijgen. Daarom promoten wij de 6 leefregels die helpen om het lichaam sterker te maken&#8221; aldus \u00e9\u00e9n van onze bestuursleden.<\/p>\n<p>1. Rook niet<br \/>\n2. Beweeg genoeg<br \/>\n3. Let op je gewicht<br \/>\n4. Wees matig met alcohol<br \/>\n5. Eet gezond<br \/>\n6. Zon verstandig<\/p>\n<p>Aan het eind van de presentatie werden informatieflyers uitgedeeld. Daarnaast was er een speciale fotowedstrijd.\u00a0<span style=\"text-decoration: underline;\"><a href=\"http:\/\/www.supportinglivestrong.nl\/supportinglivestrong\/?page_id=6475\" target=\"_blank\"><span style=\"color: #993300;\">LEES MEER &gt;&gt;<\/span><\/a><\/span><\/p>\n<div style=\"text-align: center;\">[Not a valid template]<\/div>\n<p><span style=\"color: #999999;\">&#8230;&#8230;&#8230;&#8230;&#8230;&#8230;&#8230;&#8230;&#8230;&#8230;&#8230;&#8230;&#8230;&#8230;&#8230;&#8230;&#8230;&#8230;&#8230;&#8230;&#8230;&#8230;&#8230;&#8230;&#8230;&#8230;&#8230;&#8230;&#8230;&#8230;&#8230;&#8230;&#8230;&#8230;&#8230;&#8230;&#8230;&#8230;&#8230;&#8230;&#8230;&#8230;&#8230;&#8230;&#8230;&#8230;&#8230;&#8230;&#8230;&#8230;&#8230;&#8230;&#8230;&#8230;&#8230;&#8230;&#8230;&#8230;&#8230;&#8230;<\/span><br \/>\n<span style=\"color: #ffffff;\"> .<\/span><br \/>\n<strong> Steun ons &amp; doneer<\/strong><\/p>\n<div style=\"text-align: center;\">[Not a valid template]<\/div>\n<p><span style=\"color: #999999;\">&#8230;&#8230;&#8230;&#8230;&#8230;&#8230;&#8230;&#8230;&#8230;&#8230;&#8230;&#8230;&#8230;&#8230;&#8230;&#8230;&#8230;&#8230;&#8230;&#8230;&#8230;&#8230;&#8230;&#8230;&#8230;&#8230;&#8230;&#8230;&#8230;&#8230;&#8230;&#8230;&#8230;&#8230;&#8230;&#8230;&#8230;&#8230;&#8230;&#8230;&#8230;&#8230;&#8230;&#8230;&#8230;&#8230;&#8230;&#8230;&#8230;&#8230;&#8230;&#8230;&#8230;&#8230;&#8230;&#8230;&#8230;&#8230;&#8230;&#8230;<\/span><br \/>\n<a name=\"VerklaringVicevoorzitter_2012\"><\/a><br \/>\n<img loading=\"lazy\" class=\"lazy alignleft size-full wp-image-6563\" title=\"TitelbalkVerklaring\" alt=\"\" src=\"https:\/\/www.supportinglivestrong.nl\/supportinglivestrong\/wp-content\/plugins\/jquery-image-lazy-loading\/images\/grey.gif\" data-original=\"http:\/\/www.supportinglivestrong.nl\/supportinglivestrong\/wp-content\/uploads\/2010\/08\/TitelbalkVerklaring.jpg\" width=\"599\" height=\"63\" srcset=\"https:\/\/www.supportinglivestrong.nl\/supportinglivestrong\/wp-content\/uploads\/2010\/08\/TitelbalkVerklaring.jpg 749w, https:\/\/www.supportinglivestrong.nl\/supportinglivestrong\/wp-content\/uploads\/2010\/08\/TitelbalkVerklaring-300x31.jpg 300w\" sizes=\"(max-width: 599px) 100vw, 599px\" \/><noscript><img loading=\"lazy\" class=\"alignleft size-full wp-image-6563\" title=\"TitelbalkVerklaring\" alt=\"\" src=\"http:\/\/www.supportinglivestrong.nl\/supportinglivestrong\/wp-content\/uploads\/2010\/08\/TitelbalkVerklaring.jpg\" width=\"599\" height=\"63\" srcset=\"https:\/\/www.supportinglivestrong.nl\/supportinglivestrong\/wp-content\/uploads\/2010\/08\/TitelbalkVerklaring.jpg 749w, https:\/\/www.supportinglivestrong.nl\/supportinglivestrong\/wp-content\/uploads\/2010\/08\/TitelbalkVerklaring-300x31.jpg 300w\" sizes=\"(max-width: 599px) 100vw, 599px\" \/><\/noscript><\/p>\n<p><strong>Offici\u00eble verklaring van <\/strong><span style=\"font-weight: bold;\">Jeffery C. Garvey, <\/span><span style=\"font-weight: bold;\">Vice-voorzitter van de Lance Armstrong Foundation en John R. Seffrin, PhD, CEO van de &#8216;<\/span><span style=\"text-decoration: underline;\"><a href=\"http:\/\/www.cancer.org\/\" target=\"_blank\">American Cancer Society<\/a><\/span><span style=\"font-weight: bold;\">&#8216; en Matthew L. Myers, president van de stichting &#8216;<\/span><span style=\"text-decoration: underline;\"><a href=\"http:\/\/www.tobaccofreekids.org\/splash\" target=\"_blank\">Campaign for Tobacco-Free Kids<\/a><\/span><span style=\"font-weight: bold;\">&#8216;<\/span><\/p>\n<p>Vice Chairman and Founding Chairman of the Lance Armstrong Foundation <span style=\"text-decoration: underline;\"><a href=\"http:\/\/lancearmstrong.mwnewsroom.com\/BoardOfDirectors#Jeffery%20C.%20Garvey\" target=\"_blank\">Jeffery C. Garvey<\/a><\/span> issued the following statement in support of Armstrong&#8217;s decision:<\/p>\n<p>&#8220;Faced with a biased process whose outcome seems predetermined, Lance chose to put his family and his foundation first and we support his decision.&#8221;<\/p>\n<p>&#8220;Lance&#8217;s legacy in the cancer community is unparalleled. Lance could have left cancer behind him and never looked back. Instead, before ever winning the Tour de France, he established a foundation that today has served 2.5 million cancer survivors with its free patient navigation services. With his leadership, Texas created the largest fund for cancer research and prevention outside of the federal realm with Proposition 15 in 2007. Lance has personally contributed nearly $6.5 million to propel his foundation&#8217;s services to cancer survivors and their families. He served his nation for six years on the President&#8217;s Cancer Panel. With his help, the foundation has raised close to $500 million to further the fight against cancer and serve those affected by the disease. Lance&#8217;s devotion to cancer survivors shines through in the countless phone calls, emails and visits he makes throughout the year, something the rest of the world never hears about. Lance has unfailingly stood by the cancer community and we will always stand by him.<\/p>\n<p>Voor de verklaringen van John R. Seffrin, PhD, CEO van de &#8216;<span style=\"text-decoration: underline;\"><a href=\"http:\/\/www.cancer.org\/\" target=\"_blank\">American Cancer Society<\/a><\/span>&#8216; en Matthew L. Myers, president van de stichting &#8216;<span style=\"text-decoration: underline;\"><a href=\"http:\/\/www.tobaccofreekids.org\/splash\" target=\"_blank\">Campaign for Tobacco-Free Kids<\/a><\/span>&#8216; &#8211; <span style=\"text-decoration: underline;\"><span style=\"color: #993300;\"><a href=\"http:\/\/www.supportinglivestrong.nl\/supportinglivestrong\/?p=6546\" target=\"_blank\">Lees meer &gt;&gt;<\/a><\/span><\/span><br \/>\n<span style=\"color: #ffffff;\"> .<\/span><br \/>\n<span style=\"color: #999999;\">&#8230;&#8230;&#8230;&#8230;&#8230;&#8230;&#8230;&#8230;&#8230;&#8230;&#8230;&#8230;&#8230;&#8230;&#8230;&#8230;&#8230;&#8230;&#8230;&#8230;&#8230;&#8230;&#8230;&#8230;&#8230;&#8230;&#8230;&#8230;&#8230;&#8230;&#8230;&#8230;&#8230;&#8230;&#8230;&#8230;&#8230;&#8230;&#8230;&#8230;&#8230;&#8230;&#8230;&#8230;&#8230;&#8230;&#8230;&#8230;&#8230;&#8230;&#8230;&#8230;&#8230;&#8230;&#8230;&#8230;&#8230;&#8230;&#8230;&#8230;<\/span><br \/>\n<a name=\"Noorderzon_Qu32012\"><\/a><\/p>\n<p><img loading=\"lazy\" class=\"lazy alignleft size-full wp-image-6423\" title=\"TitelbalkNoorderzon\" alt=\"\" src=\"https:\/\/www.supportinglivestrong.nl\/supportinglivestrong\/wp-content\/plugins\/jquery-image-lazy-loading\/images\/grey.gif\" data-original=\"http:\/\/www.supportinglivestrong.nl\/supportinglivestrong\/wp-content\/uploads\/2010\/08\/TitelbalkNoorderzon1.jpg\" width=\"599\" height=\"63\" srcset=\"https:\/\/www.supportinglivestrong.nl\/supportinglivestrong\/wp-content\/uploads\/2010\/08\/TitelbalkNoorderzon1.jpg 749w, https:\/\/www.supportinglivestrong.nl\/supportinglivestrong\/wp-content\/uploads\/2010\/08\/TitelbalkNoorderzon1-300x31.jpg 300w\" sizes=\"(max-width: 599px) 100vw, 599px\" \/><noscript><img loading=\"lazy\" class=\"alignleft size-full wp-image-6423\" title=\"TitelbalkNoorderzon\" alt=\"\" src=\"http:\/\/www.supportinglivestrong.nl\/supportinglivestrong\/wp-content\/uploads\/2010\/08\/TitelbalkNoorderzon1.jpg\" width=\"599\" height=\"63\" srcset=\"https:\/\/www.supportinglivestrong.nl\/supportinglivestrong\/wp-content\/uploads\/2010\/08\/TitelbalkNoorderzon1.jpg 749w, https:\/\/www.supportinglivestrong.nl\/supportinglivestrong\/wp-content\/uploads\/2010\/08\/TitelbalkNoorderzon1-300x31.jpg 300w\" sizes=\"(max-width: 599px) 100vw, 599px\" \/><\/noscript><\/p>\n<p><strong>LIVESTRONG NL in Qu3-kubus met als thema &#8216;MENS+&#8217; &#8211; <\/strong>Tijdens het <span style=\"color: #993300;\"><span style=\"text-decoration: underline;\"><a href=\"http:\/\/www.noorderzon.nl\/\" target=\"_blank\"><span style=\"color: #993300;\">Noorderzon festival<\/span><\/a><\/span><\/span> liet Qu3 zien wat er in de stad Groningen te doen is op wetenschappelijk en technisch gebied. Je kon zelf ontdekken dat ook wetenschap enorm tot de verbeelding spreekt, de Qu3 had een prominente plaats op h\u00e9t kunstenfestival Noorderzon.<\/p>\n<p>Het thema voor dit jaar was MENS+. We stelden de mens centraal en keken naar allerlei aspecten die te maken hadden met de aansluiting en aanpassing van de mens op zijn omgeving in de breedste zin van het woord. We konden kijken naar de interactie van mens en technologie, interfaces, de aanpassingen van bijvoorbeeld gebouwen maar ook naar gentherapie. Met andere woorden hoe maken we de mens beter&#8230;<\/p>\n<p>In <span style=\"text-decoration: underline;\"><a href=\"http:\/\/www.qu3.nl\/home\" target=\"_blank\"><span style=\"color: #993300;\">Qu3<\/span><\/a><\/span> op het Noorderzon festival hadden o.a. de <span style=\"text-decoration: underline;\"><a href=\"http:\/\/www.hanze.nl\" target=\"_blank\"><span style=\"color: #993300;\">Hanzehogeschool Groningen<\/span><\/a><\/span> en het <span style=\"text-decoration: underline;\"><a href=\"http:\/\/www.umcg.nl\/NL\/Zorg\/Pages\/Default.aspx\" target=\"_blank\"><span style=\"color: #993300;\">UMCG<\/span><\/a><\/span> (Universitair Medisch Centrum Groningen) het thema MENS+ uitgewerkt. Bezoekers konden met uiteenlopende onderwerpen experimenteren. Tijdens de MENS+ -dagen in de <span style=\"color: #993300;\"><span style=\"text-decoration: underline;\"><a href=\"http:\/\/www.qu3.nl\/partners\" target=\"_blank\"><span style=\"color: #993300;\">Qu3<\/span><\/a><\/span><\/span>-kubus bood LIVESTRONG NL de bezoekers de mogelijkheid om hun conditie te testen en werd men ge\u00efnformeerd wat men kon doen om het risico op kanker te verlagen.<\/p>\n<p>Uit onderzoek is gebleken dat er een aantal risicofactoren zijn voor het krijgen van kanker en is aangetoond dat veel mensen niet op de hoogte zijn van deze risicofactoren. Het stimuleren van een gezonde leefstijl is een van de speerpunten van de stichting. D.m.v. een virtuele fietsopstelling kunnen bezoekers hun conditie testen en vinden hartslag-, calorie-, wattage-metingen plaats. &#8211;\u00a0<strong>Voor foto&#8217;s van de deelnemers<\/strong> <span style=\"text-decoration: underline;\"><a href=\"http:\/\/ow.ly\/dmdxi\" target=\"_blank\"><span style=\"color: #993300;\">zie onze Facebook &gt;&gt;<\/span><\/a><\/span><\/p>\n<p>Iedereen kan kanker krijgen. Maar wanneer men gezond leeft, heeft men wel minder kans om kanker te krijgen. Er zijn zes leefregels die helpen het lichaam sterker te maken tegen kanker: voldoende bewegen, gezond eten, op je gewicht letten, niet roken, matigen met alcohol en verstandig zonnen.<\/p>\n<p style=\"text-align: center;\">[Not a valid template]<\/p>\n<p><a name=\"Noorderzon_2011\"><\/a><\/p>\n<p><span style=\"color: #999999;\">&#8230;&#8230;&#8230;&#8230;&#8230;&#8230;&#8230;&#8230;&#8230;&#8230;&#8230;&#8230;&#8230;&#8230;&#8230;&#8230;&#8230;&#8230;&#8230;&#8230;&#8230;&#8230;&#8230;&#8230;&#8230;&#8230;&#8230;&#8230;&#8230;&#8230;&#8230;&#8230;&#8230;&#8230;&#8230;&#8230;&#8230;&#8230;&#8230;&#8230;&#8230;&#8230;&#8230;&#8230;&#8230;&#8230;&#8230;&#8230;&#8230;&#8230;&#8230;&#8230;&#8230;&#8230;&#8230;&#8230;&#8230;&#8230;&#8230;&#8230;<\/span><br \/>\n<a name=\"EKwielrennenZeeland2012\"><\/a><\/p>\n<div>\n<p><img loading=\"lazy\" class=\"lazy alignleft size-full wp-image-6332\" title=\"TitelbalkEK-wielrennen-U23\" alt=\"\" src=\"https:\/\/www.supportinglivestrong.nl\/supportinglivestrong\/wp-content\/plugins\/jquery-image-lazy-loading\/images\/grey.gif\" data-original=\"http:\/\/www.supportinglivestrong.nl\/supportinglivestrong\/wp-content\/uploads\/2010\/08\/TitelbalkEK-wielrennen-U23.jpg\" width=\"599\" height=\"63\" srcset=\"https:\/\/www.supportinglivestrong.nl\/supportinglivestrong\/wp-content\/uploads\/2010\/08\/TitelbalkEK-wielrennen-U23.jpg 749w, https:\/\/www.supportinglivestrong.nl\/supportinglivestrong\/wp-content\/uploads\/2010\/08\/TitelbalkEK-wielrennen-U23-300x31.jpg 300w\" sizes=\"(max-width: 599px) 100vw, 599px\" \/><noscript><img loading=\"lazy\" class=\"alignleft size-full wp-image-6332\" title=\"TitelbalkEK-wielrennen-U23\" alt=\"\" src=\"http:\/\/www.supportinglivestrong.nl\/supportinglivestrong\/wp-content\/uploads\/2010\/08\/TitelbalkEK-wielrennen-U23.jpg\" width=\"599\" height=\"63\" srcset=\"https:\/\/www.supportinglivestrong.nl\/supportinglivestrong\/wp-content\/uploads\/2010\/08\/TitelbalkEK-wielrennen-U23.jpg 749w, https:\/\/www.supportinglivestrong.nl\/supportinglivestrong\/wp-content\/uploads\/2010\/08\/TitelbalkEK-wielrennen-U23-300x31.jpg 300w\" sizes=\"(max-width: 599px) 100vw, 599px\" \/><\/noscript><\/p>\n<p><strong>De Europese Wielerbond, UEC<\/strong> &#8211; had de <span style=\"text-decoration: underline;\"><a href=\"http:\/\/www.zeeland2012.nl\/\" target=\"_blank\"><span style=\"color: #993300;\">Europese Kampioenschappen wielrennen<\/span><\/a><\/span> toegewezen aan de provincie Zeeland. Het EK vond plaats van 9 t\/m 12 augustus. De start en finish van zowel de tijdrit als de wegwedstrijd vonden plaats in Goes. De renners reden ondermeer over het grondgebied van de Gemeentes Kapelle en Borsele.<\/p>\n<p>Naast de organisatie van het EK wielrennen is Lib\u00e9ma Profcycling actief in alle takken van het wielrennen. Een van de hoofdtakken is de neutrale service bij wielerrondes met Shimano als hoofdsponsor.<\/p>\n<p><strong>Samenwerking<\/strong><br \/>\nTijdens deze Europese Kampioenschappen wielrennen junioren\/U23 werkte de organisatie samen met LIVESTRONG NL. Voorafgaand en tijdens de wedstrijden werd het publiek op verschillende manieren op de hoogte gebracht van de activiteiten van de Nederlandse LIVESTRONG stichting.<\/p>\n<p>De stichting dankt Lib\u00e9ma Profcycling voor de samenwerking en dat zij LIVESTRONG NL een warm hart toedraagt. Lees ook op <span style=\"text-decoration: underline;\"><span style=\"color: #993300;\"><a href=\"http:\/\/ow.ly\/cKtoF \" target=\"_blank\">Zeeland2012 &gt;&gt;<\/a><\/span><\/span><\/p>\n<p><em><strong><span style=\"text-decoration: underline;\"><a href=\"http:\/\/www.libemaprofcycling.nl\/\" target=\"_blank\"><span style=\"color: #993300;\">Lib\u00e9ma Profcycling<\/span><\/a><\/span><\/strong>\u00a0&#8211; In 2006 zijn zij verantwoordelijk voor de organisatie van de aankomst van de Tour-etappe in Valkenburg aan de Geul. Ook sloot Lib\u00e9ma Profcycling een overeenkomst met de organisatie van de Giro d&#8217;Italia en organiseerde de start en diverse etappes van de Giro in Nederland.<\/em><\/p>\n<p><em> <\/em><em>Vanaf september 2008 beheert Lib\u00e9ma ook het unieke topsportcentrum Omnisport Apeldoorn. Elk jaar organiseert Lib\u00e9ma Profcycling hier de Nederlandse Kampioenschappen Baanwielrennen. In 2011 vonden hier ook het WK en EK Baanwielrennen plaats.<\/em><\/p>\n<\/div>\n<div style=\"text-align: center;\">[Not a valid template]<\/div>\n<p><span style=\"color: #999999;\">&#8230;&#8230;&#8230;&#8230;&#8230;&#8230;&#8230;&#8230;&#8230;&#8230;&#8230;&#8230;&#8230;&#8230;&#8230;&#8230;&#8230;&#8230;&#8230;&#8230;&#8230;&#8230;&#8230;&#8230;&#8230;&#8230;&#8230;&#8230;&#8230;&#8230;&#8230;&#8230;&#8230;&#8230;&#8230;&#8230;&#8230;&#8230;&#8230;&#8230;&#8230;&#8230;&#8230;&#8230;&#8230;&#8230;&#8230;&#8230;&#8230;&#8230;&#8230;&#8230;&#8230;&#8230;&#8230;&#8230;&#8230;&#8230;&#8230;&#8230;<\/span><br \/>\n<a name=\"Enecotour_2012\"><\/a><\/p>\n<div>\n<p><img loading=\"lazy\" class=\"lazy alignleft size-full wp-image-6288\" title=\"TitelbalkEnecoTour\" alt=\"\" src=\"https:\/\/www.supportinglivestrong.nl\/supportinglivestrong\/wp-content\/plugins\/jquery-image-lazy-loading\/images\/grey.gif\" data-original=\"http:\/\/www.supportinglivestrong.nl\/supportinglivestrong\/wp-content\/uploads\/2010\/08\/TitelbalkEnecoTour2.jpg\" width=\"599\" height=\"63\" srcset=\"https:\/\/www.supportinglivestrong.nl\/supportinglivestrong\/wp-content\/uploads\/2010\/08\/TitelbalkEnecoTour2.jpg 749w, https:\/\/www.supportinglivestrong.nl\/supportinglivestrong\/wp-content\/uploads\/2010\/08\/TitelbalkEnecoTour2-300x31.jpg 300w\" sizes=\"(max-width: 599px) 100vw, 599px\" \/><noscript><img loading=\"lazy\" class=\"alignleft size-full wp-image-6288\" title=\"TitelbalkEnecoTour\" alt=\"\" src=\"http:\/\/www.supportinglivestrong.nl\/supportinglivestrong\/wp-content\/uploads\/2010\/08\/TitelbalkEnecoTour2.jpg\" width=\"599\" height=\"63\" srcset=\"https:\/\/www.supportinglivestrong.nl\/supportinglivestrong\/wp-content\/uploads\/2010\/08\/TitelbalkEnecoTour2.jpg 749w, https:\/\/www.supportinglivestrong.nl\/supportinglivestrong\/wp-content\/uploads\/2010\/08\/TitelbalkEnecoTour2-300x31.jpg 300w\" sizes=\"(max-width: 599px) 100vw, 599px\" \/><\/noscript><\/p>\n<p><strong>Toppers aan de start van de Eneco Tour 2012<\/strong> &#8211; Maandag 5 augustus startte de 8ste <span style=\"text-decoration: underline;\"><a href=\"http:\/\/sport.be.msn.com\/enecotour\/2012\/nl\/\" target=\"_blank\"><span style=\"color: #993300;\">Eneco Tour<\/span><\/a><\/span>. Op de persconferentie kon de organisatie grote namen bekendmaken.<\/p>\n<p>Dat deze <span style=\"text-decoration: underline;\"><a href=\"http:\/\/sport.be.msn.com\/enecotour\/2012\/nl\/\" target=\"_blank\"><span style=\"color: #993300;\">Eneco Tour<\/span><\/a><\/span> de comeback van Alberto Contador zou inluiden, was al zeker. De Spanjaard kreeg bij Team Saxo Bank-Tinkoff Bank o.m. de lokale helden Nick Nuyens en Karsten Kroon aan zijn zijde. Ook tal van andere WorldTour ploegen waren erop gebrand om mooie prestaties neer te zetten.<\/p>\n<p><strong>Grote namen<\/strong><\/p>\n<p>Het sterke <span style=\"text-decoration: underline;\"><a href=\"http:\/\/www.omegapharma-quickstep.com\/\" target=\"_blank\"><span style=\"color: #993300;\">Omega Pharma-QuickStep<\/span><\/a><\/span> kenden we al: Boonen, Martin, Terpstra en Chavanel. <span style=\"text-decoration: underline;\"><a href=\"http:\/\/www.rabosport.nl\/wielrennen\" target=\"_blank\"><span style=\"color: #993300;\">Rabobank<\/span><\/a><\/span> bracht Boom, Bos en Renshaw aan de start. <span style=\"text-decoration: underline;\"><a href=\"http:\/\/www.vacansoleildcm.com\/\" target=\"_blank\"><span style=\"color: #993300;\">Vacansoleil-DCM<\/span><\/a><\/span>: De Gendt, Westra en Boeckmans. Bij <span style=\"text-decoration: underline;\"><a href=\"http:\/\/www.lottobelisol.be\/nl\/home-1.htm\" target=\"_blank\"><span style=\"color: #993300;\">Lotto-Belisol<\/span><\/a><\/span>: Greipel, Roelandts en Vanendert.<\/p>\n<p><span style=\"text-decoration: underline;\"><a href=\"http:\/\/www.bmc-racing.com\/int-en\/home.html\" target=\"_blank\"><span style=\"color: #993300;\">BMC<\/span><\/a><\/span> kwam met ambities met o.m. Van Avermaet, Phinney en Ballan. <span style=\"text-decoration: underline;\"><a href=\"http:\/\/www.teamsky.com\/\" target=\"_blank\"><span style=\"color: #993300;\">Team Sky<\/span><\/a><\/span>, vaardigde o.m. Hunt, Knees en Luvkvist af. Bij Team <span style=\"text-decoration: underline;\"><a href=\"http:\/\/www.radioshacknissantrek.com\/\" target=\"_blank\"><span style=\"color: #993300;\">Radioshack-Nissan<\/span><\/a><\/span> zijn o.a. Bakelandts, Hermans en Gallopin gestart. Bij Team <span style=\"text-decoration: underline;\"><a href=\"http:\/\/www.slipstreamsports.com\/\" target=\"_blank\"><span style=\"color: #993300;\">Garmin-Sharp<\/span><\/a><\/span>: Dekker, Millar en Haussler. Er werden wild cards uitgedeeld: o.a. aan <span style=\"text-decoration: underline;\"><a href=\"http:\/\/www.1t4i.com\/\" target=\"_blank\"><span style=\"color: #993300;\">Argos-Shimano<\/span><\/a><\/span> dat op de snelle benen van Kittel en Veelers rekende.<\/p>\n<p><strong>LIVESTRONG<\/strong><\/p>\n<p>Dat LIVESTRONG NL weer de mogelijkheid had om prominent aanwezig te zijn, was grotendeels te danken aan de organisatie van de Eneco Tour. &#8220;Het is een eer dat we weer aanwezig mogen zijn bij het belangrijkste meerdaagse wielerevenement van Nederland. We zijn verheugd dat de organisatie, en met name Rob Discart en Chris Vannoppen, de stichting een warm hart toedraagt&#8221;<\/p>\n<p><strong>EnecoTeam Tijdrit<\/strong><\/p>\n<p>Voor wie tegen de klok wilde rijden over het echte parcours was er de EnecoTeam-Tijdrit. Een perfecte teambuildingactiviteit voor bedrijven, verenigingen of gewoon onder vrienden.<\/p>\n<\/div>\n<div style=\"text-align: center;\">[Not a valid template]<\/div>\n<p><span style=\"color: #999999;\">&#8230;&#8230;&#8230;&#8230;&#8230;&#8230;&#8230;&#8230;&#8230;&#8230;&#8230;&#8230;&#8230;&#8230;&#8230;&#8230;&#8230;&#8230;&#8230;&#8230;&#8230;&#8230;&#8230;&#8230;&#8230;&#8230;&#8230;&#8230;&#8230;&#8230;&#8230;&#8230;&#8230;&#8230;&#8230;&#8230;&#8230;&#8230;&#8230;&#8230;&#8230;&#8230;&#8230;&#8230;&#8230;&#8230;&#8230;&#8230;&#8230;&#8230;&#8230;&#8230;&#8230;&#8230;&#8230;&#8230;&#8230;&#8230;&#8230;&#8230;<\/span><\/p>\n<p><a href=\"http:\/\/www.supportinglivestrong.nl\/supportinglivestrong\/wp-content\/uploads\/2010\/08\/TitelbalkAchtvChaam.jpg\"><img loading=\"lazy\" class=\"lazy alignleft size-full wp-image-6202\" title=\"TitelbalkAchtvChaam\" alt=\"\" src=\"https:\/\/www.supportinglivestrong.nl\/supportinglivestrong\/wp-content\/plugins\/jquery-image-lazy-loading\/images\/grey.gif\" data-original=\"http:\/\/www.supportinglivestrong.nl\/supportinglivestrong\/wp-content\/uploads\/2010\/08\/TitelbalkAchtvChaam.jpg\" width=\"599\" height=\"63\" srcset=\"https:\/\/www.supportinglivestrong.nl\/supportinglivestrong\/wp-content\/uploads\/2010\/08\/TitelbalkAchtvChaam.jpg 749w, https:\/\/www.supportinglivestrong.nl\/supportinglivestrong\/wp-content\/uploads\/2010\/08\/TitelbalkAchtvChaam-300x31.jpg 300w\" sizes=\"(max-width: 599px) 100vw, 599px\" \/><noscript><img loading=\"lazy\" class=\"alignleft size-full wp-image-6202\" title=\"TitelbalkAchtvChaam\" alt=\"\" src=\"http:\/\/www.supportinglivestrong.nl\/supportinglivestrong\/wp-content\/uploads\/2010\/08\/TitelbalkAchtvChaam.jpg\" width=\"599\" height=\"63\" srcset=\"https:\/\/www.supportinglivestrong.nl\/supportinglivestrong\/wp-content\/uploads\/2010\/08\/TitelbalkAchtvChaam.jpg 749w, https:\/\/www.supportinglivestrong.nl\/supportinglivestrong\/wp-content\/uploads\/2010\/08\/TitelbalkAchtvChaam-300x31.jpg 300w\" sizes=\"(max-width: 599px) 100vw, 599px\" \/><\/noscript><\/a><\/p>\n<p><strong>LIVESTRONG NL was ook dit jaar prominent aanwezig bij belangrijke profronden<\/strong> &#8211; Na de Tour de France worden er elk jaar natourcriteriums gereden. Het wielrennen wordt dan door het publiek intens beleefd. Er is dan een geweldige sfeer en ook veel amusement. Tijdens de bekendste profronden, heeft LIVESTRONG NL diverse promoteams ingezet. De stichting vindt het belangrijk om het bewustzijn voor de strijd tegen kanker te vergroten en mensen te informeren wat men kan doen om het risico op kanker te verlagen. Daarnaast wil de stichting fondsen werven voor de strijd tegen kanker.<\/p>\n<p>We danken de organisaties van deze drukbezochte evenementen voor hun gastvrijheid en dat zij LIVESTRONG NL een warm hart toedragen.<\/p>\n<p><strong>Acht van Chaam<\/strong><\/p>\n<p>Op woensdag 25 juli waren we aanwezig bij de 74e editie van het oudste wielercriterium van Nederland, de Acht van Chaam.<\/p>\n<p>Johnny Hoogerland (Vacansoleil DCM) was weer gecontracteerd net als Tom Veelers en Koen de Kort (Argos-Shimano). Ook Zubeldia Aquire Haimar (RadioShack-Nissan) en Fredrik Kessiakoff (Astana) kwamen naar de Acht van Chaam. Zij vervingen Jurgen van den Broeck die helaas niet beschikbaar was. Zubeldia eindigde als zesde in het algemeen klassement van de Tour de France. Kessiakoff deed lang mee voor de bolletjestrui. Daarnaast reden Rabocoureurs Laurens ten Dam, Steven Kruijswijk, Bram Tankink en Bauke Mollema ook in Chaam. Hoogerland won de Acht van Chaam in 2011 en in 2010 won Terpstra de Acht van Chaam.<\/p>\n<p>Bouke Mollema (Rabobank) kwam als eerste over de streep bij de profs tijdens de 74ste Acht van Chaam. Tom Veelers (Argos-Shimano) en <span style=\"text-decoration: underline;\"><a href=\"http:\/\/www.radioshacknissantrek.com\/team\/riders\/haimar-zubeldia\" target=\"_blank\"><span style=\"color: #993300;\">Haimar Zubeldia (RadioShack-Nissan)<\/span><\/a><\/span> zaten hem in het wiel en tekenden daarmee voor de tweede en derde plaats.<\/p>\n<p>Lees meer op: <span style=\"color: #993300;\"><span style=\"text-decoration: underline;\"><a href=\"http:\/\/www.8vanchaam.nl\/\" target=\"_blank\"><span style=\"color: #993300;\">8vanchaam.nl<\/span><\/a><\/span><\/span><\/p>\n<p style=\"text-align: center;\">[Not a valid template]<\/p>\n<p><strong>RaboRonde Heerlen<\/strong><\/p>\n<p>Op 27 juli, de eerste vrijdag na de Tour, was het LIVESTRONG NL promoteam prominent aanwezig bij de 23e editie RaboRonde Heerlen. Ook dit jaar was de RaboRonde Heerlen niet zomaar een jaarlijks terugkerend feest. Het is \u00e9\u00e9n van de grootste na-Tour criteria van Nederland. Op de eerste vrijdag na de Tour de France genoten wederom tienduizenden mensen van dit Heerlense evenement.<\/p>\n<p>De organisatie had besloten om het dit jaar helemaal Nederlands te houden. Organisator Chris Tiekstra: &#8220;Omdat op dag na ons criterium in Londen de wegwedstrijd om de Olympische medailles plaatsvindt, zijn er bijna geen buitenlandse toppers beschikbaar. Het is uitgesloten om op vrijdag in Heerlen te rijden om de volgende dag in Londen te vlammen.&#8221;<\/p>\n<p>Dat is al een goede reden om geen buitenlanders uit te nodigen, maar er is meer. Tiekstra; &#8220;We hebben in Nederland een aantal goede wielrenners en een flink aantal weet de Tour ook uit te rijden. Zij verdienen het om zich aan publiek te mogen presenteren.&#8221;<\/p>\n<p>Na een spannende wedstrijd tijdens deze RaboRonde Heerlen versloeg Rob Ruijgh (Vacansoleil-DCM) dit jaar zijn landgenoot Tom Dumoulin (Argos-Shimano), die tweede werd. In de eindsprint werd Bram Tankink (Rabobank) derde.<\/p>\n<p>Lees meer op: <span style=\"text-decoration: underline;\"><a href=\"http:\/\/www.raborondeheerlen.nl\/pages\/programma.html\" target=\"_blank\"><span style=\"color: #993300;\">raborondeheerlen.nl<\/span><\/a><\/span><\/p>\n<p><span style=\"color: #000000;\">Kijk ook naar de reportage op: <span style=\"text-decoration: underline;\"><a href=\"http:\/\/www.l1.nl\/video\/raboronde-heerlen-27-jul-2012#.UBUphWFcZNQ\" target=\"_blank\"><span style=\"color: #993300;\">L1.nl &gt;&gt;<\/span><\/a><\/span><\/span><\/p>\n<p style=\"text-align: center;\">[Not a valid template]<\/p>\n<p>Foto&#8217;s met dank aan <span style=\"text-decoration: underline;\"><a href=\"http:\/\/www.luclodder.com\/category\/sport\/wielrennen\" target=\"_blank\"><span style=\"color: #993300;\">Luc Lodder Fotografie &gt;&gt;<\/span><\/a><\/span><\/p>\n<p><a name=\"Natourscriteriums2012\"><\/a><\/p>\n<p><strong>Draai van de Kaai<\/strong><\/p>\n<p>Maandag 30 juli 2012 ging de JUMBO Draai van de Kaai voor de 33e keer van start. Met als bekendste vedetten uit de Tour de France: Vicenzo Nibali (Liquigas) en Alejandro Valverde (Team Movistar). Ook deden Thomas De Gendt (3e ronde v Itali\u00eb &#8211;\u00a0Vacansoleil-DCM Procycling Team) en de Nederlandse renners Laurens ten Dam, Steven Kruiswijk en Johnny Hoogerland mee. Daarnaast bood de Draai van de Kaai weer een geweldig amusementsprogramma.<\/p>\n<p>Een LIVESTRONG NL promoteam was naast het VIP terras aanwezig. &#8220;We zijn de organisatie van de Draai van de Kaai dankbaar voor haar gastvrijheid en dat haar bestuursleden ook dit jaar onze Nederlandse LIVESTRONG stichting een warm hart toedragen&#8221;\u009d. aldus een bestuurslid van LIVESTRONG NL.<\/p>\n<p>De Spanjaard Alejandro Valverde won in Roosendaal. De wielrenner van Movistar was in de eindsprint van een groepje van vier de sterkste. Johnny Hoogerland eindigde als tweede, voor de Italiaan Vincenzo Nibali. Laurens ten Dam was de vierde man van de kopgroep.<\/p>\n<p>Lees meer op: <span style=\"text-decoration: underline;\"><span style=\"color: #993300;\"><a href=\"http:\/\/www.dedraai.nl\/nieuws.html\" target=\"_blank\"><span style=\"color: #993300;\">www.dedraai.nl<\/span><\/a><\/span><\/span><\/p>\n<p style=\"text-align: center;\">[Not a valid template]<\/p>\n<p><span style=\"color: #999999;\">&#8230;&#8230;&#8230;&#8230;&#8230;&#8230;&#8230;&#8230;&#8230;&#8230;&#8230;&#8230;&#8230;&#8230;&#8230;&#8230;&#8230;&#8230;&#8230;&#8230;&#8230;&#8230;&#8230;&#8230;&#8230;&#8230;&#8230;&#8230;&#8230;&#8230;&#8230;&#8230;&#8230;&#8230;&#8230;&#8230;&#8230;&#8230;&#8230;&#8230;&#8230;&#8230;&#8230;&#8230;&#8230;&#8230;&#8230;&#8230;&#8230;&#8230;&#8230;&#8230;&#8230;&#8230;&#8230;&#8230;&#8230;&#8230;&#8230;&#8230;<\/span><br \/>\n<a name=\"Sintermeertencollege\"><\/a><\/p>\n<div>\n<p><img loading=\"lazy\" class=\"lazy alignleft size-full wp-image-6114\" title=\"TitelbalkSinterMeerten\" alt=\"\" src=\"https:\/\/www.supportinglivestrong.nl\/supportinglivestrong\/wp-content\/plugins\/jquery-image-lazy-loading\/images\/grey.gif\" data-original=\"http:\/\/www.supportinglivestrong.nl\/supportinglivestrong\/wp-content\/uploads\/2010\/08\/TitelbalkSinterMeerten.jpg\" width=\"599\" height=\"63\" srcset=\"https:\/\/www.supportinglivestrong.nl\/supportinglivestrong\/wp-content\/uploads\/2010\/08\/TitelbalkSinterMeerten.jpg 749w, https:\/\/www.supportinglivestrong.nl\/supportinglivestrong\/wp-content\/uploads\/2010\/08\/TitelbalkSinterMeerten-300x31.jpg 300w\" sizes=\"(max-width: 599px) 100vw, 599px\" \/><noscript><img loading=\"lazy\" class=\"alignleft size-full wp-image-6114\" title=\"TitelbalkSinterMeerten\" alt=\"\" src=\"http:\/\/www.supportinglivestrong.nl\/supportinglivestrong\/wp-content\/uploads\/2010\/08\/TitelbalkSinterMeerten.jpg\" width=\"599\" height=\"63\" srcset=\"https:\/\/www.supportinglivestrong.nl\/supportinglivestrong\/wp-content\/uploads\/2010\/08\/TitelbalkSinterMeerten.jpg 749w, https:\/\/www.supportinglivestrong.nl\/supportinglivestrong\/wp-content\/uploads\/2010\/08\/TitelbalkSinterMeerten-300x31.jpg 300w\" sizes=\"(max-width: 599px) 100vw, 599px\" \/><\/noscript><\/p>\n<p><strong>Leerlingen zetten zich in voor strijd tegen kanker &#8211; <\/strong>Op vrijdag 29 juni 2012 hebben een aantal leerlingen samen met de heer Paul Th\u00f6nissen, directeur van het <span style=\"text-decoration: underline;\"><a href=\"http:\/\/www.sintermeerten.nl\/Nieuws\/Paginas\/Steun-Livestrong.aspx\" target=\"_blank\"><span style=\"color: #993300;\">Sintermeertencollege<\/span><\/a><\/span> in Heerlen, een cheque van 555,- euro overhandigd aan <span style=\"text-decoration: underline;\"><a href=\"http:\/\/www.supportinglivestrong.nl\/supportinglivestrong\/?page_id=5915\" target=\"_blank\"><span style=\"color: #993300;\">Ramona Bosman<\/span><\/a><\/span>, ambassadeur, en Dick Weisz, bestuurslid van de Nederlandse LIVESTRONG stichting. Dit bedrag was het resultaat van een sponsoractie die in de laatste weken voor de zomervakantie was georganiseerd. In samenwerking met <span style=\"color: #000000;\"><span style=\"text-decoration: underline;\"><a href=\"http:\/\/ow.ly\/c1P2N \" target=\"_blank\"><span style=\"color: #993300;\">VVV Zuid-Limburg<\/span><\/a><\/span><\/span> was de actie opgezet waarbij de school aandacht vroeg en geld inzamelde voor de strijd tegen kanker.<\/p>\n<p><strong>Sintermeertencollege<\/strong><\/p>\n<p>Het <span style=\"text-decoration: underline;\"><a href=\"http:\/\/www.sintermeerten.nl\/OverSMC\/Sport\/default.aspx\" target=\"_blank\"><span style=\"color: #993300;\">Sintermeertcollege<\/span><\/a><\/span> organiseerde de actie voor kankerpati\u00ebnten in Nederland. De middelbare school is de eerste school in Nederland die erkenning heeft gekregen voor haar jarenlange inspanningen op het gebied van sport door <span style=\"text-decoration: underline;\"><a href=\"http:\/\/www.sintermeerten.nl\/etalage\/sport\/sportactief\/sportactiefprojecten.aspx\" target=\"_blank\"><span style=\"color: #993300;\">NOC*NSF<\/span><\/a><\/span> en KVLO, de beroepsorganisatie voor leraren lichamelijke opvoeding.<\/p>\n<p>&#8220;We willen ook bij jongeren de bewustwording voor het kankerprobleem in Nederland verhogen. En we willen ze vertellen wat ze kunnen doen om het risico op kanker te verlagen. Daarnaast willen we geld inzamelen om voor een belangrijk deel Nederlandse kankerprojecten te ondersteunen, zoals de ontwikkeling van de behandelmethode hyperthermie. Door geweldige acties als deze verhogen we niet alleen onze naamsbekendheid, maar hopen we ook in het kader van een gezondere leefstijl een positieve rol te kunnen spelen in Zuid-Limburg.&#8221;,\u009d aldus Weisz.<\/p>\n<p><strong>Bewustwording<\/strong><\/p>\n<p><strong> <\/strong>Met name dankzij de toegewijde inzet van Roel Doomen van de sectie Lichamelijk Opvoeding, is deze actie succesvol verlopen. Hij heeft een groot aantal leerlingen bewust gemaakt van het belang om de LIVESTRONG stichting te steunen in de strijd tegen kanker. Doomen zelf is ook enthousiast: &#8220;Deze actie gaat absoluut een vervolg krijgen&#8221;\u009d,<\/p>\n<\/div>\n<div style=\"text-align: center;\">[Not a valid template]<\/div>\n<p><span style=\"color: #999999;\">&#8230;&#8230;&#8230;&#8230;&#8230;&#8230;&#8230;&#8230;&#8230;&#8230;&#8230;&#8230;&#8230;&#8230;&#8230;&#8230;&#8230;&#8230;&#8230;&#8230;&#8230;&#8230;&#8230;&#8230;&#8230;&#8230;&#8230;&#8230;&#8230;&#8230;&#8230;&#8230;&#8230;&#8230;&#8230;&#8230;&#8230;&#8230;&#8230;&#8230;&#8230;&#8230;&#8230;&#8230;&#8230;&#8230;&#8230;&#8230;&#8230;&#8230;&#8230;&#8230;&#8230;&#8230;&#8230;&#8230;&#8230;&#8230;&#8230;&#8230;<\/span><\/p>\n<p><a name=\"HealthCity_TourChallenge\"><\/a><\/p>\n<div>\n<p><img loading=\"lazy\" class=\"lazy alignleft size-full wp-image-6143\" title=\"TitelbalkHealthCity\" alt=\"\" src=\"https:\/\/www.supportinglivestrong.nl\/supportinglivestrong\/wp-content\/plugins\/jquery-image-lazy-loading\/images\/grey.gif\" data-original=\"http:\/\/www.supportinglivestrong.nl\/supportinglivestrong\/wp-content\/uploads\/2010\/08\/TitelbalkHealthCity.jpg\" width=\"599\" height=\"63\" srcset=\"https:\/\/www.supportinglivestrong.nl\/supportinglivestrong\/wp-content\/uploads\/2010\/08\/TitelbalkHealthCity.jpg 749w, https:\/\/www.supportinglivestrong.nl\/supportinglivestrong\/wp-content\/uploads\/2010\/08\/TitelbalkHealthCity-300x31.jpg 300w\" sizes=\"(max-width: 599px) 100vw, 599px\" \/><noscript><img loading=\"lazy\" class=\"alignleft size-full wp-image-6143\" title=\"TitelbalkHealthCity\" alt=\"\" src=\"http:\/\/www.supportinglivestrong.nl\/supportinglivestrong\/wp-content\/uploads\/2010\/08\/TitelbalkHealthCity.jpg\" width=\"599\" height=\"63\" srcset=\"https:\/\/www.supportinglivestrong.nl\/supportinglivestrong\/wp-content\/uploads\/2010\/08\/TitelbalkHealthCity.jpg 749w, https:\/\/www.supportinglivestrong.nl\/supportinglivestrong\/wp-content\/uploads\/2010\/08\/TitelbalkHealthCity-300x31.jpg 300w\" sizes=\"(max-width: 599px) 100vw, 599px\" \/><\/noscript><\/p>\n<p><strong>Tour de Healthcity &#8211; <\/strong>Heb je altijd al zelf de Tour de France willen fietsen? Dat kan deze zomer bij HealthCity!<\/p>\n<p>Tot en met de laatste dag van de Tour de France op 22 juli kan jij deze uitdaging aangaan en schitterende prijzen winnen. Elke dag fiets je een stukje van de etappe van de Tour de France. <span style=\"text-decoration: underline;\"><a href=\"http:\/\/www.healthcity.nl\/tourhealthcity\" target=\"_blank\"><span style=\"color: #993300;\">De Tour de HealthCity<\/span><\/a><\/span> bestaat uit vlakke etappes, bergetappes en tijdritten. Ben jij de snelste van jouw club? Registreer jouw ritten op \u00e9\u00e9n van <span style=\"text-decoration: underline;\"><a href=\"http:\/\/www.healthcity.nl\/ons-aanbod\/clubfinder\" target=\"_blank\"><span style=\"color: #993300;\">de HealtCity clubs in Nederland<\/span><\/a><\/span> en wie weet ben jij wel de gelukkige winnaar&#8230;<\/p>\n<p><strong>Noteer onderstaande data in je agenda:<\/strong><\/p>\n<ul>\n<li>Tot en met 22 juli: <span style=\"text-decoration: underline;\"><a href=\"http:\/\/www.healthcity.nl\/tourhealthcity\" target=\"_blank\"><span style=\"color: #993300;\">Tour de HealthCity<\/span><\/a><\/span><\/li>\n<li>22 juli 2012: Uitreiking winnaar Tour de HealthCity. Op deze dag wordt ook een speciale cyclingclass in groepsverband georganiseerd. <span style=\"text-decoration: underline;\"><a href=\"http:\/\/www.healthcity.nl\/tourhealthcity\" target=\"_blank\"><span style=\"color: #993300;\">Lees meer &gt;&gt;<\/span><\/a><\/span><\/li>\n<\/ul>\n<p>LIVESTRONG_NL wil de &#8216;awareness&#8217; voor het kankerprobleem verhogen, geld inzamelen om voor een belangrijk deel Nederlandse kankerprojecten te ondersteunen en mensen informeren over wat men kan doen om het risico op kanker te verlagen. In het kader van een gezondere leefstijl &#8211; o.a. <span style=\"text-decoration: underline;\"><a href=\"http:\/\/preventie.kwfkankerbestrijding.nl\/beweging\/Pages\/default.aspx\" target=\"_blank\"><span style=\"color: #993300;\">voldoende bewegen<\/span><\/a><\/span> &#8211; hopen we een positieve bijdrage te kunnen leveren en ondersteunden we dit initiatief van HealthCity van harte.<\/p>\n<\/div>\n<div style=\"text-align: center;\">[Not a valid template]<\/div>\n<p><span style=\"color: #999999;\">&#8230;&#8230;&#8230;&#8230;&#8230;&#8230;&#8230;&#8230;&#8230;&#8230;&#8230;&#8230;&#8230;&#8230;&#8230;&#8230;&#8230;&#8230;&#8230;&#8230;&#8230;&#8230;&#8230;&#8230;&#8230;&#8230;&#8230;&#8230;&#8230;&#8230;&#8230;&#8230;&#8230;&#8230;&#8230;&#8230;&#8230;&#8230;&#8230;&#8230;&#8230;&#8230;&#8230;&#8230;&#8230;&#8230;&#8230;&#8230;&#8230;&#8230;&#8230;&#8230;&#8230;&#8230;&#8230;&#8230;&#8230;&#8230;&#8230;&#8230;<\/span><\/p>\n<p><a name=\"v4ch-Grand Depart\"><\/a><\/p>\n<div id=\"_mcePaste\"><img loading=\"lazy\" class=\"lazy alignleft size-full wp-image-6085\" title=\"Titelbalk-Wielerland\" alt=\"\" src=\"https:\/\/www.supportinglivestrong.nl\/supportinglivestrong\/wp-content\/plugins\/jquery-image-lazy-loading\/images\/grey.gif\" data-original=\"http:\/\/www.supportinglivestrong.nl\/supportinglivestrong\/wp-content\/uploads\/2010\/08\/Titelbalk-Wielerland.jpg\" width=\"599\" height=\"63\" srcset=\"https:\/\/www.supportinglivestrong.nl\/supportinglivestrong\/wp-content\/uploads\/2010\/08\/Titelbalk-Wielerland.jpg 749w, https:\/\/www.supportinglivestrong.nl\/supportinglivestrong\/wp-content\/uploads\/2010\/08\/Titelbalk-Wielerland-300x31.jpg 300w\" sizes=\"(max-width: 599px) 100vw, 599px\" \/><noscript><img loading=\"lazy\" class=\"alignleft size-full wp-image-6085\" title=\"Titelbalk-Wielerland\" alt=\"\" src=\"http:\/\/www.supportinglivestrong.nl\/supportinglivestrong\/wp-content\/uploads\/2010\/08\/Titelbalk-Wielerland.jpg\" width=\"599\" height=\"63\" srcset=\"https:\/\/www.supportinglivestrong.nl\/supportinglivestrong\/wp-content\/uploads\/2010\/08\/Titelbalk-Wielerland.jpg 749w, https:\/\/www.supportinglivestrong.nl\/supportinglivestrong\/wp-content\/uploads\/2010\/08\/Titelbalk-Wielerland-300x31.jpg 300w\" sizes=\"(max-width: 599px) 100vw, 599px\" \/><\/noscript><\/div>\n<div><strong>Toertocht Grand D\u00e9part in de Kuip, Rotterdam &#8211; <\/strong>Zaterdag 29 juni was de laatste toertocht in de serie van de Wielerland\/Vacansoleil4Challenge voor seizoen 2011\/&#8217;12. Die dag startte ook de <a href=\"http:\/\/www.youtube.com\/watch?v=-RlRscpScUg&amp;feature=related\" target=\"_blank\"><span style=\"color: #993300;\">Tour de France<\/span><\/a>. Dit jaar had de Toertocht Grand D\u00e9part Rotterdam weer een uitdagend parcours. De toerfietsers konden hierbij deelnemen aan 4 tochten van verschillende afstanden. Zowel de start als de finish waren in de <a href=\"http:\/\/maps.google.nl\/maps\/place?q=Stadion+Feijenoord+N.V.,+Van+Zandvlietplein+1,+3077+AA+Rotterdam&amp;hl=nl&amp;cid=3055835764598994420\" target=\"_blank\"><span style=\"color: #993300;\">Kuip in Rotterdam<\/span><\/a>. Uiteraard was LIVESTRONG NL prominent aanwezig.<\/div>\n<div><span style=\"color: #ffffff;\">.<\/span><\/div>\n<div id=\"_mcePaste\">Meer dan duizend toerfietsers kwamen naar <a href=\"http:\/\/maps.google.nl\/maps\/place?q=Stadion+Feijenoord+N.V.,+Van+Zandvlietplein+1,+3077+AA+Rotterdam&amp;hl=nl&amp;cid=3055835764598994420\" target=\"_blank\"><span style=\"color: #993300;\">de Kuip<\/span><\/a> en beleefden samen dit geweldige evenement! Ook prominenten zoals Frits Barend en Chris Tatus waren aanwezig. <span style=\"color: #000000;\">Kijk voor meer foto&#8217;s van het evenement op onze <\/span><span style=\"text-decoration: underline;\"><a href=\"http:\/\/www.facebook.com\/media\/set\/?set=a.407854239261390.85846.183953221651494&amp;type=3\" target=\"_blank\"><span style=\"color: #993300;\">Facebookpagina &gt;&gt;<\/span><\/a><\/span><\/div>\n<div><span style=\"color: #ffffff;\">.<\/span><\/div>\n<div>Voor meer informatie over de volgende<span style=\"color: #000000;\"> Vacansoleil4Challenge toertochten <\/span>voor seizoen 2012\/&#8217;13 <span style=\"color: #993300;\"><a href=\"http:\/\/www.wielerland4challenge.nl\/index.php\" target=\"_blank\"><span style=\"color: #993300;\">klik hier &gt;&gt;<\/span><\/a><\/span><\/div>\n<div><span style=\"color: #ffffff;\">.<\/span><\/div>\n<div style=\"text-align: center;\">[Not a valid template]<\/div>\n<p><span style=\"color: #999999;\">&#8230;&#8230;&#8230;&#8230;&#8230;&#8230;&#8230;&#8230;&#8230;&#8230;&#8230;&#8230;&#8230;&#8230;&#8230;&#8230;&#8230;&#8230;&#8230;&#8230;&#8230;&#8230;&#8230;&#8230;&#8230;&#8230;&#8230;&#8230;&#8230;&#8230;&#8230;&#8230;&#8230;&#8230;&#8230;&#8230;&#8230;&#8230;&#8230;&#8230;&#8230;&#8230;&#8230;&#8230;&#8230;&#8230;&#8230;&#8230;&#8230;&#8230;&#8230;&#8230;&#8230;&#8230;&#8230;&#8230;&#8230;&#8230;&#8230;&#8230;<\/span><\/p>\n<p><a name=\"Ramona\"><\/a><\/p>\n<p style=\"text-align: left;\"><strong><img loading=\"lazy\" class=\"lazy alignleft size-full wp-image-5994\" title=\"TitelbalkVierdaagse---Ramon\" alt=\"\" src=\"https:\/\/www.supportinglivestrong.nl\/supportinglivestrong\/wp-content\/plugins\/jquery-image-lazy-loading\/images\/grey.gif\" data-original=\"http:\/\/www.supportinglivestrong.nl\/supportinglivestrong\/wp-content\/uploads\/2010\/08\/TitelbalkVierdaagse-Ramon.jpg\" width=\"599\" height=\"63\" srcset=\"https:\/\/www.supportinglivestrong.nl\/supportinglivestrong\/wp-content\/uploads\/2010\/08\/TitelbalkVierdaagse-Ramon.jpg 749w, https:\/\/www.supportinglivestrong.nl\/supportinglivestrong\/wp-content\/uploads\/2010\/08\/TitelbalkVierdaagse-Ramon-300x31.jpg 300w\" sizes=\"(max-width: 599px) 100vw, 599px\" \/><noscript><img loading=\"lazy\" class=\"alignleft size-full wp-image-5994\" title=\"TitelbalkVierdaagse---Ramon\" alt=\"\" src=\"http:\/\/www.supportinglivestrong.nl\/supportinglivestrong\/wp-content\/uploads\/2010\/08\/TitelbalkVierdaagse-Ramon.jpg\" width=\"599\" height=\"63\" srcset=\"https:\/\/www.supportinglivestrong.nl\/supportinglivestrong\/wp-content\/uploads\/2010\/08\/TitelbalkVierdaagse-Ramon.jpg 749w, https:\/\/www.supportinglivestrong.nl\/supportinglivestrong\/wp-content\/uploads\/2010\/08\/TitelbalkVierdaagse-Ramon-300x31.jpg 300w\" sizes=\"(max-width: 599px) 100vw, 599px\" \/><\/noscript><\/strong><\/p>\n<p style=\"text-align: left;\"><strong>Kanker raakt iedereen<\/strong> &#8211; En kanker heeft ook mij geraakt. Ik had altijd een goede band met mijn oom, de broer van mijn vader. Hij was wielerliefhebber en keek ieder jaar naar de Tour de France. Hierdoor wist ik al op jonge leeftijd wie Lance Armstrong was. Mijn oom is helaas veel te jong overleden aan een hersentumor. Vervolgens kreeg mijn tante darmkanker, maar gelukkig is zij met goed resultaat geopereerd. Ook een aantal andere vrienden en bekenden in mijn directe omgeving zijn overleden aan kanker of zijn nu in gevecht met deze ziekte. Ik ben vaak in gedachte bij ze en de emotie die ik dan voel wil ik omzetten in een actie. Met mijn Vierdaagse voor LIVESTRONG NL dit jaar wil ik iedereen steunen, diegenen die de strijd tegen kanker nu voeren of hebben gevoerd en hun dierbaren.<\/p>\n<p><strong>Mijn naam is Ramona Bosman<\/strong> en sinds 1997 ben ik werkzaam bij de Koninklijke Marine (KM). Ik werk voornamelijk in <span style=\"text-decoration: underline;\"><a href=\"http:\/\/nl.wikipedia.org\/wiki\/Korps_Mariniers\" target=\"_blank\"><span style=\"color: #993300;\">Doorn bij het Korps Mariniers<\/span><\/a><\/span>. Tijdens mijn diensttijd ben ik verpleegkundige geworden. Door mijn werk bij de KM heb ik veel van de wereld kunnen gezien en op veel verschillende locaties mensen geholpen.<\/p>\n<p>Doneer via <span style=\"text-decoration: underline;\"><a href=\"http:\/\/www.supportinglivestrong.nl\/supportinglivestrong\/?page_id=5915\" target=\"_blank\"><span style=\"color: #993300;\">mijn persoonlijke pagina&gt;&gt;<\/span><\/a><\/span> of lees meer op <span style=\"text-decoration: underline;\"><a href=\"http:\/\/www.supportinglivestrong.nl\/supportinglivestrong\/?p=5958\" target=\"_blank\"><span style=\"color: #993300;\">mijn blog&gt;&gt;<\/span><\/a><\/span><\/p>\n<p style=\"text-align: center;\"><span style=\"color: #999999;\"><span style=\"color: #000000;\">[Not a valid template]<\/span><\/span><\/p>\n<p><span>&#8230;&#8230;&#8230;&#8230;&#8230;&#8230;&#8230;&#8230;&#8230;&#8230;&#8230;&#8230;&#8230;&#8230;&#8230;&#8230;&#8230;&#8230;&#8230;&#8230;&#8230;&#8230;&#8230;&#8230;&#8230;&#8230;&#8230;&#8230;&#8230;&#8230;&#8230;&#8230;&#8230;&#8230;&#8230;&#8230;&#8230;&#8230;&#8230;&#8230;&#8230;&#8230;&#8230;&#8230;&#8230;&#8230;&#8230;&#8230;&#8230;&#8230;&#8230;&#8230;&#8230;&#8230;&#8230;&#8230;&#8230;&#8230;&#8230;&#8230;<\/span><\/p>\n<p><a name=\"RidefortheRoses_Belgie_2012\"><\/a><\/p>\n<p style=\"text-align: left;\"><strong><img loading=\"lazy\" class=\"lazy alignleft size-full wp-image-6008\" title=\"Titelbalk RftR Belgie\" alt=\"\" src=\"https:\/\/www.supportinglivestrong.nl\/supportinglivestrong\/wp-content\/plugins\/jquery-image-lazy-loading\/images\/grey.gif\" data-original=\"http:\/\/www.supportinglivestrong.nl\/supportinglivestrong\/wp-content\/uploads\/2010\/08\/TitelbalkRftR-Belgie.jpg\" width=\"599\" height=\"63\" srcset=\"https:\/\/www.supportinglivestrong.nl\/supportinglivestrong\/wp-content\/uploads\/2010\/08\/TitelbalkRftR-Belgie.jpg 749w, https:\/\/www.supportinglivestrong.nl\/supportinglivestrong\/wp-content\/uploads\/2010\/08\/TitelbalkRftR-Belgie-300x31.jpg 300w\" sizes=\"(max-width: 599px) 100vw, 599px\" \/><noscript><img loading=\"lazy\" class=\"alignleft size-full wp-image-6008\" title=\"Titelbalk RftR Belgie\" alt=\"\" src=\"http:\/\/www.supportinglivestrong.nl\/supportinglivestrong\/wp-content\/uploads\/2010\/08\/TitelbalkRftR-Belgie.jpg\" width=\"599\" height=\"63\" srcset=\"https:\/\/www.supportinglivestrong.nl\/supportinglivestrong\/wp-content\/uploads\/2010\/08\/TitelbalkRftR-Belgie.jpg 749w, https:\/\/www.supportinglivestrong.nl\/supportinglivestrong\/wp-content\/uploads\/2010\/08\/TitelbalkRftR-Belgie-300x31.jpg 300w\" sizes=\"(max-width: 599px) 100vw, 599px\" \/><\/noscript><\/strong><\/p>\n<p><strong><span style=\"color: #ffffff;\"> .<\/span><\/strong><\/p>\n<p><strong>Ride for the Roses Belgi\u00eb<\/strong> &#8211; Zondag 24 juni vond de 9e editie van de Ride for the Roses in de Belgische kustplaats Bredene. Met deze tocht zamelden wielerliefhebbers geld in voor de strijd tegen kanker.<\/p>\n<p><strong>Samenwerking<\/strong><br \/>\nDe Ride for the Roses Belgi\u00eb en onze Nederlandse LIVESTRONG stichting werken samen. Deze samenwerking is er vooral op gebaseerd elkaar te ondersteunen om doelen te behalen met betrekking tot het steunen van de strijd tegen kanker.<\/p>\n<p><strong>Voor iedereen<\/strong><br \/>\nDeze tocht was niet alleen bedoeld voor wielerliefhebbers, ook voor gezinnen en families was dit een uniek evenement. Ook dit jaar was niemand minder dan &#8216;s werelds beste wielrenner aller tijden, <span style=\"text-decoration: underline;\"><a href=\"http:\/\/www.youtube.com\/watch?v=_nBHLHeTT4k\" target=\"_blank\"><span style=\"color: #993300;\">Eddy Merckx<\/span><\/a><\/span>, ambassadeur van de Ride for the Roses in Belgi\u00eb. <span style=\"text-decoration: underline;\"><a href=\"http:\/\/nl.wikipedia.org\/wiki\/Eddy_Merckx\" target=\"_blank\"><span style=\"color: #993300;\">Eddy Merckx<\/span><\/a><\/span> zet zich 100% in voor dit doel en hoopt door zijn rol als ambassadeur een steentje bij te dragen aan de strijd tegen kanker. Zie ook de website van <span style=\"text-decoration: underline;\"><a href=\"http:\/\/www.ridefortheroses.be\/index.php?page=nieuws\" target=\"_blank\"><span style=\"color: #993300;\">Ride for the Roses Belgi\u00eb &gt;&gt;<\/span><\/a><\/span><\/p>\n<p>Ook voor de kinderen was er veel te doen. De hele namiddag was er animatie en de kinderen konden genieten van de Ketnetband met een gastoptreden van en een meet &amp; greet met <span style=\"text-decoration: underline;\"><a href=\"http:\/\/www.ketnet.be\/kijken\/kaatje\" target=\"_blank\"><span style=\"color: #993300;\">Kaatje<\/span><\/a><\/span>.<\/p>\n<p><span style=\"text-decoration: underline;\"><a href=\"http:\/\/www.bredene.be\/college2011.asp?Pid=1\" target=\"_blank\"><span style=\"color: #993300;\">Steve Vandenberghe<\/span><\/a><\/span>, de burgemeester van Bredene, heeft deze Ride for the Roses Belgi\u00eb zelf meegefietst en sprak de deelnemers en alle toeschouwers na afloop hartverwarmend toe. Hij dankte een ieder die, ondanks het gure weer, had deelgenomen en een bijdrage had geleverd. <span style=\"text-align: left;\">Dat slecht weer en fietsen geen goede vrienden zijn bleek helaas ook bij deze editie, waardoor het deelnemersaantal helaas tegen viel. Afgezien daarvan was de sfeer geweldig.<\/span><\/p>\n<p><span style=\"text-align: left;\"><span style=\"color: #000000;\">Kijk voor meer foto&#8217;s van het evenement op <span style=\"text-decoration: underline;\"><a href=\"http:\/\/www.facebook.com\/media\/set\/?set=a.405402296173251.85359.183953221651494&amp;type=1&amp;notif_t=like\" target=\"_blank\"><span style=\"color: #993300;\">onze <\/span><\/a><\/span><\/span><span style=\"color: #993300; text-align: -webkit-auto;\"><span style=\"color: #000000;\"><span style=\"text-decoration: underline;\"><a href=\"http:\/\/www.facebook.com\/media\/set\/?set=a.405402296173251.85359.183953221651494&amp;type=1&amp;notif_t=like\" target=\"_blank\"><span style=\"color: #993300;\">Facebookpagina &gt;&gt;<\/span><\/a><\/span> <\/span><\/span><\/span><\/p>\n<p style=\"text-align: center;\"><span style=\"color: #999999;\"><span style=\"color: #000000;\">[Not a valid template]<\/span><\/span><\/p>\n<p><span>&#8230;&#8230;&#8230;&#8230;&#8230;&#8230;&#8230;&#8230;&#8230;&#8230;&#8230;&#8230;&#8230;&#8230;&#8230;&#8230;&#8230;&#8230;&#8230;&#8230;&#8230;&#8230;&#8230;&#8230;&#8230;&#8230;&#8230;&#8230;&#8230;&#8230;&#8230;&#8230;&#8230;&#8230;&#8230;&#8230;&#8230;&#8230;&#8230;&#8230;&#8230;&#8230;&#8230;&#8230;&#8230;&#8230;&#8230;&#8230;&#8230;&#8230;&#8230;&#8230;&#8230;&#8230;&#8230;&#8230;&#8230;&#8230;&#8230;&#8230;<\/span><\/p>\n<p><a name=\"VVVZuidlimburg\"><\/a><\/p>\n<p style=\"text-align: left;\"><img loading=\"lazy\" class=\"lazy alignleft size-full wp-image-5837\" title=\"TitelbalkVVV-Z-L\" alt=\"\" src=\"https:\/\/www.supportinglivestrong.nl\/supportinglivestrong\/wp-content\/plugins\/jquery-image-lazy-loading\/images\/grey.gif\" data-original=\"http:\/\/www.supportinglivestrong.nl\/supportinglivestrong\/wp-content\/uploads\/2010\/08\/TitelbalkVVV-Z-L.jpg\" width=\"599\" height=\"63\" srcset=\"https:\/\/www.supportinglivestrong.nl\/supportinglivestrong\/wp-content\/uploads\/2010\/08\/TitelbalkVVV-Z-L.jpg 749w, https:\/\/www.supportinglivestrong.nl\/supportinglivestrong\/wp-content\/uploads\/2010\/08\/TitelbalkVVV-Z-L-300x31.jpg 300w\" sizes=\"(max-width: 599px) 100vw, 599px\" \/><noscript><img loading=\"lazy\" class=\"alignleft size-full wp-image-5837\" title=\"TitelbalkVVV-Z-L\" alt=\"\" src=\"http:\/\/www.supportinglivestrong.nl\/supportinglivestrong\/wp-content\/uploads\/2010\/08\/TitelbalkVVV-Z-L.jpg\" width=\"599\" height=\"63\" srcset=\"https:\/\/www.supportinglivestrong.nl\/supportinglivestrong\/wp-content\/uploads\/2010\/08\/TitelbalkVVV-Z-L.jpg 749w, https:\/\/www.supportinglivestrong.nl\/supportinglivestrong\/wp-content\/uploads\/2010\/08\/TitelbalkVVV-Z-L-300x31.jpg 300w\" sizes=\"(max-width: 599px) 100vw, 599px\" \/><\/noscript><\/p>\n<p style=\"text-align: left;\"><strong>VVV Zuid-Limburg steunt LIVESTRONG<\/strong> &#8211; <span style=\"text-decoration: underline;\"><a href=\"http:\/\/ow.ly\/beeQz \" target=\"_blank\"><span style=\"color: #993300;\">VVV Zuid-Limburg<\/span><\/a><\/span> vindt het belangrijk om ook een maatschappelijke bijdrage te leveren. &#8220;Daarom zijn we een samenwerking aangegaan met &#8216;The Lance Armstrong Foundation&#8217; &#8211; LIVESTRONG &#8211; een organisatie opgezet door Lance Armstrong, die de strijd tegen kanker aangaat.<\/p>\n<p style=\"text-align: left;\">Hiermee is ook een wens van de Nederlandse LIVESTRONG stichting in vervulling gegaan\u009d&#8221;. &#8220;Met toeristisch en fietsrijk Zuid-Limburg als nieuw afzetkanaal voor onze producten en projecten kunnen wij samen mensen motiveren te gaan sporten en te strijden tegen kanker&#8221;\u009d. Uiteraard komt deze samenwerking tot uiting op de communicatiedragers van zowel VVV Zuid-Limburg als LIVESTRONG_NL. <span style=\"text-decoration: underline;\"><span style=\"color: #993300;\"><a href=\"http:\/\/ow.ly\/beg1Y \" target=\"_blank\"><span style=\"color: #993300;\">Lees meer &gt;&gt;<\/span><\/a><\/span><\/span><\/p>\n<p><strong>Valkenburg heeft nu unieke &#8220;Wielerwandeling&#8221;<\/strong><\/p>\n<p>VVV Zuid-Limburg had al langer het idee, om een historische wielerwandeling te ontwikkelen voor toeristen en inwoners. Jaarlijks krijgt Zuid-Limburg vele wielerliefhebbers te gast die naar Zuid-Limburg komen voor de jaarlijkse en periodieke wielerklassiekers. Met het oog op het WK is de nieuwe wandeling versneld tot stand gekomen.<\/p>\n<p style=\"text-align: left;\">&#8220;Wielrennen is belangrijk voor Zuid-Limburg. In het verleden hebben diverse grote wielerevenementen zoals de Tour de France, diverse WK&#8217;s en EK&#8217;s en natuurlijk de Amstel Gold Race gezorgd voor een behoorlijke economische spin off. Bovendien blijkt uit ervaringscijfers, dat extra terugkomgasten na een dergelijk evenement te verwachten zijn&#8221;\u009d aldus Anya Niewierra. Valkenburg speelt tijdens grote wielerwedstrijden altijd een sleutelrol, niet zo vreemd dus dat hier de eerste wielerwandeling van Nederland is ontstaan. Tijdens deze persconferentie maakten VVV Zuid-Limburg en de Nederlandse Livestrong stichting van de gelegenheid gebruik om hun samenwerking kenbaar te maken. <a href=\"http:\/\/www.vvvzuidlimburg.nl\/corporate\/nieuws\/nieuws.aspx?id=4\" target=\"_blank\"><span style=\"color: #993300;\">Lees meer &gt;&gt;<\/span><\/a><\/p>\n<p style=\"text-align: center;\"><span style=\"color: #999999;\"><span style=\"color: #000000;\">[Not a valid template]<\/span><\/span><\/p>\n<p><span>&#8230;&#8230;&#8230;&#8230;&#8230;&#8230;&#8230;&#8230;&#8230;&#8230;&#8230;&#8230;&#8230;&#8230;&#8230;&#8230;&#8230;&#8230;&#8230;&#8230;&#8230;&#8230;&#8230;&#8230;&#8230;&#8230;&#8230;&#8230;&#8230;&#8230;&#8230;&#8230;&#8230;&#8230;&#8230;&#8230;&#8230;&#8230;&#8230;&#8230;&#8230;&#8230;&#8230;&#8230;&#8230;&#8230;&#8230;&#8230;&#8230;&#8230;&#8230;&#8230;&#8230;&#8230;&#8230;&#8230;&#8230;&#8230;&#8230;&#8230;<\/span><\/p>\n<p><a name=\"DeltaRideftRoses_2012\"><\/a><\/p>\n<p style=\"text-align: left;\"><img loading=\"lazy\" class=\"lazy alignleft size-full wp-image-5830\" title=\"Titelbalk Delta Ride for the Roses\" alt=\"\" src=\"https:\/\/www.supportinglivestrong.nl\/supportinglivestrong\/wp-content\/plugins\/jquery-image-lazy-loading\/images\/grey.gif\" data-original=\"http:\/\/www.supportinglivestrong.nl\/supportinglivestrong\/wp-content\/uploads\/2010\/08\/TitelbalkDeltaRftR.jpg\" width=\"599\" height=\"63\" srcset=\"https:\/\/www.supportinglivestrong.nl\/supportinglivestrong\/wp-content\/uploads\/2010\/08\/TitelbalkDeltaRftR.jpg 749w, https:\/\/www.supportinglivestrong.nl\/supportinglivestrong\/wp-content\/uploads\/2010\/08\/TitelbalkDeltaRftR-300x31.jpg 300w\" sizes=\"(max-width: 599px) 100vw, 599px\" \/><noscript><img loading=\"lazy\" class=\"alignleft size-full wp-image-5830\" title=\"Titelbalk Delta Ride for the Roses\" alt=\"\" src=\"http:\/\/www.supportinglivestrong.nl\/supportinglivestrong\/wp-content\/uploads\/2010\/08\/TitelbalkDeltaRftR.jpg\" width=\"599\" height=\"63\" srcset=\"https:\/\/www.supportinglivestrong.nl\/supportinglivestrong\/wp-content\/uploads\/2010\/08\/TitelbalkDeltaRftR.jpg 749w, https:\/\/www.supportinglivestrong.nl\/supportinglivestrong\/wp-content\/uploads\/2010\/08\/TitelbalkDeltaRftR-300x31.jpg 300w\" sizes=\"(max-width: 599px) 100vw, 599px\" \/><\/noscript><\/p>\n<p style=\"text-align: left;\"><strong>DELTA Ride for the Roses<\/strong> &#8211; 16 Juni was het weer zover want de regionale Ride for the Roses in Zeeland ging weer van start! Evenals voorgaande jaren waren er weer 4 verschillende afstanden: 25km, 50km, 80km en de 120km. (<span style=\"text-decoration: underline;\"><a href=\"http:\/\/www.deltaridefortheroses.nl\/\" target=\"_blank\"><span style=\"color: #993300;\">Lees meer &gt;&gt;<\/span><\/a><\/span>)<\/p>\n<p><span style=\"text-decoration: underline;\"><a href=\"http:\/\/www.deltaridefortheroses.nl\/informatie\/livestrong.htm\" target=\"_blank\"><span style=\"color: #993300;\">DELTA Ride for the Roses en onze Nederlandse LIVESTRONG stichting<\/span><\/a><\/span> werkten weer samen voor de 2012 editie, net zoals tijdens het evenement van 2011. Zowel de DELTA Ride for the Roses als LIVESTRONG_NL hebben namelijk tot doel om geld in te zamelen voor onderzoek ter bestrijding van kanker. Ride for the Roses en LIVESTRONG zijn beide een sportief initiatief van zevenvoudig Tour de France-winnaar Lance Armstrong. Een voor de hand liggende samenwerking vinden beide organisaties.<\/p>\n<p>Ons LIVESTRONG_NL team droeg bij door samen te werken met partner Delta Ride for the Roses tijdens de promotie en realisatie van dit evenement. Ter afsluiting van de 4 toertochten werden de deelnemers bij terugkomst feestelijk ontvangen met muziek en dans. Teamleden deelden een goed gevulde goodiebag van de diverse sponsoren aan de deelnemers uit. (<span style=\"text-decoration: underline;\"><a href=\"http:\/\/www.deltaridefortheroses.nl\/fotogallery\/id:4\/album:fotos-2012.htm\" target=\"_blank\"><span style=\"color: #993300;\">Zie foto&#8217;s editie 2012 &gt;&gt;<\/span><\/a><\/span>)<\/p>\n<p>DELTA Ride for the Roses Zeeland startte vanuit de Zeelandhallen in Goes. DELTA Ride for the Roses bracht dit jaar\u00a0 \u20ac 144.324,66 op. <span style=\"text-decoration: underline;\"><a href=\"http:\/\/www.pzc.nl\/regio\/zeeland\/11227857\/Recordaantal-deelnemers-Delta-Ride-for-the-Roses-in-Goes.ece\" target=\"_blank\"><span style=\"color: #993300;\">Een kort verslag door PZC (video) &gt;&gt;<\/span><\/a><\/span><\/p>\n<p><span style=\"color: #ffffff;\">.<\/span><\/p>\n<p><span style=\"color: #993300;\"><span style=\"color: #000000;\">Kijk voor meer foto&#8217;s van het evenement op onze <\/span><span style=\"text-decoration: underline;\"><a href=\"http:\/\/ow.ly\/bHDSF \" target=\"_blank\"><span style=\"color: #993300;\">Facebookpagina &gt;&gt;<\/span><\/a><\/span> <\/span><\/p>\n<p style=\"text-align: center;\"><span style=\"color: #999999;\"><span style=\"color: #000000;\">[Not a valid template]<\/span><\/span><\/p>\n<p><span>&#8230;&#8230;&#8230;&#8230;&#8230;&#8230;&#8230;&#8230;&#8230;&#8230;&#8230;&#8230;&#8230;&#8230;&#8230;&#8230;&#8230;&#8230;&#8230;&#8230;&#8230;&#8230;&#8230;&#8230;&#8230;&#8230;&#8230;&#8230;&#8230;&#8230;&#8230;&#8230;&#8230;&#8230;&#8230;&#8230;&#8230;&#8230;&#8230;&#8230;&#8230;&#8230;&#8230;&#8230;&#8230;&#8230;&#8230;&#8230;&#8230;&#8230;&#8230;&#8230;&#8230;&#8230;&#8230;&#8230;&#8230;&#8230;&#8230;&#8230;<\/span><\/p>\n<p style=\"text-align: left;\"><img loading=\"lazy\" class=\"lazy alignleft size-full wp-image-5688\" title=\"Titelbalk_Ride4aSmile\" alt=\"\" src=\"https:\/\/www.supportinglivestrong.nl\/supportinglivestrong\/wp-content\/plugins\/jquery-image-lazy-loading\/images\/grey.gif\" data-original=\"http:\/\/www.supportinglivestrong.nl\/supportinglivestrong\/wp-content\/uploads\/2010\/08\/Titelbalk_Ride4aSmile.jpg\" width=\"599\" height=\"63\" srcset=\"https:\/\/www.supportinglivestrong.nl\/supportinglivestrong\/wp-content\/uploads\/2010\/08\/Titelbalk_Ride4aSmile.jpg 749w, https:\/\/www.supportinglivestrong.nl\/supportinglivestrong\/wp-content\/uploads\/2010\/08\/Titelbalk_Ride4aSmile-300x31.jpg 300w\" sizes=\"(max-width: 599px) 100vw, 599px\" \/><noscript><img loading=\"lazy\" class=\"alignleft size-full wp-image-5688\" title=\"Titelbalk_Ride4aSmile\" alt=\"\" src=\"http:\/\/www.supportinglivestrong.nl\/supportinglivestrong\/wp-content\/uploads\/2010\/08\/Titelbalk_Ride4aSmile.jpg\" width=\"599\" height=\"63\" srcset=\"https:\/\/www.supportinglivestrong.nl\/supportinglivestrong\/wp-content\/uploads\/2010\/08\/Titelbalk_Ride4aSmile.jpg 749w, https:\/\/www.supportinglivestrong.nl\/supportinglivestrong\/wp-content\/uploads\/2010\/08\/Titelbalk_Ride4aSmile-300x31.jpg 300w\" sizes=\"(max-width: 599px) 100vw, 599px\" \/><\/noscript><\/p>\n<p style=\"text-align: left;\"><strong>Ride4aSmile 2012 &#8211; <\/strong>Zondag 13 mei 2012 werd de 3-de editie van de <span style=\"text-decoration: underline;\"><a href=\"http:\/\/www.ride4asmile.nl\/\" target=\"_blank\"><span style=\"color: #993300;\">wielertoertocht Ride4asmile<\/span><\/a><\/span> gereden met als start en finish het unieke <span style=\"text-decoration: underline;\"><a href=\"http:\/\/www.wilgenweard.nl\/\" target=\"_blank\"><span style=\"color: #993300;\">Wilgeweard in Nijverdal<\/span><\/a><\/span>. Ride4asmile werd mede mogelijk gemaakt door studenten van de opleiding Commerci\u00eble Economie en door een team van docenten van <span style=\"text-decoration: underline;\"><a href=\"http:\/\/saxion.nl\/\" target=\"_blank\"><span style=\"color: #993300;\">Saxion Hogeschool<\/span><\/a><\/span> te Deventer, die allen wielerliefhebbers zijn.<\/p>\n<p>Onze Nederlandse LIVESTRONG stichting ondersteunde het team van <span style=\"text-decoration: underline;\"><a href=\"http:\/\/www.ride4asmile.nl\/\" target=\"_blank\"><span style=\"color: #993300;\">Ride4aSmile<\/span><\/a><\/span>, de ambassadeurs Lars van der Haar en Bas Stamsnijder en stichting Matthijs in het geweldige initiatief.<\/p>\n<p><strong>Ten bate van jonge leukemiepati\u00ebnten<\/strong><\/p>\n<p>Alle opbrengsten van het evenement, gingen naar stichting Matthijs. Matthijs had een wens: &#8220;Als ik straks klaar ben met mijn ziekte, ga ik geld inzamelen voor het ziekenhuis. Ik wil het verblijf in een isolatiekamer voor leukemiepati\u00ebnten iets draaglijker maken. <span style=\"text-decoration: underline;\"><a href=\"http:\/\/www.stichtingmatthijs.nl\/matthijs_kienhuis.php\" target=\"_blank\"><span style=\"color: #993300;\">Matthijs Kienhuis<\/span><\/a><\/span> hield op met dromen&#8230; Slechts 23 jaar jong, 161 dagen isolatie. Acute leukemie.&#8221;<\/p>\n<p>Elke dag krijgen jonge mensen leukemie. Het medische personeel doet er alles aan om voor deze leukemiepati\u00ebnten de zon weer te laten schijnen, maar zij hebben niet altijd de middelen om dit te doen. Als iemand zo ziek is dat wekenlange isolatieverpleging noodzakelijk is, wordt zijn\/haar wereld heel klein. Wanneer je dan vervolgens 3 tot 4 weken achter elkaar niet je kamer uit mag, omdat iedere infectie je dood tot gevolg kan hebben, is elke vorm van afleiding welkom. Stichting Matthijs zet zich in om het verblijf van leukemiepati\u00ebnten in een isolatiekamer enigszins te veraangenamen. Kijk voor meer foto&#8217;s van het evenement op onze <span style=\"text-decoration: underline;\"><a href=\"http:\/\/www.facebook.com\/livestrongnl\/photos\" target=\"_blank\"><span style=\"color: #993300;\">Facebookpagina &gt;&gt;<\/span><\/a><\/span><\/p>\n<p style=\"text-align: center;\"><span style=\"color: #999999;\"><span style=\"color: #000000;\">[Not a valid template]<\/span><\/span><\/p>\n<p><strong>Ilse de Lange, zangeres en ambassadrice stichting Matthijs:<\/strong> &#8220;Het is zo belangrijk dat je niet afgesloten wordt van je familie en de rest van de wereld als je ziek bent. Dat op een of andere manier je leven ook een beetje &#8220;gewoon&#8221; blijft en doorgaat terwijl je wereld op z&#8217;n kop staat. <span style=\"text-decoration: underline;\"><a href=\"http:\/\/www.stichtingmatthijs.nl\/het_bestuur.php\" target=\"_blank\"><span style=\"color: #993300;\">Stichting Matthijs<\/span><\/a><\/span> zet zich hiervoor in en dat vind ik geweldig!&#8221;<\/p>\n<p><span>&#8230;&#8230;&#8230;&#8230;&#8230;&#8230;&#8230;&#8230;&#8230;&#8230;&#8230;&#8230;&#8230;&#8230;&#8230;&#8230;&#8230;&#8230;&#8230;&#8230;&#8230;&#8230;&#8230;&#8230;&#8230;&#8230;&#8230;&#8230;&#8230;&#8230;&#8230;&#8230;&#8230;&#8230;&#8230;&#8230;&#8230;&#8230;&#8230;&#8230;&#8230;&#8230;&#8230;&#8230;&#8230;&#8230;&#8230;&#8230;&#8230;&#8230;&#8230;&#8230;&#8230;&#8230;&#8230;&#8230;&#8230;&#8230;&#8230;&#8230;<\/span><\/p>\n<p><a name=\"Grenslandklassieker_2012\"><\/a><\/p>\n<p style=\"text-align: left;\"><img loading=\"lazy\" class=\"lazy alignleft size-full wp-image-5782\" title=\"TitelbalkGrenslandklassieke\" alt=\"\" src=\"https:\/\/www.supportinglivestrong.nl\/supportinglivestrong\/wp-content\/plugins\/jquery-image-lazy-loading\/images\/grey.gif\" data-original=\"http:\/\/www.supportinglivestrong.nl\/supportinglivestrong\/wp-content\/uploads\/2010\/08\/TitelbalkGrenslandklassieke.jpg\" width=\"599\" height=\"63\" srcset=\"https:\/\/www.supportinglivestrong.nl\/supportinglivestrong\/wp-content\/uploads\/2010\/08\/TitelbalkGrenslandklassieke.jpg 749w, https:\/\/www.supportinglivestrong.nl\/supportinglivestrong\/wp-content\/uploads\/2010\/08\/TitelbalkGrenslandklassieke-300x31.jpg 300w\" sizes=\"(max-width: 599px) 100vw, 599px\" \/><noscript><img loading=\"lazy\" class=\"alignleft size-full wp-image-5782\" title=\"TitelbalkGrenslandklassieke\" alt=\"\" src=\"http:\/\/www.supportinglivestrong.nl\/supportinglivestrong\/wp-content\/uploads\/2010\/08\/TitelbalkGrenslandklassieke.jpg\" width=\"599\" height=\"63\" srcset=\"https:\/\/www.supportinglivestrong.nl\/supportinglivestrong\/wp-content\/uploads\/2010\/08\/TitelbalkGrenslandklassieke.jpg 749w, https:\/\/www.supportinglivestrong.nl\/supportinglivestrong\/wp-content\/uploads\/2010\/08\/TitelbalkGrenslandklassieke-300x31.jpg 300w\" sizes=\"(max-width: 599px) 100vw, 599px\" \/><\/noscript><\/p>\n<p style=\"text-align: left;\"><strong>WTC Grenslandklassieker<\/strong> &#8211; Op 20 mei 2012 organiseerde <span style=\"text-decoration: underline;\"><a href=\"http:\/\/www.wtcgrensland.nl\/\" target=\"_blank\"><span style=\"color: #993300;\">WTC-Grensland<\/span><\/a><\/span> de 34ste Roger WijnenGrenslandklassieker. Na het succes van 2011 waren er dit jaar vier afstanden waaruit gekozen kon worden. De afstanden zijn 95, 145, 170 en 210 km afhankelijk van de definitieve route. In 2012 werd er voor het eerst een 40 km versie georganiseerd speciaal voor <span style=\"text-decoration: underline;\"><a href=\"http:\/\/www.wtcgrensland.nl\/deelnemers-met-beperking\" target=\"_blank\"><span style=\"color: #993300;\">fietsers met een lichamelijke beperking<\/span><\/a><\/span>.<\/p>\n<p>Het team van LIVESTRONG_NL was de organisatie <span style=\"text-decoration: underline;\"><a href=\"http:\/\/www.wtcgrensland.nl\/\" target=\"_blank\"><span style=\"color: #993300;\">WTC-Grensland<\/span><\/a><\/span> zeer dankbaar dat zij naast o.a. <span style=\"text-decoration: underline;\"><a href=\"http:\/\/www.topsportlimburg.nl\/default.aspx\" target=\"_blank\"><span style=\"color: #993300;\">Topsport Limburg<\/span><\/a><\/span> en <span style=\"text-decoration: underline;\"><a href=\"http:\/\/www.limburg2012.nl\/section.php?sid=items_nl&amp;items_vmd=svw&amp;items_id=home\" target=\"_blank\"><span style=\"color: #993300;\">WK wielrennen 2012<\/span><\/a><\/span> prominent aanwezig kon zijn tijdens deze toertocht. Het team heeft donaties geworven, het bewustzijn voor de strijd tegen kanker (awareness) vergroot en mensen ge\u00efnformeerd wat men kan doen om het risico op kanker te verlagen.<\/p>\n<p>Meer over de toertocht, de verloting van een Cube racefiets en een gesigneerd tijdritpak van Bauke Mollema lees je in de nieuwsbrief van WTC Grensland. <span style=\"text-decoration: underline;\"><a href=\"http:\/\/www.wtcgrensland.nl\/nieuwsbrief-2012-3\" target=\"_blank\"><span style=\"color: #993300;\">Lees meer &gt;&gt;<\/span><\/a><\/span><\/p>\n<p><span style=\"color: #000000;\">Kijk voor meer foto&#8217;s van het evenement op onze <span style=\"text-decoration: underline;\"><a href=\"http:\/\/www.facebook.com\/livestrongnl\/photos\" target=\"_blank\"><span style=\"color: #993300;\">Facebookpagina &gt;&gt;<\/span><\/a><\/span><\/span><\/p>\n<p style=\"text-align: center;\"><span style=\"color: #999999;\"><span style=\"color: #000000;\">[Not a valid template]<\/span><\/span><\/p>\n<p><span>&#8230;&#8230;&#8230;&#8230;&#8230;&#8230;&#8230;&#8230;&#8230;&#8230;&#8230;&#8230;&#8230;&#8230;&#8230;&#8230;&#8230;&#8230;&#8230;&#8230;&#8230;&#8230;&#8230;&#8230;&#8230;&#8230;&#8230;&#8230;&#8230;&#8230;&#8230;&#8230;&#8230;&#8230;&#8230;&#8230;&#8230;&#8230;&#8230;&#8230;&#8230;&#8230;&#8230;&#8230;&#8230;&#8230;&#8230;&#8230;&#8230;&#8230;&#8230;&#8230;&#8230;&#8230;&#8230;&#8230;&#8230;&#8230;&#8230;&#8230;<\/span><\/p>\n<p><a name=\"LimburgsMooiste_2012\"><\/a><\/p>\n<p style=\"text-align: left;\"><img loading=\"lazy\" class=\"lazy alignleft size-full wp-image-5756\" title=\"TitelbalkLM\" alt=\"\" src=\"https:\/\/www.supportinglivestrong.nl\/supportinglivestrong\/wp-content\/plugins\/jquery-image-lazy-loading\/images\/grey.gif\" data-original=\"http:\/\/www.supportinglivestrong.nl\/supportinglivestrong\/wp-content\/uploads\/2010\/08\/TitelbalkLM011.jpg\" width=\"599\" height=\"63\" srcset=\"https:\/\/www.supportinglivestrong.nl\/supportinglivestrong\/wp-content\/uploads\/2010\/08\/TitelbalkLM011.jpg 749w, https:\/\/www.supportinglivestrong.nl\/supportinglivestrong\/wp-content\/uploads\/2010\/08\/TitelbalkLM011-300x31.jpg 300w\" sizes=\"(max-width: 599px) 100vw, 599px\" \/><noscript><img loading=\"lazy\" class=\"alignleft size-full wp-image-5756\" title=\"TitelbalkLM\" alt=\"\" src=\"http:\/\/www.supportinglivestrong.nl\/supportinglivestrong\/wp-content\/uploads\/2010\/08\/TitelbalkLM011.jpg\" width=\"599\" height=\"63\" srcset=\"https:\/\/www.supportinglivestrong.nl\/supportinglivestrong\/wp-content\/uploads\/2010\/08\/TitelbalkLM011.jpg 749w, https:\/\/www.supportinglivestrong.nl\/supportinglivestrong\/wp-content\/uploads\/2010\/08\/TitelbalkLM011-300x31.jpg 300w\" sizes=\"(max-width: 599px) 100vw, 599px\" \/><\/noscript><\/p>\n<p style=\"text-align: left;\"><strong>&#8220;LIMBURGS MOOISTE&#8221; FIETSBEURS<\/strong>, op vrijdag 1 en zaterdag 2 juni 2012, was de openlucht fietsbeurs die onderdeel was van de toertocht Limburgs Mooiste . Deze Nederlandse bike-happening vond plaats op het Businesspark Avantis.<\/p>\n<p>Of je nu deelnam aan de LM toertochten of alleen als bezoeker kwam de toegang was gratis. Ook deelname aan het testen van de laatste fietsmodellen &#8211; race, mountainbike, 29-er of elektronisch schakelen &#8211; de demo&#8217;s, clinics en diverse serviceverlening op locatie was geheel kostenloos.<\/p>\n<p>Vakmensen van 50 TOP-merken waren aanwezig. Ook LIVESTRONG NL was prominent aanwezig. Enkele honderden bezoekers werden ge\u00efnformeerd over onze missie en doelen en konden een donatie doen. &#8211; Voor namen van andere exposanten zie: <span style=\"text-decoration: underline;\"><a href=\"http:\/\/www.limburgsmooiste.nl\/fietsbeurs\/\" target=\"_blank\"><span style=\"color: #993300;\">www.limburgsmooiste.nl<\/span><\/a><\/span><\/p>\n<p>Je kon jouw bike-feeling gecree\u00ebrd rond het thema FIETS ervaren. Er was een groot aanbod op het gebied van fietsen, kleding, componenten, accessoires, voeding, onderhoud. Het motto was niet voor niets: &#8220;Ben je als fietser veeleisend of recreatief\u2026 Geniet en beleef! Test en vorm je mening! <span style=\"text-decoration: underline;\"><a href=\"http:\/\/www.facebook.com\/media\/set\/?set=a.396388550407959.83844.183953221651494&amp;type=3\" target=\"_blank\"><span style=\"color: #993300;\">Check onze foto&#8217;s op facebook &gt;&gt;<\/span><\/a><\/span><\/p>\n<p style=\"text-align: center;\"><span style=\"color: #999999;\"><span style=\"color: #000000;\">[Not a valid template]<\/span><\/span><\/p>\n<p><span>&#8230;&#8230;&#8230;&#8230;&#8230;&#8230;&#8230;&#8230;&#8230;&#8230;&#8230;&#8230;&#8230;&#8230;&#8230;&#8230;&#8230;&#8230;&#8230;&#8230;&#8230;&#8230;&#8230;&#8230;&#8230;&#8230;&#8230;&#8230;&#8230;&#8230;&#8230;&#8230;&#8230;&#8230;&#8230;&#8230;&#8230;&#8230;&#8230;&#8230;&#8230;&#8230;&#8230;&#8230;&#8230;&#8230;&#8230;&#8230;&#8230;&#8230;&#8230;&#8230;&#8230;&#8230;&#8230;&#8230;&#8230;&#8230;&#8230;&#8230;<\/span><\/p>\n<p><a name=\"Helwig_tourtocht\"><\/a><\/p>\n<p><img loading=\"lazy\" class=\"lazy alignleft size-full wp-image-5346\" title=\"Titelbalk Helwig tourtocht\" alt=\"\" src=\"https:\/\/www.supportinglivestrong.nl\/supportinglivestrong\/wp-content\/plugins\/jquery-image-lazy-loading\/images\/grey.gif\" data-original=\"http:\/\/www.supportinglivestrong.nl\/supportinglivestrong\/wp-content\/uploads\/2010\/08\/TitelbalkLIVESTRONG_Helwig.jpg\" width=\"599\" height=\"63\" srcset=\"https:\/\/www.supportinglivestrong.nl\/supportinglivestrong\/wp-content\/uploads\/2010\/08\/TitelbalkLIVESTRONG_Helwig.jpg 749w, https:\/\/www.supportinglivestrong.nl\/supportinglivestrong\/wp-content\/uploads\/2010\/08\/TitelbalkLIVESTRONG_Helwig-300x31.jpg 300w\" sizes=\"(max-width: 599px) 100vw, 599px\" \/><noscript><img loading=\"lazy\" class=\"alignleft size-full wp-image-5346\" title=\"Titelbalk Helwig tourtocht\" alt=\"\" src=\"http:\/\/www.supportinglivestrong.nl\/supportinglivestrong\/wp-content\/uploads\/2010\/08\/TitelbalkLIVESTRONG_Helwig.jpg\" width=\"599\" height=\"63\" srcset=\"https:\/\/www.supportinglivestrong.nl\/supportinglivestrong\/wp-content\/uploads\/2010\/08\/TitelbalkLIVESTRONG_Helwig.jpg 749w, https:\/\/www.supportinglivestrong.nl\/supportinglivestrong\/wp-content\/uploads\/2010\/08\/TitelbalkLIVESTRONG_Helwig-300x31.jpg 300w\" sizes=\"(max-width: 599px) 100vw, 599px\" \/><\/noscript><\/p>\n<p style=\"text-align: left;\"><strong>Op 29 april 2012 werd er in Limburg een unieke tourtocht gereden<\/strong>, georganiseerd door Michel van Dijke van Helwig Timmerfabriek B.V. uit Geleen. De tourtocht werd gehouden worden onder de naam &#8216;Helwig Tourtocht&#8217; en stond in het geheel in het teken van LIVESTRONG.<\/p>\n<p><strong>Waarom een Helwig-Tourtocht voor LIVESTRONG?<\/strong><\/p>\n<p>Michel van Dijke, geboren, getogen en woonachtig in Geleen, is werkzaam als Timmerman, Arboco\u00f6rdinator en Jobcoach bij <span style=\"text-decoration: underline;\"><a href=\"http:\/\/www.helwig.nl\/\" target=\"_blank\"><span style=\"color: #993300;\">Helwig Timmerfabriek<\/span><\/a><\/span>. Dit bedrijf heeft onlangs de MVO-prijs (Maatschappelijk Verantwoord Ondernemen) gekregen.<\/p>\n<p>Michel vertelt: &#8216;Mijn hart ligt bij het wielrennen&#8230;&#8217; <span style=\"text-decoration: underline;\"><a href=\"http:\/\/www.supportinglivestrong.nl\/supportinglivestrong\/?p=5281\" target=\"_blank\"><span style=\"color: #993300;\">Lees meer &gt;&gt;<\/span><\/a><\/span><\/p>\n<p style=\"text-align: center;\"><span style=\"color: #999999;\"><span style=\"color: #000000;\">[Not a valid template]<\/span><\/span><\/p>\n<p><span>&#8230;&#8230;&#8230;&#8230;&#8230;&#8230;&#8230;&#8230;&#8230;&#8230;&#8230;&#8230;&#8230;&#8230;&#8230;&#8230;&#8230;&#8230;&#8230;&#8230;&#8230;&#8230;&#8230;&#8230;&#8230;&#8230;&#8230;&#8230;&#8230;&#8230;&#8230;&#8230;&#8230;&#8230;&#8230;&#8230;&#8230;&#8230;&#8230;&#8230;&#8230;&#8230;&#8230;&#8230;&#8230;&#8230;&#8230;&#8230;&#8230;&#8230;&#8230;&#8230;&#8230;&#8230;&#8230;&#8230;&#8230;&#8230;&#8230;&#8230;<\/span><\/p>\n<p style=\"text-align: left;\"><img loading=\"lazy\" class=\"lazy alignleft size-full wp-image-5773\" title=\"Titelbalk Klimmen\" alt=\"\" src=\"https:\/\/www.supportinglivestrong.nl\/supportinglivestrong\/wp-content\/plugins\/jquery-image-lazy-loading\/images\/grey.gif\" data-original=\"http:\/\/www.supportinglivestrong.nl\/supportinglivestrong\/wp-content\/uploads\/2010\/08\/TitelbalkKlimmen.jpg\" width=\"599\" height=\"63\" srcset=\"https:\/\/www.supportinglivestrong.nl\/supportinglivestrong\/wp-content\/uploads\/2010\/08\/TitelbalkKlimmen.jpg 749w, https:\/\/www.supportinglivestrong.nl\/supportinglivestrong\/wp-content\/uploads\/2010\/08\/TitelbalkKlimmen-300x31.jpg 300w\" sizes=\"(max-width: 599px) 100vw, 599px\" \/><noscript><img loading=\"lazy\" class=\"alignleft size-full wp-image-5773\" title=\"Titelbalk Klimmen\" alt=\"\" src=\"http:\/\/www.supportinglivestrong.nl\/supportinglivestrong\/wp-content\/uploads\/2010\/08\/TitelbalkKlimmen.jpg\" width=\"599\" height=\"63\" srcset=\"https:\/\/www.supportinglivestrong.nl\/supportinglivestrong\/wp-content\/uploads\/2010\/08\/TitelbalkKlimmen.jpg 749w, https:\/\/www.supportinglivestrong.nl\/supportinglivestrong\/wp-content\/uploads\/2010\/08\/TitelbalkKlimmen-300x31.jpg 300w\" sizes=\"(max-width: 599px) 100vw, 599px\" \/><\/noscript><\/p>\n<p style=\"text-align: left;\"><strong>LIVESTRONG_NL is ook bij KMK2012 aanwezig! <\/strong>Op zondag 22 april is voor de 30e keer de jaarlijkse toertocht, georganiseerd door <span style=\"text-decoration: underline;\"><a href=\"http:\/\/www.wtcklimmen.nl\/kmk-2012\/\" target=\"_blank\"><span style=\"color: #993300;\">WTCKlimmen<\/span><\/a><\/span>, in het Zuid-Limburgse landschap gereden. Het team van LIVESTRONG_NL was ook aanwezig bij deze tocht ter promotie van LIVESTRONG in Nederland en om fondsen te werven voor de strijd tegen kanker.<\/p>\n<p>Na 29 keer Klimmen-Banneux-Klimmen (KBK) te hebben georganiseerd, heeft de WTC Klimmen besloten vanaf 2012 te gaan voor een andere route. Dit jaar ging het naar Monschau: KMK2012!<\/p>\n<p>Voor de organisatie een mooie, nieuwe uitdaging, voor de deelnemers een unieke en afwisselende tocht door prachtige delen van het Belgisch\/Duitse Venn-gebied en delen van de Eifel. Uitdagend door de talrijke beklimmingen, boeiend door de vele mooie landschappen. Ook koos de organisatie weer voor een lange en een kortere tocht.<\/p>\n<p>De Nederlandse LIVESTRONG stichting bedankt de <span style=\"text-decoration: underline;\"><a href=\"http:\/\/www.wtcklimmen.nl\/kmk-2012\/\" target=\"_blank\"><span style=\"color: #993300;\">WTC Klimmen<\/span><\/a><\/span> organisatie dat zij hen een warm hart toe draagt en voor haar gastvrijheid. Daarnaast veel dank aan alle deelnemers voor hun gulle donaties! Kijk voor meer foto&#8217;s van het evenement op onze <span style=\"text-decoration: underline;\"><a href=\"http:\/\/ow.ly\/b1itm \" target=\"_blank\"><span style=\"color: #993300;\">Facebookpagina &gt;&gt;<\/span><\/a><\/span><\/p>\n<p style=\"text-align: center;\"><span style=\"color: #999999;\"><span style=\"color: #000000;\">[Not a valid template]<\/span><\/span><\/p>\n<p><span>&#8230;&#8230;&#8230;&#8230;&#8230;&#8230;&#8230;&#8230;&#8230;&#8230;&#8230;&#8230;&#8230;&#8230;&#8230;&#8230;&#8230;&#8230;&#8230;&#8230;&#8230;&#8230;&#8230;&#8230;&#8230;&#8230;&#8230;&#8230;&#8230;&#8230;&#8230;&#8230;&#8230;&#8230;&#8230;&#8230;&#8230;&#8230;&#8230;&#8230;&#8230;&#8230;&#8230;&#8230;&#8230;&#8230;&#8230;&#8230;&#8230;&#8230;&#8230;&#8230;&#8230;&#8230;&#8230;&#8230;&#8230;&#8230;&#8230;&#8230;<\/span><\/p>\n<p><a name=\"AGR_2012\"><\/a><\/p>\n<p style=\"text-align: left;\"><img loading=\"lazy\" class=\"lazy alignleft size-full wp-image-5670\" title=\"TitelbalkAGR\" alt=\"\" src=\"https:\/\/www.supportinglivestrong.nl\/supportinglivestrong\/wp-content\/plugins\/jquery-image-lazy-loading\/images\/grey.gif\" data-original=\"http:\/\/www.supportinglivestrong.nl\/supportinglivestrong\/wp-content\/uploads\/2010\/08\/TitelbalkAGR.jpg\" width=\"599\" height=\"63\" srcset=\"https:\/\/www.supportinglivestrong.nl\/supportinglivestrong\/wp-content\/uploads\/2010\/08\/TitelbalkAGR.jpg 749w, https:\/\/www.supportinglivestrong.nl\/supportinglivestrong\/wp-content\/uploads\/2010\/08\/TitelbalkAGR-300x31.jpg 300w\" sizes=\"(max-width: 599px) 100vw, 599px\" \/><noscript><img loading=\"lazy\" class=\"alignleft size-full wp-image-5670\" title=\"TitelbalkAGR\" alt=\"\" src=\"http:\/\/www.supportinglivestrong.nl\/supportinglivestrong\/wp-content\/uploads\/2010\/08\/TitelbalkAGR.jpg\" width=\"599\" height=\"63\" srcset=\"https:\/\/www.supportinglivestrong.nl\/supportinglivestrong\/wp-content\/uploads\/2010\/08\/TitelbalkAGR.jpg 749w, https:\/\/www.supportinglivestrong.nl\/supportinglivestrong\/wp-content\/uploads\/2010\/08\/TitelbalkAGR-300x31.jpg 300w\" sizes=\"(max-width: 599px) 100vw, 599px\" \/><\/noscript><\/p>\n<p style=\"text-align: left;\"><strong>Amstel Gold Race 2012: de Toerversie en de Race &#8211; <\/strong>De deelnemers van de toerversie van de Amstel Gold Race kregen voor het eerst te maken met slecht weer. Tot een uur of \u00e9\u00e9n werden de 12.000 deelnemers verwarmd door een voorjaarszon, toen sloeg het weer om. Stevige hagel- en regenbuien sloegen neer op het Zuid-Limburgse landschap. De rijwind, waardoor de spieren snel afkoelden, maakte het zeer zwaar voor de deelnemers.<\/p>\n<p>Eerst de Keutenberg op met een stijgingspercentage van 22%&#8230; Zeker door de kou kon niet iedereen hier fietsend naar boven\u00e2\u20ac\u00a6 Daarna een lange afdaling richting de voet van de Cauberg. Na de resterende meters komen de tenten in zicht. Ondanks herfstachtige omstandigheden waren ook dit jaar de deelnemers weer zeer enthousiast.<\/p>\n<p>&#8220;Het was deze keer zwaar. Maar uiteindelijk overheerst het leuke gevoel. Hier doe je het toch allemaal voor. Het is zo mooi in Limburg, het is onderweg echt genieten.&#8221;, zei een deelnemer bij aankomst.<\/p>\n<p>Ook voor ons LIVESTRONG NL team was het een verdienstelijk dag dankzij veel gulle donaties.<\/p>\n<p>Op zondag, tijdens de 47ste Amstel Gold Race is de italiaan Enrico Gasparotto de verrassende winnaar geworden. Op de Cauberg wist hij de op acht kilometer van de meet ontsnapte Oscar Freire (Katusha) in te halen. Het was een spannende wedstrijd. De Belg Jelle Vandendert (Lotto-Belisol) en de Slowaak Peter Sagan (Liquigas) stonden respectievelijk als tweede en derde op het podium.<\/p>\n<p style=\"text-align: center;\"><span style=\"color: #999999;\"><span style=\"color: #000000;\">[Not a valid template]<\/span><\/span><\/p>\n<p><span>&#8230;&#8230;&#8230;&#8230;&#8230;&#8230;&#8230;&#8230;&#8230;&#8230;&#8230;&#8230;&#8230;&#8230;&#8230;&#8230;&#8230;&#8230;&#8230;&#8230;&#8230;&#8230;&#8230;&#8230;&#8230;&#8230;&#8230;&#8230;&#8230;&#8230;&#8230;&#8230;&#8230;&#8230;&#8230;&#8230;&#8230;&#8230;&#8230;&#8230;&#8230;&#8230;&#8230;&#8230;&#8230;&#8230;&#8230;&#8230;&#8230;&#8230;&#8230;&#8230;&#8230;&#8230;&#8230;&#8230;&#8230;&#8230;&#8230;&#8230;<\/span><\/p>\n<p><a name=\"LIVESTRONG_Assembly_2012\"><\/a><\/p>\n<p style=\"text-align: left;\"><img loading=\"lazy\" class=\"lazy alignleft size-full wp-image-5598\" title=\"Titelbalk HQ\" alt=\"\" src=\"https:\/\/www.supportinglivestrong.nl\/supportinglivestrong\/wp-content\/plugins\/jquery-image-lazy-loading\/images\/grey.gif\" data-original=\"http:\/\/www.supportinglivestrong.nl\/supportinglivestrong\/wp-content\/uploads\/2010\/08\/TitelbalkHQ.jpg\" width=\"599\" height=\"63\" srcset=\"https:\/\/www.supportinglivestrong.nl\/supportinglivestrong\/wp-content\/uploads\/2010\/08\/TitelbalkHQ.jpg 749w, https:\/\/www.supportinglivestrong.nl\/supportinglivestrong\/wp-content\/uploads\/2010\/08\/TitelbalkHQ-300x31.jpg 300w\" sizes=\"(max-width: 599px) 100vw, 599px\" \/><noscript><img loading=\"lazy\" class=\"alignleft size-full wp-image-5598\" title=\"Titelbalk HQ\" alt=\"\" src=\"http:\/\/www.supportinglivestrong.nl\/supportinglivestrong\/wp-content\/uploads\/2010\/08\/TitelbalkHQ.jpg\" width=\"599\" height=\"63\" srcset=\"https:\/\/www.supportinglivestrong.nl\/supportinglivestrong\/wp-content\/uploads\/2010\/08\/TitelbalkHQ.jpg 749w, https:\/\/www.supportinglivestrong.nl\/supportinglivestrong\/wp-content\/uploads\/2010\/08\/TitelbalkHQ-300x31.jpg 300w\" sizes=\"(max-width: 599px) 100vw, 599px\" \/><\/noscript><\/p>\n<p style=\"text-align: left;\"><strong>LIVESTRONG&#8217;s State of the Foundation 2012<\/strong> &#8211; In de laatste week van maart waren enkele leden van LIVESTRONG_NL op het hoofdkantoor in Austin, Texas uitgenodigd. Naast diverse besprekingen vond er ook een &#8216;LIVESTRONG Assembly&#8217; (bijeenkomst) plaats met partner organisaties en andere genodigden. Onderstaande video&#8217;s zijn live opgenomen tijdens deze Assembly op 29 maart.<\/p>\n<p>LIVESTRONG&#8217;s President en CEO, Doug Ulman, sprak over hetgeen gepland staat voor 2012. O.a. uitbreiding van de mogelijkheden in de LIVESTRONG-navigatiecentra en de financiering van bewezen kankerprogramma&#8217;s ter ondersteuning van <span style=\"text-decoration: underline;\"><a href=\"http:\/\/livestrong.org\/What-We-Do\/Our-Actions\/Programs-Partnerships\/Anti-Stigma-Campaign\" target=\"_blank\"><span style=\"color: #993300;\">internationale anti-stigma campagnes<\/span><\/a><\/span>. LIVESTRONG hoofdkantoor heeft voor het komende jaar veel op de agenda staan!<\/p>\n<p style=\"text-align: center;\"><span style=\"color: #999999;\"><span style=\"color: #000000;\">[Not a valid template]<\/span><\/span><\/p>\n<p>Meer over de <span style=\"text-decoration: underline;\"><a href=\"http:\/\/www.supportinglivestrong.nl\/supportinglivestrong\/?p=5610\" target=\"_blank\">LIVESTRONG Assembly incl. video met Lance Armstrong &gt;&gt;<\/a><\/span><\/p>\n<p>&nbsp;<\/p>\n<p><span>&#8230;&#8230;&#8230;&#8230;&#8230;&#8230;&#8230;&#8230;&#8230;&#8230;&#8230;&#8230;&#8230;&#8230;&#8230;&#8230;&#8230;&#8230;&#8230;&#8230;&#8230;&#8230;&#8230;&#8230;&#8230;&#8230;&#8230;&#8230;&#8230;&#8230;&#8230;&#8230;&#8230;&#8230;&#8230;&#8230;&#8230;&#8230;&#8230;&#8230;&#8230;&#8230;&#8230;&#8230;&#8230;&#8230;&#8230;&#8230;&#8230;&#8230;&#8230;&#8230;&#8230;&#8230;&#8230;&#8230;&#8230;&#8230;&#8230;&#8230;<\/span><\/p>\n<p style=\"text-align: left;\"><a name=\"BodyAction_RPM\"><\/a><img loading=\"lazy\" class=\"lazy alignleft size-full wp-image-5489\" title=\"TitelbalkBodyAction\" alt=\"\" src=\"https:\/\/www.supportinglivestrong.nl\/supportinglivestrong\/wp-content\/plugins\/jquery-image-lazy-loading\/images\/grey.gif\" data-original=\"http:\/\/www.supportinglivestrong.nl\/supportinglivestrong\/wp-content\/uploads\/2010\/08\/TitelbalkBodyAction.jpg\" width=\"599\" height=\"63\" srcset=\"https:\/\/www.supportinglivestrong.nl\/supportinglivestrong\/wp-content\/uploads\/2010\/08\/TitelbalkBodyAction.jpg 749w, https:\/\/www.supportinglivestrong.nl\/supportinglivestrong\/wp-content\/uploads\/2010\/08\/TitelbalkBodyAction-300x31.jpg 300w\" sizes=\"(max-width: 599px) 100vw, 599px\" \/><noscript><img loading=\"lazy\" class=\"alignleft size-full wp-image-5489\" title=\"TitelbalkBodyAction\" alt=\"\" src=\"http:\/\/www.supportinglivestrong.nl\/supportinglivestrong\/wp-content\/uploads\/2010\/08\/TitelbalkBodyAction.jpg\" width=\"599\" height=\"63\" srcset=\"https:\/\/www.supportinglivestrong.nl\/supportinglivestrong\/wp-content\/uploads\/2010\/08\/TitelbalkBodyAction.jpg 749w, https:\/\/www.supportinglivestrong.nl\/supportinglivestrong\/wp-content\/uploads\/2010\/08\/TitelbalkBodyAction-300x31.jpg 300w\" sizes=\"(max-width: 599px) 100vw, 599px\" \/><\/noscript><\/p>\n<p style=\"text-align: left;\"><strong>De RPM Marathon en SH&#8217;BAM &amp; Zumba party<\/strong>, afgelopen maandag 2 april in Sport &amp; Health Center Body Action in Alkmaar, stond geheel in het teken van LIVESTRONG. Doel van dit evenement was om zoveel mogelijk geld in te zamelen voor LIVESTRONG_NL en het bewustzijn voor de strijd tegen kanker (awareness) te vergroten en mensen te informeren wat men kan doen om het risico op kanker te verlagen<\/p>\n<p style=\"text-align: left;\">Meer dan 120 deelnemers konden kennismaken met de nieuwste muziek en choreo&#8217;s uit de wereld van Les Mills of meedansen in de Zumba. Ook kon men meefietsen in een RPM marathon. Het event werd georganiseerd door het team van <span style=\"text-decoration: underline;\"><a href=\"http:\/\/www.bodyaction.nl\/alkmaar\" target=\"_blank\"><span style=\"color: #993300;\">Sport &amp; Health Center Body Action<\/span><\/a><\/span> onder leiding van o.a. Priscilla van Duijvenbode en Pablo Bontes en was ten behoeve van LIVESTRONG_NL die zich ook inzet voor Nederlandse kankerpati\u00ebnten.<\/p>\n<p style=\"text-align: left;\">Een groot deel van de opbrengst van deze RPM marathon &amp; Zumba party wordt gestoken in de verdere ontwikkeling van <span style=\"text-decoration: underline;\"><a href=\"http:\/\/www.hyperthermie.nl\/\" target=\"_blank\"><span style=\"color: #993300;\">hyperthermie<\/span><\/a><\/span>. Hyperthermie is een behandelvorm waarbij kankercellen gedood worden door ze te verwarmen. Voordelen zijn: meer kans op genezing, een hogere kwaliteit van leven en minder bijwerkingen dan chemotherapie.<\/p>\n<p style=\"text-align: center;\"><span style=\"color: #999999;\"><span style=\"color: #000000;\">[Not a valid template]<\/span><\/span><\/p>\n<p style=\"text-align: left;\"><span style=\"color: #999999;\"><span style=\"color: #ffffff;\">.<\/span><\/span><\/p>\n<p style=\"text-align: left;\"><span style=\"color: #999999;\"><span style=\"color: #000000;\">Sta stil bij deze vreselijke ziekte, maar kom ook in actie! Steun de strijd tegen kanker en doe mee aan ons volgende event. Kijk voor meer foto&#8217;s van het event op onze <span style=\"text-decoration: underline;\"><a href=\"http:\/\/www.facebook.com\/media\/set\/?set=a.354799577900190.76932.183953221651494&amp;type=3\" target=\"_blank\"><span style=\"color: #993300;\">Facebookpagina &gt;&gt;<\/span><\/a><\/span><\/span><\/span><\/p>\n<p><span>&#8230;&#8230;&#8230;&#8230;&#8230;&#8230;&#8230;&#8230;&#8230;&#8230;&#8230;&#8230;&#8230;&#8230;&#8230;&#8230;&#8230;&#8230;&#8230;&#8230;&#8230;&#8230;&#8230;&#8230;&#8230;&#8230;&#8230;&#8230;&#8230;&#8230;&#8230;&#8230;&#8230;&#8230;&#8230;&#8230;&#8230;&#8230;&#8230;&#8230;&#8230;&#8230;&#8230;&#8230;&#8230;&#8230;&#8230;&#8230;&#8230;&#8230;&#8230;&#8230;&#8230;&#8230;&#8230;&#8230;&#8230;&#8230;&#8230;&#8230;<\/span><\/p>\n<p><a name=\"HuisvoordeSport_Start2Bike\"><\/a><\/p>\n<p><img loading=\"lazy\" class=\"lazy alignleft size-full wp-image-5543\" title=\"Huis voor de Sport Limburg\" alt=\"\" src=\"https:\/\/www.supportinglivestrong.nl\/supportinglivestrong\/wp-content\/plugins\/jquery-image-lazy-loading\/images\/grey.gif\" data-original=\"http:\/\/www.supportinglivestrong.nl\/supportinglivestrong\/wp-content\/uploads\/2010\/08\/TitelbalkHvdS02.jpg\" width=\"599\" height=\"63\" srcset=\"https:\/\/www.supportinglivestrong.nl\/supportinglivestrong\/wp-content\/uploads\/2010\/08\/TitelbalkHvdS02.jpg 749w, https:\/\/www.supportinglivestrong.nl\/supportinglivestrong\/wp-content\/uploads\/2010\/08\/TitelbalkHvdS02-300x31.jpg 300w\" sizes=\"(max-width: 599px) 100vw, 599px\" \/><noscript><img loading=\"lazy\" class=\"alignleft size-full wp-image-5543\" title=\"Huis voor de Sport Limburg\" alt=\"\" src=\"http:\/\/www.supportinglivestrong.nl\/supportinglivestrong\/wp-content\/uploads\/2010\/08\/TitelbalkHvdS02.jpg\" width=\"599\" height=\"63\" srcset=\"https:\/\/www.supportinglivestrong.nl\/supportinglivestrong\/wp-content\/uploads\/2010\/08\/TitelbalkHvdS02.jpg 749w, https:\/\/www.supportinglivestrong.nl\/supportinglivestrong\/wp-content\/uploads\/2010\/08\/TitelbalkHvdS02-300x31.jpg 300w\" sizes=\"(max-width: 599px) 100vw, 599px\" \/><\/noscript><\/p>\n<p><strong>Het Huis voor de Sport Limburg<\/strong> en onze Nederlandse LIVESTRONG stichting gingen vanaf maart 2012 een partnership aan. Dit resulteerde in eerste instantie in een samenwerking binnen het project Start2Bike, een Limburgs sportstimuleringsproject gericht op beginnende en matig- gevorderde mountainbikers en wielrenners met als doel zoveel mogelijk Limburgers aan het fietsen te krijgen en houden. Gedurende 4 weken krijgen de deelnemers aan Start2Bike de juiste kneepjes van de sport aangeleerd. In het kader van de samenwerking maakt het Huis voor de Sport per Start2Bike inschrijving \u20ac2,50 over aan <span style=\"text-align: left;\">LIVESTRONG_NL<\/span>. Hiervoor in de plaats krijgt elke deelnemer het wereldberoemde gele Livestrong armbandje en daarnaast zetten we ons <span style=\"text-align: left;\">LIVESTRONG<\/span> promoteam in om deelnemers in Limburg te werven voor de Start2Bike projecten.<\/p>\n<p>Ook zal <span style=\"text-align: left;\">LIVESTRONG_NL<\/span> haar bijdrage leveren tijdens de breedtesportdag van het WK Wielrennen in september 2012 door aanwezig te zijn met een stand en (voormalig) profrenner. Volgens Jack Opgenoord, directeur van het <span style=\"text-decoration: underline;\"><a href=\"http:\/\/hvdsl.nl\/\" target=\"_blank\"><span style=\"color: #993300;\">Huis voor de Sport Limburg<\/span><\/a><\/span> vullen beide organisaties elkaar prima aan. &#8220;Wij willen graag zoveel mogelijk Limburgers aan het sporten en bewegen krijgen en houden waaronder fietsen en denken dat een mooi merk als Livestrong hier een bijdrage aan kan leveren binnen een aantal sportstimuleringsprojecten. Daarnaast kunnen wij <span style=\"text-align: left;\">LIVESTRONG<\/span> in Limburg ondersteunen in het bereiken van hun doelstellingen&#8221;\u009d. Weisz, bestuurslid van de Nederlandse <span style=\"text-align: left;\">LIVESTRONG<\/span> stichting legt uit wat de doelstellingen zijn. &#8220;We willen de bewustwording voor het kankerprobleem in Nederland verhogen en geld bij elkaar brengen om voor een belangrijk deel Nederlandse kankerprojecten te ondersteunen, zoals de ontwikkeling van de behandelmethode <span style=\"text-decoration: underline;\"><a href=\"http:\/\/www.hyperthermie.nl\/\" target=\"_blank\"><span style=\"color: #993300;\">hyperthermie<\/span><\/a><\/span>. Daarnaast vinden we het belangrijk om mensen te informeren over wat men kan doen om het risico op kanker te verlagen. Door deze samenwerking verhogen we niet alleen onze naamsbekendheid in Limburg, maar hopen we ook in het kader van een gezondere leefstijl een positieve rol te kunnen spelen binnen het project Start2Bike&#8221;.<\/p>\n<p>Meer informatie over Start2Bike is te vinden op <span style=\"text-decoration: underline;\"><a href=\"http:\/\/www.start2bike.nl\/\" target=\"_blank\"><span style=\"color: #993300;\">www.start2bike.nl<\/span><\/a><\/span><\/p>\n<p style=\"text-align: center;\"><span style=\"color: #999999;\"><span style=\"color: #000000;\">[Not a valid template]<\/span><\/span><\/p>\n<p style=\"text-align: left;\"><span style=\"color: #999999;\"><span style=\"color: #ffffff;\">.<\/span><\/span><\/p>\n<p><span>&#8230;&#8230;&#8230;&#8230;&#8230;&#8230;&#8230;&#8230;&#8230;&#8230;&#8230;&#8230;&#8230;&#8230;&#8230;&#8230;&#8230;&#8230;&#8230;&#8230;&#8230;&#8230;&#8230;&#8230;&#8230;&#8230;&#8230;&#8230;&#8230;&#8230;&#8230;&#8230;&#8230;&#8230;&#8230;&#8230;&#8230;&#8230;&#8230;&#8230;&#8230;&#8230;&#8230;&#8230;&#8230;&#8230;&#8230;&#8230;&#8230;&#8230;&#8230;&#8230;&#8230;&#8230;&#8230;&#8230;&#8230;&#8230;&#8230;&#8230;<\/span><br \/>\n<a name=\"Impuls_RPM\"><\/a><\/p>\n<p style=\"text-align: left;\"><img loading=\"lazy\" class=\"lazy alignleft size-full wp-image-5259\" title=\"LIVESTRONG Impuls\" alt=\"\" src=\"https:\/\/www.supportinglivestrong.nl\/supportinglivestrong\/wp-content\/plugins\/jquery-image-lazy-loading\/images\/grey.gif\" data-original=\"http:\/\/www.supportinglivestrong.nl\/supportinglivestrong\/wp-content\/uploads\/2010\/08\/TitelbalkLIVESTRONGImpuls02.jpg\" width=\"599\" height=\"63\" srcset=\"https:\/\/www.supportinglivestrong.nl\/supportinglivestrong\/wp-content\/uploads\/2010\/08\/TitelbalkLIVESTRONGImpuls02.jpg 749w, https:\/\/www.supportinglivestrong.nl\/supportinglivestrong\/wp-content\/uploads\/2010\/08\/TitelbalkLIVESTRONGImpuls02-300x31.jpg 300w\" sizes=\"(max-width: 599px) 100vw, 599px\" \/><noscript><img loading=\"lazy\" class=\"alignleft size-full wp-image-5259\" title=\"LIVESTRONG Impuls\" alt=\"\" src=\"http:\/\/www.supportinglivestrong.nl\/supportinglivestrong\/wp-content\/uploads\/2010\/08\/TitelbalkLIVESTRONGImpuls02.jpg\" width=\"599\" height=\"63\" srcset=\"https:\/\/www.supportinglivestrong.nl\/supportinglivestrong\/wp-content\/uploads\/2010\/08\/TitelbalkLIVESTRONGImpuls02.jpg 749w, https:\/\/www.supportinglivestrong.nl\/supportinglivestrong\/wp-content\/uploads\/2010\/08\/TitelbalkLIVESTRONGImpuls02-300x31.jpg 300w\" sizes=\"(max-width: 599px) 100vw, 599px\" \/><\/noscript><\/p>\n<p style=\"text-align: left;\"><strong>Deze RPM RIDE &amp; LIVESTRONG Marathon<\/strong> bij <span style=\"text-decoration: underline;\"><a href=\"http:\/\/www.sportcentrumimpuls.nl\/livestrong.html\" target=\"_blank\"><span style=\"color: #993300;\">Sportcentrum Impuls<\/span><\/a><\/span> in Oosterwolde was een uitdagend en uniek programma. Doel van deze RPM Ride was om zoveel mogelijk geld in te zamelen voor LIVESTRONG_NL en de strijd tegen kanker. Het was een zeer succesvol evenement met meer dan 150 deelnemers.<\/p>\n<p>De RPM Ride werd georganiseerd door een team van enthousiaste Les Mills instructeurs van Impuls: <span style=\"color: #993300;\"><span style=\"text-decoration: underline;\"><a href=\"http:\/\/www.facebook.com\/people\/Ronald-Dekker\/100001942872637\" target=\"_blank\"><span style=\"color: #993300;\">Ronald Dekker<\/span><\/a><\/span><\/span>, <span style=\"text-decoration: underline;\"><a href=\"http:\/\/lecoqsportif.hyves.nl\/#publicgroups_default_redesign_1=1&amp;mb=1435853956.0.%7C6%7C%7C1509306%7C%7C%7C8%7C%7C1435853956%7CRB6o%7C&amp;__state__=1\" target=\"_blank\"><span style=\"color: #993300;\">Ger de Haan<\/span><\/a><\/span> en <span style=\"color: #993300;\"><span style=\"text-decoration: underline;\"><a href=\"https:\/\/twitter.com\/#!\/KlaasKye\" target=\"_blank\"><span style=\"color: #993300;\">Klaas Visser<\/span><\/a><\/span><\/span>.<\/p>\n<p>Alle donaties komen ten goede aan onze stichting die zich ook voor de Nederlandse kankerpati\u00ebnt inzet. Een groot deel van de opbrengst zal worden gestoken in de verdere ontwikkeling van hyperthermie. <span style=\"text-decoration: underline;\"><a href=\"http:\/\/www.hyperthermie.nl\/\" target=\"_blank\"><span style=\"color: #993300;\">Hyperthermie<\/span><\/a><\/span> is een behandelvorm waarbij kankercellen gedood worden door ze te verwarmen. Voordelen zijn: meer kans op genezing, een hogere kwaliteit van leven en minder bijwerkingen dan chemotherapie.<\/p>\n<p>Voor een kort verslag en foto&#8217;s van deze succesvolle dag met meer dan 150 deelnemers en een geweldige opbrengst <span style=\"text-decoration: underline;\"><a href=\"http:\/\/www.supportinglivestrong.nl\/supportinglivestrong\/?p=5426\" target=\"_blank\"><span style=\"color: #993300;\">lees je hier meer &gt;&gt;<\/span><\/a><\/span><\/p>\n<p>&nbsp;<\/p>\n<p><span style=\"color: #ffffff;\"> .<\/span><\/p>\n<p style=\"text-align: center;\"><span style=\"color: #999999;\"><span style=\"color: #000000;\">[Not a valid template]<\/span><\/span><\/p>\n<p><span>&#8230;&#8230;&#8230;&#8230;&#8230;&#8230;&#8230;&#8230;&#8230;&#8230;&#8230;&#8230;&#8230;&#8230;&#8230;&#8230;&#8230;&#8230;&#8230;&#8230;&#8230;&#8230;&#8230;&#8230;&#8230;&#8230;&#8230;&#8230;&#8230;&#8230;&#8230;&#8230;&#8230;&#8230;&#8230;&#8230;&#8230;&#8230;&#8230;&#8230;&#8230;&#8230;&#8230;&#8230;&#8230;&#8230;&#8230;&#8230;&#8230;&#8230;&#8230;&#8230;&#8230;&#8230;&#8230;&#8230;&#8230;&#8230;&#8230;&#8230;<\/span><\/p>\n<p style=\"text-align: left;\"><a href=\"http:\/\/www.deltaridefortheroses.nl\/\" target=\"_blank\"><img loading=\"lazy\" class=\"lazy alignleft size-full wp-image-4933\" title=\"LIVESTRONG bestaat 15 jr.\" alt=\"\" src=\"https:\/\/www.supportinglivestrong.nl\/supportinglivestrong\/wp-content\/plugins\/jquery-image-lazy-loading\/images\/grey.gif\" data-original=\"http:\/\/www.supportinglivestrong.nl\/supportinglivestrong\/wp-content\/uploads\/2010\/08\/Titelbalk15jrLIVESTRONG.jpg\" width=\"599\" height=\"63\" srcset=\"https:\/\/www.supportinglivestrong.nl\/supportinglivestrong\/wp-content\/uploads\/2010\/08\/Titelbalk15jrLIVESTRONG.jpg 749w, https:\/\/www.supportinglivestrong.nl\/supportinglivestrong\/wp-content\/uploads\/2010\/08\/Titelbalk15jrLIVESTRONG-300x31.jpg 300w\" sizes=\"(max-width: 599px) 100vw, 599px\" \/><noscript><img loading=\"lazy\" class=\"alignleft size-full wp-image-4933\" title=\"LIVESTRONG bestaat 15 jr.\" alt=\"\" src=\"http:\/\/www.supportinglivestrong.nl\/supportinglivestrong\/wp-content\/uploads\/2010\/08\/Titelbalk15jrLIVESTRONG.jpg\" width=\"599\" height=\"63\" srcset=\"https:\/\/www.supportinglivestrong.nl\/supportinglivestrong\/wp-content\/uploads\/2010\/08\/Titelbalk15jrLIVESTRONG.jpg 749w, https:\/\/www.supportinglivestrong.nl\/supportinglivestrong\/wp-content\/uploads\/2010\/08\/Titelbalk15jrLIVESTRONG-300x31.jpg 300w\" sizes=\"(max-width: 599px) 100vw, 599px\" \/><\/noscript><\/a><\/p>\n<p style=\"text-align: left;\"><strong>LIVESTRONG bestaat 15 jaar<\/strong> &#8211; LIVESTRONG, de non-profit organisatie opgericht door kanker&#8217;survivor&#8217; en wielerkampioen Lance Armstrong, vierde haar 15 jarig bestaan in het ondersteunen van mensen die getroffen zijn door kanker en hen empowerment (zelfmanagement) te geven om actie te ondernemen tegen &#8216;s werelds grootste doodsoorzaak.<\/p>\n<p>Sinds haar oprichting als de Lance Armstrong Foundation in 1997, heeft de non-profit organisatie 157 miljoen dollar ge\u00efnvesteerd in programma&#8217;s die overlevenden helpen, 85 miljoen dollar aan (wetenschappelijke) beurzen en awards besteed en 33 miljoen dollar om te pleiten voor het beleid en de financiering die voortuitgang in de strijd tegen &#8216;s werelds grootste doodsoorzaak bevorderen. Nu publiekelijk bekend door zijn krachtig merk, is LIVESTRONG een leider in de wereldwijde beweging ten behoeve van 28 miljoen mensen over de hele wereld, die leven met kanker.<\/p>\n<p>&#8220;De strijd tegen kanker gebeurt niet alleen in een laboratorium of in een ziekenhuis. Het gebeurt in onze huizen, op onze werkplekken, op onze scholen en in gezinnen die worstelen met de gevolgen van de diagnose kanker&#8221;, zegt Lance Armstrong, LIVESTRONG oprichter en voorzitter. &#8220;Vijftien jaar geleden, hebben we een stichting opgericht om kankeronderzoek te steunen. Na verloop van tijd, beseften we dat er niet genoeg werd gedaan om de mensen en gezinnen te helpen om te gaan met de vele uitdagingen die gepaard gaan met kanker. Vandaag de dag, zijn dat de mensen die wij helpen. Ik ben iedereen dankbaar die ons werk in hun naam ondersteund en ik dank u voor uw blijvende steun.&#8221;<\/p>\n<p>&nbsp;<\/p>\n<p>Bekijk de video en lees het<a href=\"http:\/\/www.supportinglivestrong.nl\/supportinglivestrong\/?p=4924\" target=\"_blank\"><span style=\"color: #993300;\">volledige persbericht (engels)&gt;&gt;<\/span><\/a><\/p>\n<p><span style=\"text-decoration: underline;\"><a href=\"http:\/\/www.livestrong.org\/Who-We-Are\/Our-Strength\/Financial-Information\" target=\"_blank\"><span style=\"color: #993300;\">Voor jaarrekeningen en jaarverslagen ga naar LIVESTRONG.org &gt;&gt;<\/span><\/a><\/span><\/p>\n<p><span style=\"color: #ffffff;\">.<\/span><\/p>\n<p><em> bron: LIVESTRONG.org<\/em><\/p>\n<p style=\"text-align: center;\">[Not a valid template]<span style=\"color: #000000;\">&#8230;&#8230;&#8230;&#8230;&#8230;&#8230;&#8230;&#8230;&#8230;&#8230;&#8230;&#8230;&#8230;&#8230;&#8230;&#8230;&#8230;&#8230;&#8230;&#8230;&#8230;&#8230;&#8230;&#8230;&#8230;&#8230;&#8230;&#8230;&#8230;&#8230;&#8230;&#8230;&#8230;&#8230;&#8230;&#8230;&#8230;&#8230;&#8230;&#8230;&#8230;&#8230;&#8230;&#8230;&#8230;&#8230;&#8230;&#8230;&#8230;&#8230;&#8230;&#8230;&#8230;&#8230;&#8230;&#8230;&#8230;&#8230;&#8230;&#8230;<\/span><\/p>\n<p><a name=\"Medifit_Breda_RPM\"><\/a><\/p>\n<p style=\"text-align: left;\"><img loading=\"lazy\" class=\"lazy alignleft size-full wp-image-4782\" title=\"Titelbalk LIVESTRONG HQ 2012\" alt=\"\" src=\"https:\/\/www.supportinglivestrong.nl\/supportinglivestrong\/wp-content\/plugins\/jquery-image-lazy-loading\/images\/grey.gif\" data-original=\"http:\/\/www.supportinglivestrong.nl\/supportinglivestrong\/wp-content\/uploads\/2010\/08\/TitelbalkLSHQ2012.jpg\" width=\"599\" height=\"63\" srcset=\"https:\/\/www.supportinglivestrong.nl\/supportinglivestrong\/wp-content\/uploads\/2010\/08\/TitelbalkLSHQ2012.jpg 749w, https:\/\/www.supportinglivestrong.nl\/supportinglivestrong\/wp-content\/uploads\/2010\/08\/TitelbalkLSHQ2012-300x31.jpg 300w\" sizes=\"(max-width: 599px) 100vw, 599px\" \/><noscript><img loading=\"lazy\" class=\"alignleft size-full wp-image-4782\" title=\"Titelbalk LIVESTRONG HQ 2012\" alt=\"\" src=\"http:\/\/www.supportinglivestrong.nl\/supportinglivestrong\/wp-content\/uploads\/2010\/08\/TitelbalkLSHQ2012.jpg\" width=\"599\" height=\"63\" srcset=\"https:\/\/www.supportinglivestrong.nl\/supportinglivestrong\/wp-content\/uploads\/2010\/08\/TitelbalkLSHQ2012.jpg 749w, https:\/\/www.supportinglivestrong.nl\/supportinglivestrong\/wp-content\/uploads\/2010\/08\/TitelbalkLSHQ2012-300x31.jpg 300w\" sizes=\"(max-width: 599px) 100vw, 599px\" \/><\/noscript><\/p>\n<p style=\"text-align: left;\"><strong>L<\/strong><strong>IVESTRONG_NL is uitgenodigd door LIVESTRONG hoofdkantoor in Austin, Texas<\/strong> &#8211; Verheugd melden wij dat wij zijn uitgenodigd door het LIVESTRONG-hoofdkantoor voor diverse besprekingen in maart 2012 in Austin, Texas. Ook o.a. het Australische en het Japanse LIVESTRONG team zullen aanwezig zijn.<\/p>\n<p>Ons LIVESTRONG team zal zijn aandacht in het komende jaar vooral op de Nederlandse kankerpatient en Nederlandse kankerprojecten richten. Ook is LIVESTRONG_NL bezig nieuwe mensen aan het team toe te voegen en de partnerships voor 2012 uit te breiden.<\/p>\n<p>D. Weisz, van de Nederlandse stichting, meldt dat LIVESTRONG_NL zich in overleg met het LIVESTRONG-hoofdkantoor zal richten op de Nederlandse kankerpatient. &#8221;We hebben <span style=\"text-decoration: underline;\"><a href=\"http:\/\/www.supportinglivestrong.nl\/supportinglivestrong\/?page_id=27\" target=\"_blank\"><span style=\"color: #993300;\">een aantal doelen<\/span><\/a><\/span>. We willen de Nederlandse kankerpatient en -survivor ondersteunen. We willen ons, in de verschillende regio&#8217;s, richten op het vergroten van het bewustzijn voor de strijd tegen kanker (awareness) en wat men kan doen om het risico op kanker te verlagen. Daarnaast gaan we fondsen werven voor wetenschappelijk onderzoek in Nederland, waardoor de kans op genezing van kanker zal toenemen en er betere therapie\u00c3\u00abn beschikbaar komen, zoals o.a. <span style=\"text-decoration: underline;\"><a href=\"http:\/\/www.hyperthermie.nl\/\" target=\"_blank\"><span style=\"color: #993300;\">Hyperthermie<\/span><\/a><\/span>.<\/p>\n<p>Ook zijn wij zeer verheugd dat wij in 2012 opnieuw samenwerken met <span style=\"text-decoration: underline;\"><span style=\"color: #993300;\"><a href=\"http:\/\/www.deltaridefortheroses.nl\/informatie\/livestrong.htm\" target=\"_blank\"><span style=\"color: #993300;\">Ride for the Roses Zeeland<\/span><\/a><\/span><\/span>, wiens fondsen ten bate komen van het <span style=\"text-decoration: underline;\"><a href=\"http:\/\/www.kwfkankerbestrijding.nl\/Pages\/Home.aspx\" target=\"_blank\"><span style=\"color: #993300;\">KWF<\/span><\/a><\/span> (zie ook bericht op <span style=\"text-decoration: underline;\"><a href=\"http:\/\/www.ridefortheroses.nl\/index.php?pageId=2\" target=\"_blank\"><span style=\"color: #993300;\">website van Ride for the Roses<\/span><\/a><\/span>).<\/p>\n<p>Tenslotte gaat er een jaarlijkse donatie naar het LIVESTRONG-hoofdkantoor in Austin, Texas. De hoogte van deze donatie wordt per jaar vastgesteld en komt ten goede aan <span style=\"text-decoration: underline;\"><a href=\"http:\/\/www.supportinglivestrong.nl\/supportinglivestrong\/?p=4794\" target=\"_blank\"><span style=\"color: #993300;\">de internationale LIVESTRONG projecten<\/span><\/a><\/span>.&#8221;\u009d<\/p>\n<p style=\"text-align: center;\">[Not a valid template]<\/p>\n<p style=\"text-align: center;\"><span style=\"color: #000000;\">&#8230;&#8230;&#8230;&#8230;&#8230;&#8230;&#8230;&#8230;&#8230;&#8230;&#8230;&#8230;&#8230;&#8230;&#8230;&#8230;&#8230;&#8230;&#8230;&#8230;&#8230;&#8230;&#8230;&#8230;&#8230;&#8230;&#8230;&#8230;&#8230;&#8230;&#8230;&#8230;&#8230;&#8230;&#8230;&#8230;&#8230;&#8230;&#8230;&#8230;&#8230;&#8230;&#8230;&#8230;&#8230;&#8230;&#8230;&#8230;&#8230;&#8230;&#8230;&#8230;&#8230;&#8230;&#8230;&#8230;&#8230;&#8230;&#8230;&#8230;<\/span><\/p>\n<p style=\"text-align: left;\"><span style=\"color: #ffffff;\">.<\/span><\/p>\n<p><span style=\"color: #993300;\"><a href=\"http:\/\/www.supportinglivestrong.nl\/supportinglivestrong\/?page_id=7524\" target=\"_blank\"><span style=\"text-decoration: underline; color: #993300;\">Nieuwsarchief 2011\u00a0&gt;&gt;<\/span><\/a><\/span><\/p>\n<div><span style=\"color: #ffffff;\">.<\/span><\/div>\n<p><a title=\".\"><img alt=\"Web Statistics\" class=\"lazy \" src=\"https:\/\/www.supportinglivestrong.nl\/supportinglivestrong\/wp-content\/plugins\/jquery-image-lazy-loading\/images\/grey.gif\" data-original=\"http:\/\/static.getclicky.com\/media\/links\/badge.gif\" border=\"0\" \/><noscript><img alt=\"Web Statistics\" src=\"http:\/\/static.getclicky.com\/media\/links\/badge.gif\" border=\"0\" \/><\/noscript><\/a><br \/>\n<script type=\"text\/javascript\" src=\"http:\/\/static.getclicky.com\/js\"><\/script><script type=\"text\/javascript\">\/\/ <![CDATA[\nclicky.init(242152);\n\/\/ ]]><\/script><\/p>\n","protected":false},"excerpt":{"rendered":"<p>Van 27 t\/m 30 december 2012 werden de Nederlandse kampioenschappen baanwielrennen georganiseerd op de baan van Omnisport in Apeldoorn. &#8211; Omnisport Apeldoorn was na 2008, 2010 en 2011 wederom gastheer van de Nederlandse Kampioenschappen baanwielrennen. Ook in 2012 was er een sterke bezetting net zoals tijdens eerdere edities. Nederlands beste baanrenners streden om de verschillende [&hellip;]<\/p>\n","protected":false},"author":2,"featured_media":0,"parent":8128,"menu_order":0,"comment_status":"closed","ping_status":"closed","template":"","meta":{"ngg_post_thumbnail":0},"_links":{"self":[{"href":"https:\/\/www.supportinglivestrong.nl\/supportinglivestrong\/wp-json\/wp\/v2\/pages\/8118"}],"collection":[{"href":"https:\/\/www.supportinglivestrong.nl\/supportinglivestrong\/wp-json\/wp\/v2\/pages"}],"about":[{"href":"https:\/\/www.supportinglivestrong.nl\/supportinglivestrong\/wp-json\/wp\/v2\/types\/page"}],"author":[{"embeddable":true,"href":"https:\/\/www.supportinglivestrong.nl\/supportinglivestrong\/wp-json\/wp\/v2\/users\/2"}],"replies":[{"embeddable":true,"href":"https:\/\/www.supportinglivestrong.nl\/supportinglivestrong\/wp-json\/wp\/v2\/comments?post=8118"}],"version-history":[{"count":0,"href":"https:\/\/www.supportinglivestrong.nl\/supportinglivestrong\/wp-json\/wp\/v2\/pages\/8118\/revisions"}],"up":[{"embeddable":true,"href":"https:\/\/www.supportinglivestrong.nl\/supportinglivestrong\/wp-json\/wp\/v2\/pages\/8128"}],"wp:attachment":[{"href":"https:\/\/www.supportinglivestrong.nl\/supportinglivestrong\/wp-json\/wp\/v2\/media?parent=8118"}],"curies":[{"name":"wp","href":"https:\/\/api.w.org\/{rel}","templated":true}]}}